{"id":39570,"date":"2018-04-25T09:41:05","date_gmt":"2018-04-25T13:41:05","guid":{"rendered":"https:\/\/cifar661.wpengine.com\/research-programs\/"},"modified":"2026-03-24T13:35:34","modified_gmt":"2026-03-24T17:35:34","slug":"programmes-de-recherche","status":"publish","type":"page","link":"https:\/\/cifar.ca\/fr\/programmes-de-recherche\/","title":{"rendered":"Programmes de recherche"},"content":{"rendered":"\n\n\t\t\t<h2>\n\t\t\tSuivez-nous\t\t<\/h2>\n\t\t<button class='connect square balloon white-transparent facebook left' data-url='https:\/\/www.facebook.com\/CIFAR\/' aria-haspopup=\"false\"   aria-label='Suis nous surFaceBook' data-balloon-pos='right'>\n\t\t\tFaceBook\n\t\t<\/button>\n\t\t<button class='connect square balloon white-transparent twitter' data-url='https:\/\/twitter.com\/nouvelles_CIFAR' aria-haspopup=\"false\"   aria-label='Suis nous surTwitter' data-balloon-pos='right'>\n\t\t\tTwitter\n\t\t<\/button>\n\t\t<button class='connect square balloon white-transparent youtube left' data-url='https:\/\/www.youtube.com\/channel\/UCZj1nnTIiutUjEg-22e8UTA' aria-haspopup=\"false\"   aria-label='Suis nous surYouTube' data-balloon-pos='right'>\n\t\t\tYouTube\n\t\t<\/button>\n\t\t<button class='connect square balloon white-transparent linkedin' data-url='https:\/\/ca.linkedin.com\/company\/canadian-institute-for-advanced-research' aria-haspopup=\"false\"   aria-label='Suis nous surLinkedIn' data-balloon-pos='right'>\n\t\t\tLinkedIn\n\t\t<\/button>\n\t\t<button class='connect square balloon white-transparent instagram left' data-url='https:\/\/www.instagram.com\/cifar.ca_fr\/' aria-haspopup=\"false\"   aria-label='Suis nous surInstagram' data-balloon-pos='right'>\n\t\t\tInstagram\n\t\t<\/button>\n\n\t\t\t\t<img loading=\"lazy\" decoding=\"async\" src=\"https:\/\/cifar.ca\/wp-content\/uploads\/2020\/09\/lines-for-web-2.0-small-01.png\" alt=\"smaller line_two\" itemprop=\"image\" height=\"34\" width=\"34\" title=\"lines for web 2.0 small -01\" onerror=\"this.style.display='none'\"  \/>\t\t\t\t\t\n\t<h2>NOTRE APPROCHE<\/h2>\n<h3>Nous rassemblons de brillants cerveaux pour aborder les questions les plus importantes auxquelles font face la science et l&rsquo;humanit\u00e9.<\/h3>\n<p>Les programmes de recherche du CIFAR rassemblent des chercheurs interdisciplinaires d&rsquo;envergure mondiale qui travaillent ensemble pendant cinq ans. Un directeur ou deux codirecteurs dirigent des programmes qui comptent chacun environ 20 \u00e0 40\u00a0membres et sp\u00e9cialistes-conseils\u00a0du monde entier, ainsi que deux ou trois\u00a0membres du programme de chercheurs mondiaux CIFAR-Azrieli qui ont un mandat de deux ans.<\/p>\n<p>Les programmes de recherche du CIFAR produisent un impact au-del\u00e0 du milieu universitaire gr\u00e2ce \u00e0 une strat\u00e9gie hautement collaborative. Les domaines vis\u00e9s par cet impact se d\u00e9gagent de la programmation de recherche principale des programmes, et la strat\u00e9gie repose sur un \u00e9change it\u00e9ratif et \u00e0 long terme d&rsquo;id\u00e9es et de perspectives entre les membres des programmes et les parties prenantes non universitaires.<\/p>\n\t\t\t\t<img loading=\"lazy\" decoding=\"async\" src=\"https:\/\/cifar.ca\/wp-content\/uploads\/2020\/09\/lines-for-web-2.0-small-01.png\" alt=\"smaller line_two\" itemprop=\"image\" height=\"34\" width=\"34\" title=\"lines for web 2.0 small -01\" onerror=\"this.style.display='none'\"  \/>\t\t\t\t\t\n\t<h2>P\u00d4LES D&rsquo;IMPACT<\/h2>\n<h3>Les programmes de recherche du CIFAR s&rsquo;articulent autour de cinq p\u00f4les d&rsquo;impact distincts qui traitent de grandes questions d&rsquo;envergure mondiale et visent \u00e0 favoriser un environnement propice \u00e0 l&rsquo;\u00e9mergence de perc\u00e9es. <\/h3>\n<p>Chaque p\u00f4le jette un pont vers la riche communaut\u00e9 mondiale du CIFAR en anticipant les d\u00e9fis \u00e0 venir et en encourageant les scientifiques de toutes les disciplines \u00e0 \u0153uvrer en collaboration pour un avenir audacieux et innovant. Les programmes de recherche peuvent s&rsquo;articuler autour de plusieurs p\u00f4les en fonction de la nature et des objectifs de leurs travaux.<\/p>\n   <!-- Mandeep add class on anchor -->\n\t<a href=\"https:\/\/cifar.ca\/fr\/poles-dimpact\/\" target=\"_self\">\n\t\t\t\t\ten savoir plus\t\t\t\t\t\t\t\n\t\t\t\t\t\t<\/a>\n\t<h3 data-pm-slice=\"1 1 [&quot;list&quot;,{},&quot;list_item&quot;,{&quot;indent&quot;:1,&quot;type&quot;:&quot;bulleted&quot;}]\">Programmes de recherche actuels<\/h3>\n                        <a tabindex=\"-1\" aria-label=\"cliquez pour ouvrir. Apprentissage automatique, apprentissage biologique\" href=\"https:\/\/cifar.ca\/fr\/programmes-de-recherche\/apprentissage-automatique-apprentissage-biologiques\/\">\n                          <img width=\"295\" height=\"185\" data-src=\"https:\/\/cifar.ca\/wp-content\/uploads\/2020\/01\/lmb_banner-295x185.png\" alt=\"\" data-original=\"https:\/\/cifar.ca\/wp-content\/uploads\/2020\/01\/lmb_banner.png\" decoding=\"async\" loading=\"lazy\" data-srcset=\"https:\/\/cifar.ca\/wp-content\/uploads\/2020\/01\/lmb_banner-295x185.png 295w, https:\/\/cifar.ca\/wp-content\/uploads\/2020\/01\/lmb_banner-400x250.png 400w\" data-sizes=\"auto, (max-width: 295px) 100vw, 295px\" \/>                        <\/a>\n                                                                        <p>2004, 2008, 2014, 2019, 2025<\/p>\n                        <h4> <a  aria-label=\"Lire la suite. Apprentissage automatique, apprentissage biologique\" href=\"https:\/\/cifar.ca\/fr\/programmes-de-recherche\/apprentissage-automatique-apprentissage-biologiques\/\">  Apprentissage automatique, apprentissage biologique <\/a><\/h4>\n                                                <p>Comment approfondir notre compr\u00e9hension de l&rsquo;intelligence et construire des machines intelligentes?<\/p>\n                        <a tabindex=\"-1\" aria-label=\"cliquez pour ouvrir. Avenir et \u00e9panouissement\" href=\"https:\/\/cifar.ca\/fr\/programmes-de-recherche\/avenir-et-epanouissement\/\">\n                          <img width=\"295\" height=\"185\" data-src=\"https:\/\/cifar.ca\/wp-content\/uploads\/2023\/03\/Future-Flourishing_webanner-295x185.jpg\" alt=\"\" data-original=\"https:\/\/cifar.ca\/wp-content\/uploads\/2023\/03\/Future-Flourishing_webanner.jpg\" decoding=\"async\" loading=\"lazy\" data-srcset=\"https:\/\/cifar.ca\/wp-content\/uploads\/2023\/03\/Future-Flourishing_webanner-295x185.jpg 295w, https:\/\/cifar.ca\/wp-content\/uploads\/2023\/03\/Future-Flourishing_webanner-400x250.jpg 400w\" data-sizes=\"auto, (max-width: 295px) 100vw, 295px\" \/>                        <\/a>\n                                                                        <p>2023<\/p>\n                        <h4> <a  aria-label=\"Lire la suite. Avenir et \u00e9panouissement\" href=\"https:\/\/cifar.ca\/fr\/programmes-de-recherche\/avenir-et-epanouissement\/\">  Avenir et \u00e9panouissement <\/a><\/h4>\n                                                <p>Que signifie (bien) vivre sans exceptionnalisme humain?<\/p>\n                        <a tabindex=\"-1\" aria-label=\"cliquez pour ouvrir. Avenir urbain de l'humanit\u00e9\" href=\"https:\/\/cifar.ca\/fr\/programmes-de-recherche\/avenir-urbain-de-lhumanite\/\">\n                          <img width=\"295\" height=\"185\" data-src=\"https:\/\/cifar.ca\/wp-content\/uploads\/2023\/03\/Urban-Future_textured-webbanner-295x185.jpg\" alt=\"\" data-original=\"https:\/\/cifar.ca\/wp-content\/uploads\/2023\/03\/Urban-Future_textured-webbanner.jpg\" decoding=\"async\" loading=\"lazy\" data-srcset=\"https:\/\/cifar.ca\/wp-content\/uploads\/2023\/03\/Urban-Future_textured-webbanner-295x185.jpg 295w, https:\/\/cifar.ca\/wp-content\/uploads\/2023\/03\/Urban-Future_textured-webbanner-400x250.jpg 400w\" data-sizes=\"auto, (max-width: 295px) 100vw, 295px\" \/>                        <\/a>\n                                                                        <p>2023<\/p>\n                        <h4> <a  aria-label=\"Lire la suite. Avenir urbain de l'humanit\u00e9\" href=\"https:\/\/cifar.ca\/fr\/programmes-de-recherche\/avenir-urbain-de-lhumanite\/\">  Avenir urbain de l&rsquo;humanit\u00e9 <\/a><\/h4>\n                                                <p>Quelles sont les caract\u00e9ristiques d&rsquo;une bonne ville de l&rsquo;avenir?<\/p>\n                        <a tabindex=\"-1\" aria-label=\"cliquez pour ouvrir. Cerveau, esprit et conscience\" href=\"https:\/\/cifar.ca\/fr\/programmes-de-recherche\/cerveau-esprit-et-conscience\/\">\n                          <img width=\"295\" height=\"185\" data-src=\"https:\/\/cifar.ca\/wp-content\/uploads\/2019\/08\/test-bmc-295x185.jpg\" alt=\"Graphic of a scientist opening blinds in the shape of a head\" data-original=\"https:\/\/cifar.ca\/wp-content\/uploads\/2019\/08\/test-bmc.jpg\" decoding=\"async\" loading=\"lazy\" data-srcset=\"https:\/\/cifar.ca\/wp-content\/uploads\/2019\/08\/test-bmc-295x185.jpg 295w, https:\/\/cifar.ca\/wp-content\/uploads\/2019\/08\/test-bmc-400x250.jpg 400w\" data-sizes=\"auto, (max-width: 295px) 100vw, 295px\" \/>                        <\/a>\n                                                                        <p>2014, 2026, 2020<\/p>\n                        <h4> <a  aria-label=\"Lire la suite. Cerveau, esprit et conscience\" href=\"https:\/\/cifar.ca\/fr\/programmes-de-recherche\/cerveau-esprit-et-conscience\/\">  Cerveau, esprit et conscience <\/a><\/h4>\n                                                <p>Quels sont les origines et les m\u00e9canismes de la conscience?<\/p>\n                        <a tabindex=\"-1\" aria-label=\"cliquez pour ouvrir. D\u00e9veloppement du cerveau et de l'enfant\" href=\"https:\/\/cifar.ca\/fr\/programmes-de-recherche\/developpement-du-cerveau-et-de-lenfant\/\">\n                          <img width=\"295\" height=\"118\" data-src=\"https:\/\/cifar.ca\/wp-content\/uploads\/2020\/05\/CBD-RGB-300.jpg\" alt=\"\" data-original=\"https:\/\/cifar.ca\/wp-content\/uploads\/2020\/05\/CBD-RGB-300.jpg\" decoding=\"async\" loading=\"lazy\" \/>                        <\/a>\n                                                                        <p>2003, 2007, 2012, 2019, 2025<\/p>\n                        <h4> <a  aria-label=\"Lire la suite. D\u00e9veloppement du cerveau et de l'enfant\" href=\"https:\/\/cifar.ca\/fr\/programmes-de-recherche\/developpement-du-cerveau-et-de-lenfant\/\">  D\u00e9veloppement du cerveau et de l&rsquo;enfant <\/a><\/h4>\n                                                <p>Comment les exp\u00e9riences de l&rsquo;enfance influencent-elles la sant\u00e9 tout au long de la vie?<\/p>\n                        <a tabindex=\"-1\" aria-label=\"cliquez pour ouvrir. \u00catre humain multi\u00e9chelle CIFAR-MacMillan\" href=\"https:\/\/cifar.ca\/fr\/programmes-de-recherche\/etre-humain-multiechelle-cifar-macmillan\/\">\n                          <img width=\"295\" height=\"185\" data-src=\"https:\/\/cifar.ca\/wp-content\/uploads\/2023\/03\/Multiscale-Human_webbanner-295x185.jpg\" alt=\"\" data-original=\"https:\/\/cifar.ca\/wp-content\/uploads\/2023\/03\/Multiscale-Human_webbanner.jpg\" decoding=\"async\" loading=\"lazy\" data-srcset=\"https:\/\/cifar.ca\/wp-content\/uploads\/2023\/03\/Multiscale-Human_webbanner-295x185.jpg 295w, https:\/\/cifar.ca\/wp-content\/uploads\/2023\/03\/Multiscale-Human_webbanner-400x250.jpg 400w\" data-sizes=\"auto, (max-width: 295px) 100vw, 295px\" \/>                        <\/a>\n                                                                        <p>2023<\/p>\n                        <h4> <a  aria-label=\"Lire la suite. \u00catre humain multi\u00e9chelle CIFAR-MacMillan\" href=\"https:\/\/cifar.ca\/fr\/programmes-de-recherche\/etre-humain-multiechelle-cifar-macmillan\/\">  \u00catre humain multi\u00e9chelle CIFAR-MacMillan <\/a><\/h4>\n                                                <p>Est-il possible de cr\u00e9er une carte multi\u00e9chelle du corps humain?<\/p>\n                        <a tabindex=\"-1\" aria-label=\"cliquez pour ouvrir. Fronti\u00e8res, groupes et appartenance\" href=\"https:\/\/cifar.ca\/fr\/programmes-de-recherche\/frontieres-groupes-et-appartenance\/\">\n                          <img width=\"295\" height=\"185\" data-src=\"https:\/\/cifar.ca\/wp-content\/uploads\/2020\/01\/boundaries_banner-295x185.jpg\" alt=\"\" data-original=\"https:\/\/cifar.ca\/wp-content\/uploads\/2020\/01\/boundaries_banner.jpg\" decoding=\"async\" loading=\"lazy\" data-srcset=\"https:\/\/cifar.ca\/wp-content\/uploads\/2020\/01\/boundaries_banner-295x185.jpg 295w, https:\/\/cifar.ca\/wp-content\/uploads\/2020\/01\/boundaries_banner-400x250.jpg 400w\" data-sizes=\"auto, (max-width: 295px) 100vw, 295px\" \/>                        <\/a>\n                                                                        <p>2019, 2026<\/p>\n                        <h4> <a  aria-label=\"Lire la suite. Fronti\u00e8res, groupes et appartenance\" href=\"https:\/\/cifar.ca\/fr\/programmes-de-recherche\/frontieres-groupes-et-appartenance\/\">  Fronti\u00e8res, groupes et appartenance <\/a><\/h4>\n                                                <p>Est-il possible d&rsquo;avoir un monde sans distinction entre \u00ab nous \u00bb et \u00ab eux \u00bb?<\/p>\n                        <a tabindex=\"-1\" aria-label=\"cliquez pour ouvrir. Innovation, \u00e9quit\u00e9 et avenir de la prosp\u00e9rit\u00e9\" href=\"https:\/\/cifar.ca\/fr\/programmes-de-recherche\/innovation-equite-et-avenir-de-la-prosperite\/\">\n                          <img width=\"295\" height=\"185\" data-src=\"https:\/\/cifar.ca\/wp-content\/uploads\/2020\/01\/innovation_banner-295x185.jpg\" alt=\"\" data-original=\"https:\/\/cifar.ca\/wp-content\/uploads\/2020\/01\/innovation_banner.jpg\" decoding=\"async\" loading=\"lazy\" data-srcset=\"https:\/\/cifar.ca\/wp-content\/uploads\/2020\/01\/innovation_banner-295x185.jpg 295w, https:\/\/cifar.ca\/wp-content\/uploads\/2020\/01\/innovation_banner-400x250.jpg 400w\" data-sizes=\"auto, (max-width: 295px) 100vw, 295px\" \/>                        <\/a>\n                                                                        <p>2019, 2026<\/p>\n                        <h4> <a  aria-label=\"Lire la suite. Innovation, \u00e9quit\u00e9 et avenir de la prosp\u00e9rit\u00e9\" href=\"https:\/\/cifar.ca\/fr\/programmes-de-recherche\/innovation-equite-et-avenir-de-la-prosperite\/\">  Innovation, \u00e9quit\u00e9 et avenir de la prosp\u00e9rit\u00e9 <\/a><\/h4>\n                                                <p>Comment l&rsquo;innovation peut-elle profiter \u00e0 tous?<\/p>\n                        <a tabindex=\"-1\" aria-label=\"cliquez pour ouvrir. Mat\u00e9riaux quantiques\" href=\"https:\/\/cifar.ca\/fr\/programmes-de-recherche\/materiaux-quantiques\/\">\n                          <img width=\"295\" height=\"185\" data-src=\"https:\/\/cifar.ca\/wp-content\/uploads\/2020\/01\/qm_webbanner-295x185.jpg\" alt=\"\" data-original=\"https:\/\/cifar.ca\/wp-content\/uploads\/2020\/01\/qm_webbanner.jpg\" decoding=\"async\" loading=\"lazy\" data-srcset=\"https:\/\/cifar.ca\/wp-content\/uploads\/2020\/01\/qm_webbanner-295x185.jpg 295w, https:\/\/cifar.ca\/wp-content\/uploads\/2020\/01\/qm_webbanner-400x250.jpg 400w\" data-sizes=\"auto, (max-width: 295px) 100vw, 295px\" \/>                        <\/a>\n                                                                        <p>1987, 1992, 1997, 2002, 2007, 2012, 2019, 2025<\/p>\n                        <h4> <a  aria-label=\"Lire la suite. Mat\u00e9riaux quantiques\" href=\"https:\/\/cifar.ca\/fr\/programmes-de-recherche\/materiaux-quantiques\/\">  Mat\u00e9riaux quantiques <\/a><\/h4>\n                                                <p>Comment les technologies quantiques pourraient-elles transformer la soci\u00e9t\u00e9?<\/p>\n                        <a tabindex=\"-1\" aria-label=\"cliquez pour ouvrir. Microbiome humain\" href=\"https:\/\/cifar.ca\/fr\/programmes-de-recherche\/microbiome-humain\/\">\n                          <img width=\"295\" height=\"185\" data-src=\"https:\/\/cifar.ca\/wp-content\/uploads\/2019\/12\/Banner-HMB-295x185.png\" alt=\"Human &amp; Microbiome Illustration\" data-original=\"https:\/\/cifar.ca\/wp-content\/uploads\/2019\/12\/Banner-HMB.png\" decoding=\"async\" loading=\"lazy\" data-srcset=\"https:\/\/cifar.ca\/wp-content\/uploads\/2019\/12\/Banner-HMB-295x185.png 295w, https:\/\/cifar.ca\/wp-content\/uploads\/2019\/12\/Banner-HMB-400x250.png 400w\" data-sizes=\"auto, (max-width: 295px) 100vw, 295px\" \/>                        <\/a>\n                                                                        <p>2014, 2026, 2020<\/p>\n                        <h4> <a  aria-label=\"Lire la suite. Microbiome humain\" href=\"https:\/\/cifar.ca\/fr\/programmes-de-recherche\/microbiome-humain\/\">  Microbiome humain <\/a><\/h4>\n                                                <p>Comment les microorganismes qui nous habitent influencent-ils la sant\u00e9, le d\u00e9veloppement et m\u00eame le comportement?<\/p>\n                        <a tabindex=\"-1\" aria-label=\"cliquez pour ouvrir. R\u00e8gne fongique : Menaces et possibilit\u00e9s\" href=\"https:\/\/cifar.ca\/fr\/programmes-de-recherche\/regne-fongique-menaces-et-possibilites\/\">\n                          <img width=\"295\" height=\"185\" data-src=\"https:\/\/cifar.ca\/wp-content\/uploads\/2020\/01\/fungus_listview-295x185.jpg\" alt=\"\" data-original=\"https:\/\/cifar.ca\/wp-content\/uploads\/2020\/01\/fungus_listview.jpg\" decoding=\"async\" loading=\"lazy\" data-srcset=\"https:\/\/cifar.ca\/wp-content\/uploads\/2020\/01\/fungus_listview-295x185.jpg 295w, https:\/\/cifar.ca\/wp-content\/uploads\/2020\/01\/fungus_listview-400x250.jpg 400w\" data-sizes=\"auto, (max-width: 295px) 100vw, 295px\" \/>                        <\/a>\n                                                                        <p>2019, 2026<\/p>\n                        <h4> <a  aria-label=\"Lire la suite. R\u00e8gne fongique : Menaces et possibilit\u00e9s\" href=\"https:\/\/cifar.ca\/fr\/programmes-de-recherche\/regne-fongique-menaces-et-possibilites\/\">  R\u00e8gne fongique : Menaces et possibilit\u00e9s <\/a><\/h4>\n                                                <p>Que pourrions-nous d\u00e9couvrir dans une biosph\u00e8re inconnue?<\/p>\n                        <a tabindex=\"-1\" aria-label=\"cliquez pour ouvrir. Terre 4D : Science et exploration du sous-sol\" href=\"https:\/\/cifar.ca\/fr\/programmes-de-recherche\/terre-4d-science-et-exploration-du-sous-sol\/\">\n                          <img width=\"295\" height=\"185\" data-src=\"https:\/\/cifar.ca\/wp-content\/uploads\/2020\/01\/earth4d-listview-295x185.jpg\" alt=\"\" data-original=\"https:\/\/cifar.ca\/wp-content\/uploads\/2020\/01\/earth4d-listview.jpg\" decoding=\"async\" loading=\"lazy\" data-srcset=\"https:\/\/cifar.ca\/wp-content\/uploads\/2020\/01\/earth4d-listview-295x185.jpg 295w, https:\/\/cifar.ca\/wp-content\/uploads\/2020\/01\/earth4d-listview-400x250.jpg 400w\" data-sizes=\"auto, (max-width: 295px) 100vw, 295px\" \/>                        <\/a>\n                                                                        <p>2019, 2026<\/p>\n                        <h4> <a  aria-label=\"Lire la suite. Terre 4D : Science et exploration du sous-sol\" href=\"https:\/\/cifar.ca\/fr\/programmes-de-recherche\/terre-4d-science-et-exploration-du-sous-sol\/\">  Terre 4D : Science et exploration du sous-sol <\/a><\/h4>\n                                                <p>Quels sont les modes d&rsquo;interaction de la vie, de l&rsquo;eau et de l&rsquo;\u00e9nergie entre les vastes environnements souterrains et de surface de la Terre?<\/p>\n        <h3>Programmes qui arrivent en fin de mandate<\/h3>\n                        <a tabindex=\"-1\" aria-label=\"cliquez pour ouvrir. Acc\u00e9l\u00e9ration de la d\u00e9carbonisation\" href=\"https:\/\/cifar.ca\/fr\/programmes-de-recherche\/acceleration-de-la-decarbonisation\/\">\n                          <img width=\"295\" height=\"185\" data-src=\"https:\/\/cifar.ca\/wp-content\/uploads\/2020\/01\/bioinspired_webbanner-295x185.jpg\" alt=\"\" data-original=\"https:\/\/cifar.ca\/wp-content\/uploads\/2020\/01\/bioinspired_webbanner.jpg\" decoding=\"async\" loading=\"lazy\" data-srcset=\"https:\/\/cifar.ca\/wp-content\/uploads\/2020\/01\/bioinspired_webbanner-295x185.jpg 295w, https:\/\/cifar.ca\/wp-content\/uploads\/2020\/01\/bioinspired_webbanner-400x250.jpg 400w\" data-sizes=\"auto, (max-width: 295px) 100vw, 295px\" \/>                        <\/a>\n                                                                        <p>2014, 2020<\/p>\n                        <h4> <a  aria-label=\"Lire la suite. Acc\u00e9l\u00e9ration de la d\u00e9carbonisation\" href=\"https:\/\/cifar.ca\/fr\/programmes-de-recherche\/acceleration-de-la-decarbonisation\/\">  Acc\u00e9l\u00e9ration de la d\u00e9carbonisation <\/a><\/h4>\n                                                <p>Pouvons-nous r\u00e9tablir l&rsquo;\u00e9quilibre du bilan de carbone gr\u00e2ce \u00e0 des id\u00e9es audacieuses?<\/p>\n                        <a tabindex=\"-1\" aria-label=\"cliquez pour ouvrir. Extr\u00eame Univers et gravit\u00e9\" href=\"https:\/\/cifar.ca\/fr\/programmes-de-recherche\/extreme-univers-et-gravite\/\">\n                          <img width=\"295\" height=\"185\" data-src=\"https:\/\/cifar.ca\/wp-content\/uploads\/2020\/01\/geu-webbanner-295x185.jpg\" alt=\"\" data-original=\"https:\/\/cifar.ca\/wp-content\/uploads\/2020\/01\/geu-webbanner.jpg\" decoding=\"async\" loading=\"lazy\" data-srcset=\"https:\/\/cifar.ca\/wp-content\/uploads\/2020\/01\/geu-webbanner-295x185.jpg 295w, https:\/\/cifar.ca\/wp-content\/uploads\/2020\/01\/geu-webbanner-400x250.jpg 400w\" data-sizes=\"auto, (max-width: 295px) 100vw, 295px\" \/>                        <\/a>\n                                                                        <p>1986, 1991, 1996, 2001, 2006, 2011, 2016, 2023<\/p>\n                        <h4> <a  aria-label=\"Lire la suite. Extr\u00eame Univers et gravit\u00e9\" href=\"https:\/\/cifar.ca\/fr\/programmes-de-recherche\/extreme-univers-et-gravite\/\">  Extr\u00eame Univers et gravit\u00e9 <\/a><\/h4>\n                                                <p>Quelle est la nature de la gravit\u00e9 extr\u00eame et comment l&rsquo;\u00e9lucidation de cette question pourrait-elle nous aider \u00e0 comprendre l&rsquo;origine et l&rsquo;\u00e9volution de l&rsquo;Univers?<\/p>\n                        <a tabindex=\"-1\" aria-label=\"cliquez pour ouvrir. Informatique quantique\" href=\"https:\/\/cifar.ca\/fr\/programmes-de-recherche\/informatique-quantique\/\">\n                          <img width=\"295\" height=\"185\" data-src=\"https:\/\/cifar.ca\/wp-content\/uploads\/2020\/01\/qis_webbanner-295x185.jpg\" alt=\"Graphic of atoms at the end  of computer network path lines\" data-original=\"https:\/\/cifar.ca\/wp-content\/uploads\/2020\/01\/qis_webbanner.jpg\" decoding=\"async\" loading=\"lazy\" data-srcset=\"https:\/\/cifar.ca\/wp-content\/uploads\/2020\/01\/qis_webbanner-295x185.jpg 295w, https:\/\/cifar.ca\/wp-content\/uploads\/2020\/01\/qis_webbanner-400x250.jpg 400w\" data-sizes=\"auto, (max-width: 295px) 100vw, 295px\" \/>                        <\/a>\n                                                                        <p>2002, 2007, 2012, 2019<\/p>\n                        <h4> <a  aria-label=\"Lire la suite. Informatique quantique\" href=\"https:\/\/cifar.ca\/fr\/programmes-de-recherche\/informatique-quantique\/\">  Informatique quantique <\/a><\/h4>\n                                                <p>Comment exploiter la puissance de la m\u00e9canique quantique pour am\u00e9liorer le traitement de l&rsquo;information?<\/p>\n        <h3>Programmes qui ont r\u00e9cemment pris fin<\/h3>\n                        <a tabindex=\"-1\" aria-label=\"cliquez pour ouvrir. Architecture mol\u00e9culaire de la vie\" href=\"https:\/\/cifar.ca\/fr\/programmes-de-recherche\/architecture-moleculaire-de-la-vie\/\">\n                          <img width=\"295\" height=\"185\" data-src=\"https:\/\/cifar.ca\/wp-content\/uploads\/2020\/01\/mal_webbanner-295x185.jpg\" alt=\"\" data-original=\"https:\/\/cifar.ca\/wp-content\/uploads\/2020\/01\/mal_webbanner.jpg\" decoding=\"async\" loading=\"lazy\" data-srcset=\"https:\/\/cifar.ca\/wp-content\/uploads\/2020\/01\/mal_webbanner-295x185.jpg 295w, https:\/\/cifar.ca\/wp-content\/uploads\/2020\/01\/mal_webbanner-400x250.jpg 400w\" data-sizes=\"auto, (max-width: 295px) 100vw, 295px\" \/>                        <\/a>\n                                                                        <p>2014<\/p>\n                        <h4> <a  aria-label=\"Lire la suite. Architecture mol\u00e9culaire de la vie\" href=\"https:\/\/cifar.ca\/fr\/programmes-de-recherche\/architecture-moleculaire-de-la-vie\/\">  Architecture mol\u00e9culaire de la vie <\/a><\/h4>\n                                                <p>Quelle est l&rsquo;origine de la vie et quels sont les processus en jeu?<\/p>\n                        <a tabindex=\"-1\" aria-label=\"cliquez pour ouvrir. Bien-\u00eatre collectif\" href=\"https:\/\/cifar.ca\/fr\/programmes-de-recherche\/bien-etre-collectif\/\">\n                          <img width=\"295\" height=\"185\" data-src=\"https:\/\/cifar.ca\/wp-content\/uploads\/2020\/05\/WordPress-Banner-SS-295x185.jpg\" alt=\"Successful Societies Illustrations\" data-original=\"https:\/\/cifar.ca\/wp-content\/uploads\/2020\/05\/WordPress-Banner-SS.jpg\" decoding=\"async\" loading=\"lazy\" data-srcset=\"https:\/\/cifar.ca\/wp-content\/uploads\/2020\/05\/WordPress-Banner-SS-295x185.jpg 295w, https:\/\/cifar.ca\/wp-content\/uploads\/2020\/05\/WordPress-Banner-SS-400x250.jpg 400w\" data-sizes=\"auto, (max-width: 295px) 100vw, 295px\" \/>                        <\/a>\n                                                                        <p>2002, 2008, 2012<\/p>\n                        <h4> <a  aria-label=\"Lire la suite. Bien-\u00eatre collectif\" href=\"https:\/\/cifar.ca\/fr\/programmes-de-recherche\/bien-etre-collectif\/\">  Bien-\u00eatre collectif <\/a><\/h4>\n                                                <p>Pourquoi certaines soci\u00e9t\u00e9s favorisent-elles mieux le bien-\u00eatre collectif que d&rsquo;autres?<\/p>\n                        <a tabindex=\"-1\" aria-label=\"cliquez pour ouvrir. Institutions, organisations et croissance\" href=\"https:\/\/cifar.ca\/fr\/programmes-de-recherche\/institutions-organisations-et-croissance\/\">\n                          <img width=\"295\" height=\"185\" data-src=\"https:\/\/cifar.ca\/wp-content\/uploads\/2020\/01\/iog_webbanner-295x185.jpg\" alt=\"\" data-original=\"https:\/\/cifar.ca\/wp-content\/uploads\/2020\/01\/iog_webbanner.jpg\" decoding=\"async\" loading=\"lazy\" data-srcset=\"https:\/\/cifar.ca\/wp-content\/uploads\/2020\/01\/iog_webbanner-295x185.jpg 295w, https:\/\/cifar.ca\/wp-content\/uploads\/2020\/01\/iog_webbanner-400x250.jpg 400w\" data-sizes=\"auto, (max-width: 295px) 100vw, 295px\" \/>                        <\/a>\n                                                                        <p>2004, 2008, 2014<\/p>\n                        <h4> <a  aria-label=\"Lire la suite. Institutions, organisations et croissance\" href=\"https:\/\/cifar.ca\/fr\/programmes-de-recherche\/institutions-organisations-et-croissance\/\">  Institutions, organisations et croissance <\/a><\/h4>\n                                                <p>Pourquoi certains pays sont-ils riches et d&rsquo;autres pauvres?<\/p>\n                        <a tabindex=\"-1\" aria-label=\"cliquez pour ouvrir. R\u00e9seaux g\u00e9n\u00e9tiques\" href=\"https:\/\/cifar.ca\/fr\/programmes-de-recherche\/reseaux-genetiques\/\">\n                          <img width=\"295\" height=\"185\" data-src=\"https:\/\/cifar.ca\/wp-content\/uploads\/2020\/01\/gn_webbanner-295x185.jpg\" alt=\"\" data-original=\"https:\/\/cifar.ca\/wp-content\/uploads\/2020\/01\/gn_webbanner.jpg\" decoding=\"async\" loading=\"lazy\" data-srcset=\"https:\/\/cifar.ca\/wp-content\/uploads\/2020\/01\/gn_webbanner-295x185.jpg 295w, https:\/\/cifar.ca\/wp-content\/uploads\/2020\/01\/gn_webbanner-400x250.jpg 400w\" data-sizes=\"auto, (max-width: 295px) 100vw, 295px\" \/>                        <\/a>\n                                                                        <p>2005, 2010, 2016<\/p>\n                        <h4> <a  aria-label=\"Lire la suite. R\u00e9seaux g\u00e9n\u00e9tiques\" href=\"https:\/\/cifar.ca\/fr\/programmes-de-recherche\/reseaux-genetiques\/\">  R\u00e9seaux g\u00e9n\u00e9tiques <\/a><\/h4>\n                                                <p>Quelle est l&rsquo;influence des interactions g\u00e9n\u00e9tiques sur la sant\u00e9 et le d\u00e9veloppement?<\/p>\n\t\t\t\t<img loading=\"lazy\" decoding=\"async\" src=\"https:\/\/cifar.ca\/wp-content\/uploads\/2020\/09\/Anil-Seth-Portraits-5612B-scaled.jpg\" alt=\"Anil Seth Portraits\" itemprop=\"image\" height=\"1480\" width=\"2560\" title=\"Anil Seth Portraits-5612B\" onerror=\"this.style.display='none'\"  \/>\t\t\t\t\t\n\t\t\t\t<img loading=\"lazy\" decoding=\"async\" src=\"https:\/\/cifar.ca\/wp-content\/uploads\/2020\/09\/lines-for-web-2.0-small-01.png\" alt=\"smaller line_two\" itemprop=\"image\" height=\"34\" width=\"34\" title=\"lines for web 2.0 small -01\" onerror=\"this.style.display='none'\"  \/>\t\t\t\t\t\n\t<h2>NOS BOURSIERS<\/h2>\n<h3>Les boursiers du CIFAR sont des chercheurs au sommet de leur domaine qui \u0153uvrent en collaboration.<\/h3>\n<p>Notre communaut\u00e9 de boursiers, de conseillers, de chercheurs mondiaux CIFAR-Azrieli et de titulaires d&rsquo;une chaire en IA Canada-CIFAR compte plus de 400\u00a0chercheurs de 18\u00a0pays. Ils contribuent r\u00e9guli\u00e8rement au centile sup\u00e9rieur des articles les plus cit\u00e9s \u00e0 l&rsquo;\u00e9chelle mondiale. Les boursiers sont choisis pour leur excellence universitaire et leurs comp\u00e9tences en communications, ainsi que pour l&rsquo;ad\u00e9quation entre leur expertise et les objectifs d&rsquo;un programme donn\u00e9.<\/p>\n   <!-- Mandeep add class on anchor -->\n\t<a href=\"https:\/\/cifar.ca\/fr\/boursiers-et-conseillers\/\" target=\"_self\">\n\t\t\t\tEN SAVOIR PLUS\n\t\t\t<\/a>\n\t\t\t\t<img loading=\"lazy\" decoding=\"async\" src=\"https:\/\/cifar.ca\/wp-content\/uploads\/2020\/09\/lines-for-web-2.0-small-01.png\" alt=\"smaller line_two\" itemprop=\"image\" height=\"34\" width=\"34\" title=\"lines for web 2.0 small -01\" onerror=\"this.style.display='none'\"  \/>\t\t\t\t\t\n\t<h2>FONDS CATALYSEUR<\/h2>\n<h3>Nous encourageons notre communaut\u00e9 de chercheurs \u00e0 travailler par-del\u00e0 les programmes et les disciplines.<\/h3>\n<p>Par l&rsquo;entremise de fonds Catalyseur, nous facilitons et soutenons des id\u00e9es et projets audacieux au sein des programmes de recherche du CIFAR et entre ceux-ci. Ces subventions d&rsquo;une dur\u00e9e limit\u00e9e offrent de la souplesse aux projets en phase de d\u00e9marrage, encouragent les collaborations interdisciplinaires et abordent des th\u00e8mes \u00e9mergents et exploratoires.<\/p>\n   <!-- Mandeep add class on anchor -->\n\t<a href=\"https:\/\/cifar.ca\/fr\/programmes-de-recherche\/fonds-catalyseur-du-cifar\/\" target=\"_self\">\n\t\t\t\tEN SAVOIR PLUS\n\t\t\t<\/a>\n            <h2>Nouvelles de la recherche<\/h2>\n                <p>D\u00e9couvrez les plus r\u00e9centes perc\u00e9es de notre communaut\u00e9.<\/p>\n\u00a0\n                            <!-- ARIA LABEL added -->\n                            <a tabindex=\"-1\"  href=\"https:\/\/cifar.ca\/fr\/cifarnews\/2026\/02\/17\/le-programme-regne-fongique-du-cifar-suscite-un-nouveau-partenariat-consacre-aux-antifongiques\/\" aria-label=\"cliquez pour ouvrir. Le programme R\u00e8gne fongique du CIFAR suscite un nouveau partenariat consacr\u00e9 aux antifongiques\">\n                                                                                                                                                            <img width=\"400\" height=\"250\" data-src=\"https:\/\/cifar.ca\/wp-content\/uploads\/2026\/02\/FKG_LeahCowen_StoryBannerFKG_LeahCowe-version2-400x250.png\" alt=\"\" data-original=\"https:\/\/cifar.ca\/wp-content\/uploads\/2026\/02\/FKG_LeahCowen_StoryBannerFKG_LeahCowe-version2.png\" decoding=\"async\" loading=\"lazy\" data-srcset=\"https:\/\/cifar.ca\/wp-content\/uploads\/2026\/02\/FKG_LeahCowen_StoryBannerFKG_LeahCowe-version2-400x250.png 400w, https:\/\/cifar.ca\/wp-content\/uploads\/2026\/02\/FKG_LeahCowen_StoryBannerFKG_LeahCowe-version2-295x185.png 295w\" data-sizes=\"auto, (max-width: 400px) 100vw, 400px\" \/>                                                                                                             <\/a> \n                                                            <p>Nouvelles<\/p>\n                                                            <!-- ARIA LABEL added -->\n                                <h3><a  href=\"https:\/\/cifar.ca\/fr\/cifarnews\/2026\/02\/17\/le-programme-regne-fongique-du-cifar-suscite-un-nouveau-partenariat-consacre-aux-antifongiques\/\" aria-label=\"Lire la suite. Le programme R\u00e8gne fongique du CIFAR suscite un nouveau partenariat consacr\u00e9 aux antifongiques\">Le programme R\u00e8gne fongique du CIFAR suscite un nouveau partenariat consacr\u00e9 aux antifongiques<\/a><\/h3>\n                                                            Une nouvelle collaboration pharmaceutique souligne le r&ocirc;le du programme R&egrave;gne fongique : Menaces e\n                                                        <small>17 f\u00e9vrier 2026<\/small>\n                            <!-- ARIA LABEL added -->\n                            <!-- ARIA LABEL added -->\n                            <a tabindex=\"-1\"  href=\"https:\/\/cifar.ca\/fr\/cifarnews\/2026\/01\/20\/a-lavant-garde-de-la-lutte-contre-les-maladies-fongiques-les-plus-grands-medecins-de-linde-collaborent-avec-les-membres-du-cifar\/\" aria-label=\"cliquez pour ouvrir. \u00c0 l'avant-garde de la lutte contre les maladies fongiques : les plus grands m\u00e9decins de l'Inde collaborent avec les membres du CIFAR\">\n                                                                                                                                                            <img width=\"400\" height=\"250\" data-src=\"https:\/\/cifar.ca\/wp-content\/uploads\/2026\/01\/FKG_INDIA_Storybanner-1-400x250.png\" alt=\"Three individuals are shown in separate frames against a dark background with pink molecular patterns. They appear to be smiling and are professionally dressed.\" data-original=\"https:\/\/cifar.ca\/wp-content\/uploads\/2026\/01\/FKG_INDIA_Storybanner-1.png\" decoding=\"async\" loading=\"lazy\" data-srcset=\"https:\/\/cifar.ca\/wp-content\/uploads\/2026\/01\/FKG_INDIA_Storybanner-1-400x250.png 400w, https:\/\/cifar.ca\/wp-content\/uploads\/2026\/01\/FKG_INDIA_Storybanner-1-295x185.png 295w\" data-sizes=\"auto, (max-width: 400px) 100vw, 400px\" \/>                                                                                                             <\/a> \n                                                            <p>Nouvelles<\/p>\n                                                            <!-- ARIA LABEL added -->\n                                <h3><a  href=\"https:\/\/cifar.ca\/fr\/cifarnews\/2026\/01\/20\/a-lavant-garde-de-la-lutte-contre-les-maladies-fongiques-les-plus-grands-medecins-de-linde-collaborent-avec-les-membres-du-cifar\/\" aria-label=\"Lire la suite. \u00c0 l'avant-garde de la lutte contre les maladies fongiques : les plus grands m\u00e9decins de l'Inde collaborent avec les membres du CIFAR\">\u00c0 l&rsquo;avant-garde de la lutte contre les maladies fongiques : les plus grands m\u00e9decins de l&rsquo;Inde collaborent avec les membres du CIFAR<\/a><\/h3>\n                                                            Des sommit&eacute;s ont particip&eacute; r&eacute;cemment &agrave; une r&eacute;union de programme afin de partager leur expertise\n                                                        <small>20 janvier 2026<\/small>\n                            <!-- ARIA LABEL added -->\n                            <!-- ARIA LABEL added -->\n                            <a tabindex=\"-1\"  href=\"https:\/\/cifar.ca\/fr\/cifarnews\/2025\/07\/15\/le-cifar-lance-une-nouvelle-exploration-sur-lavenir-de-lalimentation\/\" aria-label=\"cliquez pour ouvrir. Le CIFAR lance une nouvelle exploration sur \u00ab\u2009L'avenir de l'alimentation\u2009\u00bb\">\n                                                                                                                                                            <img width=\"400\" height=\"250\" data-src=\"https:\/\/cifar.ca\/wp-content\/uploads\/2024\/09\/FutureofFood_banner-1-400x250.jpg\" alt=\"Le panel exploratoire sur L'avenir de l'alimentation; le personnel du CIFAR et le pr\u00e9sident et chef de la direction du CIFAR, Stephen Toope, font la visite d'une ferme sur un toit \u00e0 Toronto.\" data-original=\"https:\/\/cifar.ca\/wp-content\/uploads\/2024\/09\/FutureofFood_banner-1.jpg\" decoding=\"async\" loading=\"lazy\" data-srcset=\"https:\/\/cifar.ca\/wp-content\/uploads\/2024\/09\/FutureofFood_banner-1-400x250.jpg 400w, https:\/\/cifar.ca\/wp-content\/uploads\/2024\/09\/FutureofFood_banner-1-295x185.jpg 295w\" data-sizes=\"auto, (max-width: 400px) 100vw, 400px\" \/>                                                                                                             <\/a> \n                                                            <p>Impact des dons<\/p>\n                                                            <!-- ARIA LABEL added -->\n                                <h3><a  href=\"https:\/\/cifar.ca\/fr\/cifarnews\/2025\/07\/15\/le-cifar-lance-une-nouvelle-exploration-sur-lavenir-de-lalimentation\/\" aria-label=\"Lire la suite. Le CIFAR lance une nouvelle exploration sur \u00ab\u2009L'avenir de l'alimentation\u2009\u00bb\">Le CIFAR lance une nouvelle exploration sur \u00ab\u2009L&rsquo;avenir de l&rsquo;alimentation\u2009\u00bb<\/a><\/h3>\n                                                            Un groupe de sp&eacute;cialistes oriente un exercice de prospective avanc&eacute;e sur les d&eacute;fis et possibilit&eacute;s que l&rsquo;avenir po&#8230;\n                                                        <small>15 juillet 2025<\/small>\n                            <!-- ARIA LABEL added -->\n                            <!-- ARIA LABEL added -->\n                            <a tabindex=\"-1\"  href=\"https:\/\/cifar.ca\/fr\/cifarnews\/2025\/04\/10\/microbiome-humain-modules-denseignement-pour-les-futur-es-responsables-du-milieu-de-la-sante\/\" aria-label=\"cliquez pour ouvrir. Microbiome humain : Modules d'enseignement pour les futur.es responsables du milieu de la sant\u00e9\">\n                                                                                                                                                            <img width=\"400\" height=\"250\" data-src=\"https:\/\/cifar.ca\/wp-content\/uploads\/2020\/01\/hmb-new-rgb-72-400x250.jpg\" alt=\"Graphic of a hand holding a petri dish\" data-original=\"https:\/\/cifar.ca\/wp-content\/uploads\/2020\/01\/hmb-new-rgb-72.jpg\" decoding=\"async\" loading=\"lazy\" data-srcset=\"https:\/\/cifar.ca\/wp-content\/uploads\/2020\/01\/hmb-new-rgb-72-400x250.jpg 400w, https:\/\/cifar.ca\/wp-content\/uploads\/2020\/01\/hmb-new-rgb-72-295x185.jpg 295w\" data-sizes=\"auto, (max-width: 400px) 100vw, 400px\" \/>                                                                                                             <\/a> \n                                                            <p>Microbiome humain<\/p>\n                                                            <!-- ARIA LABEL added -->\n                                <h3><a  href=\"https:\/\/cifar.ca\/fr\/cifarnews\/2025\/04\/10\/microbiome-humain-modules-denseignement-pour-les-futur-es-responsables-du-milieu-de-la-sante\/\" aria-label=\"Lire la suite. Microbiome humain : Modules d'enseignement pour les futur.es responsables du milieu de la sant\u00e9\">Microbiome humain : Modules d&rsquo;enseignement pour les futur.es responsables du milieu de la sant\u00e9<\/a><\/h3>\n                                                            Le microbiome humain est un domaine essentiel, quoique souvent n&eacute;glig&eacute; de la sant&eacute; publique qui i\n                                                        <small>10 avril 2025<\/small>\n                            <!-- ARIA LABEL added -->\n                            <!-- ARIA LABEL added -->\n                            <a tabindex=\"-1\"  href=\"https:\/\/cifar.ca\/fr\/cifarnews\/2024\/10\/15\/trois-laureats-du-prix-nobel-2024-parmi-la-communaute-de-recherche-acclamee-du-cifar\/\" aria-label=\"cliquez pour ouvrir. Trois laur\u00e9ats du prix Nobel 2024 parmi la communaut\u00e9 de recherche acclam\u00e9e du CIFAR\">\n                                                                                                                                                            <img width=\"400\" height=\"250\" data-src=\"https:\/\/cifar.ca\/wp-content\/uploads\/2024\/10\/NobelPrize2024-400x250.jpg\" alt=\"\" data-original=\"https:\/\/cifar.ca\/wp-content\/uploads\/2024\/10\/NobelPrize2024.jpg\" decoding=\"async\" loading=\"lazy\" data-srcset=\"https:\/\/cifar.ca\/wp-content\/uploads\/2024\/10\/NobelPrize2024-400x250.jpg 400w, https:\/\/cifar.ca\/wp-content\/uploads\/2024\/10\/NobelPrize2024-295x185.jpg 295w\" data-sizes=\"auto, (max-width: 400px) 100vw, 400px\" \/>                                                                                                             <\/a> \n                                                            <p>Annonce<\/p>\n                                                            <!-- ARIA LABEL added -->\n                                <h3><a  href=\"https:\/\/cifar.ca\/fr\/cifarnews\/2024\/10\/15\/trois-laureats-du-prix-nobel-2024-parmi-la-communaute-de-recherche-acclamee-du-cifar\/\" aria-label=\"Lire la suite. Trois laur\u00e9ats du prix Nobel 2024 parmi la communaut\u00e9 de recherche acclam\u00e9e du CIFAR\">Trois laur\u00e9ats du prix Nobel 2024 parmi la communaut\u00e9 de recherche acclam\u00e9e du CIFAR<\/a><\/h3>\n                                                            Le CIFAR c&eacute;l&egrave;bre l&rsquo;annonce de deux nouveaux laur&eacute;ats du prix Nobel associ&eacute;s &agrave; la feuille de route exceptionnelle&#8230;\n                                                        <small>15 octobre 2024<\/small>\n                            <!-- ARIA LABEL added -->\n                            <!-- ARIA LABEL added -->\n                            <a tabindex=\"-1\"  href=\"https:\/\/cifar.ca\/fr\/cifarnews\/2024\/10\/08\/geoffrey-hinton-membre-de-longue-date-du-cifar-recoit-le-prix-nobel-de-physique-2024\/\" aria-label=\"cliquez pour ouvrir. Geoffrey Hinton, membre de longue date du CIFAR, re\u00e7oit le prix Nobel de physique 2024\">\n                                                                                                                                                            <img width=\"400\" height=\"250\" data-src=\"https:\/\/cifar.ca\/wp-content\/uploads\/2024\/10\/GeoffreyHinton_news-400x250.jpg\" alt=\"Ge\" data-original=\"https:\/\/cifar.ca\/wp-content\/uploads\/2024\/10\/GeoffreyHinton_news.jpg\" decoding=\"async\" loading=\"lazy\" data-srcset=\"https:\/\/cifar.ca\/wp-content\/uploads\/2024\/10\/GeoffreyHinton_news-400x250.jpg 400w, https:\/\/cifar.ca\/wp-content\/uploads\/2024\/10\/GeoffreyHinton_news-295x185.jpg 295w\" data-sizes=\"auto, (max-width: 400px) 100vw, 400px\" \/>                                                                                                             <\/a> \n                                                            <p>Annonce<\/p>\n                                                            <!-- ARIA LABEL added -->\n                                <h3><a  href=\"https:\/\/cifar.ca\/fr\/cifarnews\/2024\/10\/08\/geoffrey-hinton-membre-de-longue-date-du-cifar-recoit-le-prix-nobel-de-physique-2024\/\" aria-label=\"Lire la suite. Geoffrey Hinton, membre de longue date du CIFAR, re\u00e7oit le prix Nobel de physique 2024\">Geoffrey Hinton, membre de longue date du CIFAR, re\u00e7oit le prix Nobel de physique 2024<\/a><\/h3>\n                                                            Cette reconnaissance couronne des d&eacute;cennies de recherche visionnaire, dont le Canada a b&eacute;n&eacute;fici&eacute; gr&acirc;ce au soutien p&#8230;\n                                                        <small>08 octobre 2024<\/small>\n                            <!-- ARIA LABEL added -->\n                            <!-- ARIA LABEL added -->\n                            <a tabindex=\"-1\"  href=\"https:\/\/cifar.ca\/fr\/cifarnews\/2024\/08\/21\/des-scientifiques-du-cifar-decouvrent-un-traitement-potentiel-contre-un-organisme-fongique-qui-decime-les-populations-damphibiens-a-lechelle-mondiale\/\" aria-label=\"cliquez pour ouvrir. Des scientifiques du CIFAR d\u00e9couvrent un traitement potentiel contre un organisme fongique qui d\u00e9cime les populations d'amphibiens \u00e0 l'\u00e9chelle mondiale\">\n                                                                                                                                                            <img width=\"400\" height=\"250\" data-src=\"https:\/\/cifar.ca\/wp-content\/uploads\/2024\/08\/Frog-Banner-1-1-400x250.jpg\" alt=\"Green Frog\" data-original=\"https:\/\/cifar.ca\/wp-content\/uploads\/2024\/08\/Frog-Banner-1-1.jpg\" decoding=\"async\" loading=\"lazy\" data-srcset=\"https:\/\/cifar.ca\/wp-content\/uploads\/2024\/08\/Frog-Banner-1-1-400x250.jpg 400w, https:\/\/cifar.ca\/wp-content\/uploads\/2024\/08\/Frog-Banner-1-1-295x185.jpg 295w\" data-sizes=\"auto, (max-width: 400px) 100vw, 400px\" \/>                                                                                                             <\/a> \n                                                            <p>Nouvelles<\/p>\n                                                            <!-- ARIA LABEL added -->\n                                <h3><a  href=\"https:\/\/cifar.ca\/fr\/cifarnews\/2024\/08\/21\/des-scientifiques-du-cifar-decouvrent-un-traitement-potentiel-contre-un-organisme-fongique-qui-decime-les-populations-damphibiens-a-lechelle-mondiale\/\" aria-label=\"Lire la suite. Des scientifiques du CIFAR d\u00e9couvrent un traitement potentiel contre un organisme fongique qui d\u00e9cime les populations d'amphibiens \u00e0 l'\u00e9chelle mondiale\">Des scientifiques du CIFAR d\u00e9couvrent un traitement potentiel contre un organisme fongique qui d\u00e9cime les populations d&rsquo;amphibiens \u00e0 l&rsquo;\u00e9chelle mondiale<\/a><\/h3>\n                                                            &Agrave; travers le monde, un organisme fongique d&eacute;vastateur se propage parmi les grenouilles et les crap\n                                                        <small>21 ao\u00fbt 2024<\/small>\n                            <!-- ARIA LABEL added -->\n                            <!-- ARIA LABEL added -->\n                            <a tabindex=\"-1\"  href=\"https:\/\/cifar.ca\/fr\/cifarnews\/2024\/06\/13\/bebes-microorganismes-et-cerveaux\/\" aria-label=\"cliquez pour ouvrir. B\u00e9b\u00e9s, microorganismes et cerveaux\">\n                                                                                                                                                            <img width=\"400\" height=\"250\" data-src=\"https:\/\/cifar.ca\/wp-content\/uploads\/2024\/06\/BabiesBugsBrain-web-400x250.jpg\" alt=\"An illustration of a baby playing with toy blocks. In the background, there are illustrations of bubbles depicting the bacteria inside petri dishes.\tIllustration d'un b\u00e9b\u00e9 jouant avec des blocs. En arri\u00e8re-plan, des bulles illustrent les bact\u00e9ries pr\u00e9sentes dans les bo\u00eetes de Petri.\" data-original=\"https:\/\/cifar.ca\/wp-content\/uploads\/2024\/06\/BabiesBugsBrain-web.jpg\" decoding=\"async\" loading=\"lazy\" data-srcset=\"https:\/\/cifar.ca\/wp-content\/uploads\/2024\/06\/BabiesBugsBrain-web-400x250.jpg 400w, https:\/\/cifar.ca\/wp-content\/uploads\/2024\/06\/BabiesBugsBrain-web-295x185.jpg 295w\" data-sizes=\"auto, (max-width: 400px) 100vw, 400px\" \/>                                                                                                             <\/a> \n                                                            <p>Cerveau, esprit et conscience<\/p>\n                                                            <!-- ARIA LABEL added -->\n                                <h3><a  href=\"https:\/\/cifar.ca\/fr\/cifarnews\/2024\/06\/13\/bebes-microorganismes-et-cerveaux\/\" aria-label=\"Lire la suite. B\u00e9b\u00e9s, microorganismes et cerveaux\">B\u00e9b\u00e9s, microorganismes et cerveaux<\/a><\/h3>\n                                                            Que peut nous apprendre l&rsquo;&eacute;tude des bact&eacute;ries chez les b&eacute;b&eacute;s? \n                                                        <small>13 juin 2024<\/small>\n                            <!-- ARIA LABEL added -->\n                            <!-- ARIA LABEL added -->\n                            <a tabindex=\"-1\"  href=\"https:\/\/cifar.ca\/fr\/cifarnews\/2024\/06\/13\/comment-creer-une-carte-google-du-corps\/\" aria-label=\"cliquez pour ouvrir. Comment cr\u00e9er une carte Google du corps?\">\n                                                                                                                                                            <img width=\"400\" height=\"250\" data-src=\"https:\/\/cifar.ca\/wp-content\/uploads\/2024\/06\/GoogleMap-web-400x250.jpg\" alt=\"An illustration of a woman looking down at her left elbow. The person's body is illustrated to mimic a Google Map with location markers and roads, as well as organs including the brain, stomach, heart and kidneys. A magnifying glass is on her elbow, zooming in on cells.\tIllustration d'une femme regardant son coude gauche. Le corps de la personne est illustr\u00e9 de fa\u00e7on \u00e0 imiter une carte Google avec des marqueurs de localisation et des routes, ainsi que des organes dont le cerveau, l'estomac, le c\u0153ur et les reins. Une loupe est pos\u00e9e sur son coude et permet de grossir les cellules.\" data-original=\"https:\/\/cifar.ca\/wp-content\/uploads\/2024\/06\/GoogleMap-web.jpg\" decoding=\"async\" loading=\"lazy\" data-srcset=\"https:\/\/cifar.ca\/wp-content\/uploads\/2024\/06\/GoogleMap-web-400x250.jpg 400w, https:\/\/cifar.ca\/wp-content\/uploads\/2024\/06\/GoogleMap-web-295x185.jpg 295w\" data-sizes=\"auto, (max-width: 400px) 100vw, 400px\" \/>                                                                                                             <\/a> \n                                                            <p>\u00catre humain multi\u00e9chelle<\/p>\n                                                            <!-- ARIA LABEL added -->\n                                <h3><a  href=\"https:\/\/cifar.ca\/fr\/cifarnews\/2024\/06\/13\/comment-creer-une-carte-google-du-corps\/\" aria-label=\"Lire la suite. Comment cr\u00e9er une carte Google du corps?\">Comment cr\u00e9er une carte Google du corps?<\/a><\/h3>\n                                                            Les membres du programme &Ecirc;tre humain multi&eacute;chelle CIFAR-MacMillan ont pour mission de cr&eacute;er une carte du corps humain&#8230;\n                                                        <small>13 juin 2024<\/small>\n                            <!-- ARIA LABEL added -->\n                            <!-- ARIA LABEL added -->\n                            <a tabindex=\"-1\"  href=\"https:\/\/cifar.ca\/fr\/cifarnews\/2024\/06\/13\/comment-le-cerveau-donne-t-il-lieu-a-lesprit\/\" aria-label=\"cliquez pour ouvrir. Comment le cerveau donne-t-il lieu \u00e0 l'esprit?\">\n                                                                                                                                                            <img width=\"400\" height=\"250\" data-src=\"https:\/\/cifar.ca\/wp-content\/uploads\/2024\/06\/LucinaUddin-400x250.jpg\" alt=\"A photo of Lucina Uddin, taken by Christopher Brown.\" data-original=\"https:\/\/cifar.ca\/wp-content\/uploads\/2024\/06\/LucinaUddin.jpg\" decoding=\"async\" loading=\"lazy\" data-srcset=\"https:\/\/cifar.ca\/wp-content\/uploads\/2024\/06\/LucinaUddin-400x250.jpg 400w, https:\/\/cifar.ca\/wp-content\/uploads\/2024\/06\/LucinaUddin-295x185.jpg 295w\" data-sizes=\"auto, (max-width: 400px) 100vw, 400px\" \/>                                                                                                             <\/a> \n                                                            <p>Cerveau, esprit et conscience<\/p>\n                                                            <!-- ARIA LABEL added -->\n                                <h3><a  href=\"https:\/\/cifar.ca\/fr\/cifarnews\/2024\/06\/13\/comment-le-cerveau-donne-t-il-lieu-a-lesprit\/\" aria-label=\"Lire la suite. Comment le cerveau donne-t-il lieu \u00e0 l'esprit?\">Comment le cerveau donne-t-il lieu \u00e0 l&rsquo;esprit?<\/a><\/h3>\n                                                            De l&rsquo;IA &agrave; l&rsquo;optog&eacute;n&eacute;tique, de nouvelles techniques et strat&eacute;gies permettent aux scientifiques de tirer des conna&#8230;\n                                                        <small>13 juin 2024<\/small>\n                            <!-- ARIA LABEL added -->\n                <button data-target=\"#fcsSlider-e1c06d85ae7b8b032bef47e42e4c08f9\" title=\"Scroll Left\">\n                    Previous\n                <\/button><button  data-target=\"#fcsSlider-e1c06d85ae7b8b032bef47e42e4c08f9\"\n                title=\"Scroll Right\"\n                 data-page='1' [fcs-load-more] data-thumb_size='box_400' data-q=\"waDJgYuv2ZS2hZNfxqjZn8DG8qqv5reGZ1Topc2wk6a+Z01ruqzY3cDP2JHJTbi4ccritdyen5hw3Kqhp6zHyKvwuJCFsdqUtnaYbXhliHqznMWSibKQw393yYWwl36Sq5dqa4RfwZjHzbtQhleg0bDS0rPd4bTlcKa2UGNbotNo8rqYk7jk3\/V2oV+5mtqQyMLwwl2dZsqWl+SUjX5Mp7u3jqizoYeVg8\/Ek9GeoJeqfKd1oa1kmHClbWVVlpR6te6+koW+5OSejomGpFvjV4PF47Wc5a3Tm1SyUrqWTLCCZ5C7rqLXi5t9o2a3bqCJccnlps3upOVwpl2eoqzct6rfzYVGdpfi68fbnLWn1Z\/AvOxrdcyhkE+f2ZnZo5uou7eaqLCm19zVus+Cy5DdxrPNlXzDsnahhqRnZGdsnpFys5JTXIKhqK2GnW+Cbp9klIWqfnSpd5lZZ7FjnXtWaI57Unl2cp2fk4yLVpxhso6s1w==\" data-l=\"fr\">\n                    Next\n                <\/button>\n<h2>\n\t\t\tSoutenez-nous\t<\/h2>\n\t<p>L&rsquo;Institut canadien de recherches avanc\u00e9es (CIFAR) est une organisation de recherche d&rsquo;influence mondiale fi\u00e8rement bas\u00e9e au Canada. Nous mobilisons les plus brillants personnes du monde, dans toutes les disciplines et \u00e0 tous les stades de carri\u00e8re, pour faire progresser les connaissances transformatrices et r\u00e9soudre ensemble les plus grands probl\u00e8mes de l&rsquo;humanit\u00e9. Nous recevons l&rsquo;appui des gouvernements du Canada, de l&rsquo;Alberta et du Qu\u00e9bec, ainsi que de fondations, de particuliers, d&rsquo;entreprises et d&rsquo;organisations partenaires du Canada et du monde entier.<\/p>\n   <!-- Mandeep add class on anchor -->\n\t<a href=\"\/fr\/dons\/\" target=\"_self\">\n\t\t\t\t\tDons\t\t\t\t\t\t\t\n\t\t\t\t\t\t<\/a>\n\n","protected":false},"excerpt":{"rendered":"<p>Suivez-nous FaceBook Twitter YouTube LinkedIn Instagram NOTRE APPROCHE Nous rassemblons de brillants cerveaux pour aborder les questions les plus importantes auxquelles font face la science [&hellip;]<\/p>\n","protected":false},"author":65,"featured_media":35503,"parent":0,"menu_order":0,"comment_status":"closed","ping_status":"closed","template":"","meta":{"_acf_changed":false,"footnotes":""},"class_list":["post-39570","page","type-page","status-publish","has-post-thumbnail","hentry"],"acf":[],"yoast_head":"<!-- This site is optimized with the Yoast SEO plugin v27.2 - https:\/\/yoast.com\/product\/yoast-seo-wordpress\/ -->\n<title>CIFAR<\/title>\n<meta name=\"robots\" content=\"index, follow, max-snippet:-1, max-image-preview:large, max-video-preview:-1\" \/>\n<link rel=\"canonical\" href=\"https:\/\/cifar.ca\/fr\/programmes-de-recherche\/\" \/>\n<meta property=\"og:locale\" content=\"fr_FR\" \/>\n<meta property=\"og:type\" content=\"article\" \/>\n<meta property=\"og:title\" content=\"Programmes de recherche - CIFAR\" \/>\n<meta property=\"og:description\" content=\"Suivez-nous FaceBook Twitter YouTube LinkedIn Instagram NOTRE APPROCHE Nous rassemblons de brillants cerveaux pour aborder les questions les plus importantes auxquelles font face la science [&hellip;]\" \/>\n<meta property=\"og:url\" content=\"https:\/\/cifar.ca\/fr\/programmes-de-recherche\/\" \/>\n<meta property=\"og:site_name\" content=\"CIFAR\" \/>\n<meta property=\"article:modified_time\" content=\"2026-03-24T17:35:34+00:00\" \/>\n<meta property=\"og:image\" content=\"https:\/\/cifar.ca\/wp-content\/uploads\/2020\/09\/History-4.jpg\" \/>\n\t<meta property=\"og:image:width\" content=\"1280\" \/>\n\t<meta property=\"og:image:height\" content=\"540\" \/>\n\t<meta property=\"og:image:type\" content=\"image\/jpeg\" \/>\n<meta name=\"twitter:card\" content=\"summary_large_image\" \/>\n<meta name=\"twitter:label1\" content=\"Dur\u00e9e de lecture estim\u00e9e\" \/>\n\t<meta name=\"twitter:data1\" content=\"13 minutes\" \/>\n<script type=\"application\/ld+json\" class=\"yoast-schema-graph\">{\"@context\":\"https:\/\/schema.org\",\"@graph\":[{\"@type\":\"WebPage\",\"@id\":\"https:\/\/cifar.ca\/fr\/programmes-de-recherche\/\",\"url\":\"https:\/\/cifar.ca\/fr\/programmes-de-recherche\/\",\"name\":\"Programmes de recherche - CIFAR\",\"isPartOf\":{\"@id\":\"https:\/\/cifar.ca\/fr\/#website\"},\"primaryImageOfPage\":{\"@id\":\"https:\/\/cifar.ca\/fr\/programmes-de-recherche\/#primaryimage\"},\"image\":{\"@id\":\"https:\/\/cifar.ca\/fr\/programmes-de-recherche\/#primaryimage\"},\"thumbnailUrl\":\"https:\/\/cifar.ca\/wp-content\/uploads\/2020\/09\/History-4.jpg\",\"datePublished\":\"2018-04-25T13:41:05+00:00\",\"dateModified\":\"2026-03-24T17:35:34+00:00\",\"breadcrumb\":{\"@id\":\"https:\/\/cifar.ca\/fr\/programmes-de-recherche\/#breadcrumb\"},\"inLanguage\":\"fr-FR\",\"potentialAction\":[{\"@type\":\"ReadAction\",\"target\":[\"https:\/\/cifar.ca\/fr\/programmes-de-recherche\/\"]}]},{\"@type\":\"ImageObject\",\"inLanguage\":\"fr-FR\",\"@id\":\"https:\/\/cifar.ca\/fr\/programmes-de-recherche\/#primaryimage\",\"url\":\"https:\/\/cifar.ca\/wp-content\/uploads\/2020\/09\/History-4.jpg\",\"contentUrl\":\"https:\/\/cifar.ca\/wp-content\/uploads\/2020\/09\/History-4.jpg\",\"width\":1280,\"height\":540},{\"@type\":\"BreadcrumbList\",\"@id\":\"https:\/\/cifar.ca\/fr\/programmes-de-recherche\/#breadcrumb\",\"itemListElement\":[{\"@type\":\"ListItem\",\"position\":1,\"name\":\"Acceuil\",\"item\":\"https:\/\/cifar.ca\/fr\/\"},{\"@type\":\"ListItem\",\"position\":2,\"name\":\"Programmes de recherche\"}]},{\"@type\":\"WebSite\",\"@id\":\"https:\/\/cifar.ca\/fr\/#website\",\"url\":\"https:\/\/cifar.ca\/fr\/\",\"name\":\"CIFAR\",\"description\":\"Convoquer des esprits extraordinaires pour r\u00e9pondre aux questions les plus importantes auxquelles la science et l'humanit\u00e9 sont confront\u00e9es.\",\"publisher\":{\"@id\":\"https:\/\/cifar.ca\/fr\/#organization\"},\"potentialAction\":[{\"@type\":\"SearchAction\",\"target\":{\"@type\":\"EntryPoint\",\"urlTemplate\":\"https:\/\/cifar.ca\/fr\/?s={search_term_string}\"},\"query-input\":{\"@type\":\"PropertyValueSpecification\",\"valueRequired\":true,\"valueName\":\"search_term_string\"}}],\"inLanguage\":\"fr-FR\"},{\"@type\":\"Organization\",\"@id\":\"https:\/\/cifar.ca\/fr\/#organization\",\"name\":\"CIFAR\",\"url\":\"https:\/\/cifar.ca\/fr\/\",\"logo\":{\"@type\":\"ImageObject\",\"inLanguage\":\"fr-FR\",\"@id\":\"https:\/\/cifar.ca\/fr\/#\/schema\/logo\/image\/\",\"url\":\"https:\/\/cifar.ca\/wp-content\/uploads\/2020\/01\/cifar-logo-rgb-colour.png\",\"contentUrl\":\"https:\/\/cifar.ca\/wp-content\/uploads\/2020\/01\/cifar-logo-rgb-colour.png\",\"width\":1884,\"height\":681,\"caption\":\"CIFAR\"},\"image\":{\"@id\":\"https:\/\/cifar.ca\/fr\/#\/schema\/logo\/image\/\"}}]}<\/script>\n<!-- \/ Yoast SEO plugin. -->","yoast_head_json":{"title":"CIFAR","robots":{"index":"index","follow":"follow","max-snippet":"max-snippet:-1","max-image-preview":"max-image-preview:large","max-video-preview":"max-video-preview:-1"},"canonical":"https:\/\/cifar.ca\/fr\/programmes-de-recherche\/","og_locale":"fr_FR","og_type":"article","og_title":"Programmes de recherche - CIFAR","og_description":"Suivez-nous FaceBook Twitter YouTube LinkedIn Instagram NOTRE APPROCHE Nous rassemblons de brillants cerveaux pour aborder les questions les plus importantes auxquelles font face la science [&hellip;]","og_url":"https:\/\/cifar.ca\/fr\/programmes-de-recherche\/","og_site_name":"CIFAR","article_modified_time":"2026-03-24T17:35:34+00:00","og_image":[{"width":1280,"height":540,"url":"https:\/\/cifar.ca\/wp-content\/uploads\/2020\/09\/History-4.jpg","type":"image\/jpeg"}],"twitter_card":"summary_large_image","twitter_misc":{"Dur\u00e9e de lecture estim\u00e9e":"13 minutes"},"schema":{"@context":"https:\/\/schema.org","@graph":[{"@type":"WebPage","@id":"https:\/\/cifar.ca\/fr\/programmes-de-recherche\/","url":"https:\/\/cifar.ca\/fr\/programmes-de-recherche\/","name":"Programmes de recherche - CIFAR","isPartOf":{"@id":"https:\/\/cifar.ca\/fr\/#website"},"primaryImageOfPage":{"@id":"https:\/\/cifar.ca\/fr\/programmes-de-recherche\/#primaryimage"},"image":{"@id":"https:\/\/cifar.ca\/fr\/programmes-de-recherche\/#primaryimage"},"thumbnailUrl":"https:\/\/cifar.ca\/wp-content\/uploads\/2020\/09\/History-4.jpg","datePublished":"2018-04-25T13:41:05+00:00","dateModified":"2026-03-24T17:35:34+00:00","breadcrumb":{"@id":"https:\/\/cifar.ca\/fr\/programmes-de-recherche\/#breadcrumb"},"inLanguage":"fr-FR","potentialAction":[{"@type":"ReadAction","target":["https:\/\/cifar.ca\/fr\/programmes-de-recherche\/"]}]},{"@type":"ImageObject","inLanguage":"fr-FR","@id":"https:\/\/cifar.ca\/fr\/programmes-de-recherche\/#primaryimage","url":"https:\/\/cifar.ca\/wp-content\/uploads\/2020\/09\/History-4.jpg","contentUrl":"https:\/\/cifar.ca\/wp-content\/uploads\/2020\/09\/History-4.jpg","width":1280,"height":540},{"@type":"BreadcrumbList","@id":"https:\/\/cifar.ca\/fr\/programmes-de-recherche\/#breadcrumb","itemListElement":[{"@type":"ListItem","position":1,"name":"Acceuil","item":"https:\/\/cifar.ca\/fr\/"},{"@type":"ListItem","position":2,"name":"Programmes de recherche"}]},{"@type":"WebSite","@id":"https:\/\/cifar.ca\/fr\/#website","url":"https:\/\/cifar.ca\/fr\/","name":"CIFAR","description":"Convoquer des esprits extraordinaires pour r\u00e9pondre aux questions les plus importantes auxquelles la science et l'humanit\u00e9 sont confront\u00e9es.","publisher":{"@id":"https:\/\/cifar.ca\/fr\/#organization"},"potentialAction":[{"@type":"SearchAction","target":{"@type":"EntryPoint","urlTemplate":"https:\/\/cifar.ca\/fr\/?s={search_term_string}"},"query-input":{"@type":"PropertyValueSpecification","valueRequired":true,"valueName":"search_term_string"}}],"inLanguage":"fr-FR"},{"@type":"Organization","@id":"https:\/\/cifar.ca\/fr\/#organization","name":"CIFAR","url":"https:\/\/cifar.ca\/fr\/","logo":{"@type":"ImageObject","inLanguage":"fr-FR","@id":"https:\/\/cifar.ca\/fr\/#\/schema\/logo\/image\/","url":"https:\/\/cifar.ca\/wp-content\/uploads\/2020\/01\/cifar-logo-rgb-colour.png","contentUrl":"https:\/\/cifar.ca\/wp-content\/uploads\/2020\/01\/cifar-logo-rgb-colour.png","width":1884,"height":681,"caption":"CIFAR"},"image":{"@id":"https:\/\/cifar.ca\/fr\/#\/schema\/logo\/image\/"}}]}},"_links":{"self":[{"href":"https:\/\/cifar.ca\/fr\/wp-json\/wp\/v2\/pages\/39570","targetHints":{"allow":["GET"]}}],"collection":[{"href":"https:\/\/cifar.ca\/fr\/wp-json\/wp\/v2\/pages"}],"about":[{"href":"https:\/\/cifar.ca\/fr\/wp-json\/wp\/v2\/types\/page"}],"author":[{"embeddable":true,"href":"https:\/\/cifar.ca\/fr\/wp-json\/wp\/v2\/users\/65"}],"replies":[{"embeddable":true,"href":"https:\/\/cifar.ca\/fr\/wp-json\/wp\/v2\/comments?post=39570"}],"version-history":[{"count":0,"href":"https:\/\/cifar.ca\/fr\/wp-json\/wp\/v2\/pages\/39570\/revisions"}],"wp:featuredmedia":[{"embeddable":true,"href":"https:\/\/cifar.ca\/fr\/wp-json\/wp\/v2\/media\/35503"}],"wp:attachment":[{"href":"https:\/\/cifar.ca\/fr\/wp-json\/wp\/v2\/media?parent=39570"}],"curies":[{"name":"wp","href":"https:\/\/api.w.org\/{rel}","templated":true}]}}