{"id":52803,"date":"2022-06-09T13:19:16","date_gmt":"2022-06-09T17:19:16","guid":{"rendered":"https:\/\/cifar.ca\/notre-histoire\/programs-through-the-years\/"},"modified":"2025-12-17T06:56:50","modified_gmt":"2025-12-17T11:56:50","slug":"les-programmes-du-cifar-au-fil-des-ans","status":"publish","type":"page","link":"https:\/\/cifar.ca\/fr\/notre-histoire\/les-programmes-du-cifar-au-fil-des-ans\/","title":{"rendered":"Les programmes du CIFAR au fil des ans"},"content":{"rendered":"\r\n\r\n\t\t\t<h2>\r\n\t\t\tSuivez-nous\t\t<\/h2>\r\n\t\t<button class='connect square balloon white-transparent facebook left' data-url='https:\/\/www.facebook.com\/CIFAR\/' aria-haspopup=\"false\"   aria-label='Suis nous surFaceBook' data-balloon-pos='right'>\r\n\t\t\tFaceBook\r\n\t\t<\/button>\r\n\t\t<button class='connect square balloon white-transparent twitter' data-url='https:\/\/twitter.com\/cifar_news' aria-haspopup=\"false\"   aria-label='Suis nous surTwitter' data-balloon-pos='right'>\r\n\t\t\tTwitter\r\n\t\t<\/button>\r\n\t\t<button class='connect square balloon white-transparent youtube left' data-url='https:\/\/www.youtube.com\/channel\/UCZj1nnTIiutUjEg-22e8UTA' aria-haspopup=\"false\"   aria-label='Suis nous surYouTube' data-balloon-pos='right'>\r\n\t\t\tYouTube\r\n\t\t<\/button>\r\n\t\t<button class='connect square balloon white-transparent linkedin' data-url='https:\/\/ca.linkedin.com\/company\/canadian-institute-for-advanced-research' aria-haspopup=\"false\"   aria-label='Suis nous surLinkedIn' data-balloon-pos='right'>\r\n\t\t\tLinkedIn\r\n\t\t<\/button>\r\n\t\t<button class='connect square balloon white-transparent instagram left' data-url='https:\/\/www.instagram.com\/cifar.ca_fr\/' aria-haspopup=\"false\"   aria-label='Suis nous surInstagram' data-balloon-pos='right'>\r\n\t\t\tInstagram\r\n\t\t<\/button>\r\n\r\n\t\t\t\t<img loading=\"lazy\" decoding=\"async\" src=\"https:\/\/cifar.ca\/wp-content\/uploads\/2020\/09\/lines-for-web-2.0-small-01.png\" alt=\"smaller line_two\" itemprop=\"image\" height=\"34\" width=\"34\" title=\"lines for web 2.0 small -01\" onerror=\"this.style.display='none'\"  \/>\t\t\t\t\t\r\n\t<h2>1983<\/h2>\r\n<h3>Lancement du premier programme du CIFAR : Intelligence artificielle, robotique et soci\u00e9t\u00e9. <\/h3>\r\n<p>Au cours de la d\u00e9cennie qui a suivi, les scientifiques apportent d&rsquo;importantes contributions aux domaines de la vision artificielle et de la repr\u00e9sentation des connaissances. Parmi la premi\u00e8re cohorte de sp\u00e9cialistes figure Geoffrey Hinton dont les recherches influentes lui vaudront le titre de \u00ab parrain de l&rsquo;IA \u00bb.<\/p>\r\n<p>Ce programme marque le d\u00e9but du r\u00f4le pr\u00e9pond\u00e9rant du CIFAR en mati\u00e8re de leadership en IA au Canada et dans le monde.<\/p>\r\n                        \r\n                <!--[if IE 9]><video style=\"display: none;><![endif]-->\r\n                <source data-src=\"https:\/\/cifar.ca\/wp-content\/uploads\/2022\/06\/EvolutionaryBiology-430x409.jpg\"\r\n                    media=\"--media-collage-small\" \/>\r\n                <source data-src=\"https:\/\/cifar.ca\/wp-content\/uploads\/2022\/06\/EvolutionaryBiology-780x409.jpg\"\r\n                    media=\"--media-collage-medium\" \/>\r\n                <source data-src=\"https:\/\/cifar.ca\/wp-content\/uploads\/2022\/06\/EvolutionaryBiology.jpg \/>\u00a0\u00bb\r\n                <!--[if IE 9]><\/video><![endif]-->\r\n                <img data-src=\"https:\/\/cifar.ca\/wp-content\/uploads\/2022\/06\/EvolutionaryBiology.jpg\"\r\n                                        alt=\"\" \/>\r\n            \r\n                        \r\n                <!--[if IE 9]><video style=\"display: none;><![endif]-->\r\n                <source data-src=\"https:\/\/cifar.ca\/wp-content\/uploads\/2022\/06\/WernerIsrael_program-430x450.jpg\"\r\n                    media=\"--media-collage-small\" \/>\r\n                <source data-src=\"https:\/\/cifar.ca\/wp-content\/uploads\/2022\/06\/WernerIsrael_program-480x450.jpg\"\r\n                    media=\"--media-collage-medium\" \/>\r\n                <source data-src=\"https:\/\/cifar.ca\/wp-content\/uploads\/2022\/06\/WernerIsrael_program-480x450.jpg \/>\u00a0\u00bb\r\n                <!--[if IE 9]><\/video><![endif]-->\r\n                <img data-src=\"https:\/\/cifar.ca\/wp-content\/uploads\/2022\/06\/WernerIsrael_program-480x450.jpg\"\r\n                                        alt=\"Werner Israel\" \/>\r\n            \r\n                        \r\n                <!--[if IE 9]><video style=\"display: none;><![endif]-->\r\n                <source data-src=\"https:\/\/cifar.ca\/wp-content\/uploads\/2022\/06\/space-programs-430x450.jpg\"\r\n                    media=\"--media-collage-small\" \/>\r\n                <source data-src=\"https:\/\/cifar.ca\/wp-content\/uploads\/2022\/06\/space-programs-480x450.jpg\"\r\n                    media=\"--media-collage-medium\" \/>\r\n                <source data-src=\"https:\/\/cifar.ca\/wp-content\/uploads\/2022\/06\/space-programs-480x450.jpg \/>\u00a0\u00bb\r\n                <!--[if IE 9]><\/video><![endif]-->\r\n                <img data-src=\"https:\/\/cifar.ca\/wp-content\/uploads\/2022\/06\/space-programs-480x450.jpg\"\r\n                                        alt=\"\" \/>\r\n            \r\n\t\t\t\t<img loading=\"lazy\" decoding=\"async\" src=\"https:\/\/cifar.ca\/wp-content\/uploads\/2020\/09\/lines-for-web-2.0-small-01.png\" alt=\"smaller line_two\" itemprop=\"image\" height=\"34\" width=\"34\" title=\"lines for web 2.0 small -01\" onerror=\"this.style.display='none'\"  \/>\t\t\t\t\t\r\n\t<h2>1986<\/h2>\r\n<h3>Lancement des programmes Biologie \u00e9volutive, Cosmologie et gravit\u00e9 et Droit et soci\u00e9t\u00e9<\/h3>\r\n<p>Le programme Biologie \u00e9volutive du CIFAR d\u00e9bute. Il prend fin en 2007, apr\u00e8s avoir jet\u00e9 les assises de la plupart des recherches en biologie \u00e9volutive en cours dans le monde.<\/p>\r\n<p>Le CIFAR lance son deuxi\u00e8me programme de recherche, Cosmologie et gravit\u00e9, qui r\u00e9unit des sp\u00e9cialistes de l&rsquo;astrophysique, de la th\u00e9orie des cordes, de la relativit\u00e9 et de la cosmologie pour favoriser la recherche interdisciplinaire sur les origines, l&rsquo;\u00e9volution et la dynamique de l&rsquo;Univers.<\/p>\r\n<p>Le CIFAR lance le programme Droit et soci\u00e9t\u00e9, plus tard appel\u00e9 Loi et d\u00e9terminants de l&rsquo;ordre social. Le programme \u00e9tudie les influences r\u00e9ciproques des lois \u00e9tatiques et des normes soci\u00e9tales, ainsi que la relation entre le droit \u00e9tatique et le droit coutumier, jusqu&rsquo;\u00e0 sa conclusion en 1997.<\/p>\r\n<p>Photos ci-dessus : Photo de groupe de la r\u00e9union du programme Biologie \u00e9volutive en 1990, et membre fondateur du programme Cosmologie et gravit\u00e9 du CIFAR et membre distingu\u00e9, Werner Israel.<\/p>\r\n\t\t\t\t<img loading=\"lazy\" decoding=\"async\" src=\"https:\/\/cifar.ca\/wp-content\/uploads\/2020\/09\/lines-for-web-2.0-small-01.png\" alt=\"smaller line_two\" itemprop=\"image\" height=\"34\" width=\"34\" title=\"lines for web 2.0 small -01\" onerror=\"this.style.display='none'\"  \/>\t\t\t\t\t\r\n\t<h2>1987<\/h2>\r\n<h3>Lancement des programmes Sant\u00e9 des populations et Supraconductivit\u00e9<\/h3>\r\n<p>Le programme Sant\u00e9 des populations est lanc\u00e9; il r\u00e9unit notamment des sp\u00e9cialistes de l&rsquo;\u00e9conomie, des politiques publiques, de la politique et de l&rsquo;anthropologie. Leurs r\u00e9sultats permettent de mieux comprendre les facteurs sociaux qui influencent la sant\u00e9 des individus et des groupes.<\/p>\r\n<p>Le programme Supraconductivit\u00e9 est lanc\u00e9; il rassemble diverses comp\u00e9tences du Canada et d&rsquo;ailleurs pour \u00e9tudier des compos\u00e9s nouvellement d\u00e9couverts afin d&rsquo;am\u00e9liorer le transport de l&rsquo;\u00e9nergie. Le programme est plus tard renomm\u00e9 <a href=\"https:\/\/cifar.ca\/fr\/programmes-de-recherche\/materiaux-quantiques\/\" target=\"_blank\" rel=\"noopener\">Mat\u00e9riaux quantiques<\/a>.<\/p>\r\n\t\t\t\t<img loading=\"lazy\" decoding=\"async\" src=\"https:\/\/cifar.ca\/wp-content\/uploads\/2022\/06\/QM_Superconductivity.jpg\" alt=\"QM_Superconductivity\" itemprop=\"image\" height=\"558\" width=\"800\" title=\"QM_Superconductivity\" onerror=\"this.style.display='none'\"  \/>\t\t\t\t\t\r\n\t<p>La compr\u00e9hension du magn\u00e9tisme complexe des mat\u00e9riaux quantiques pourrait aider les scientifiques \u00e0 pr\u00e9voir un comportement similaire dans d&rsquo;autres syst\u00e8mes complexes comme les supraconducteurs, un \u00e9tat de la mati\u00e8re sans r\u00e9sistance \u00e9lectrique qui emp\u00eache le passage des champs magn\u00e9tiques. Actuellement, on observe surtout la supraconductivit\u00e9 (photo ci-dessus) \u00e0 tr\u00e8s basse temp\u00e9rature.<\/p>\r\n\t\t\t\t<img loading=\"lazy\" decoding=\"async\" src=\"https:\/\/cifar.ca\/wp-content\/uploads\/2020\/09\/lines-for-web-2.0-small-03.png\" alt=\"smaller line_one\" itemprop=\"image\" height=\"34\" width=\"34\" title=\"lines for web 2.0 small -03\" onerror=\"this.style.display='none'\"  \/>\t\t\t\t\t\r\n\t<h2>1991<\/h2>\r\n<h3>Lancement du programme Croissance et politique \u00e9conomiques<\/h3>\r\n<p>Les scientifiques cherchent \u00e0 comprendre la relation entre les changements technologiques et la croissance \u00e9conomique et, ce faisant, \u00e0 mieux cerner l&rsquo;incidence de la technologie sur la productivit\u00e9. Le programme prend fin en 2002.<\/p>\r\n\t\t\t\t<img loading=\"lazy\" decoding=\"async\" src=\"https:\/\/cifar.ca\/wp-content\/uploads\/2020\/09\/lines-for-web-2.0-small-01.png\" alt=\"smaller line_two\" itemprop=\"image\" height=\"34\" width=\"34\" title=\"lines for web 2.0 small -01\" onerror=\"this.style.display='none'\"  \/>\t\t\t\t\t\r\n\t<h2>1992<\/h2>\r\n<h3>Le CIFAR lance trois nouveaux programmes : Science des surfaces et des interfaces molles, \u00c9volution du syst\u00e8me terrestre et D\u00e9veloppement humain.<\/h3>\r\n<p>Le programme Science des surfaces et des interfaces molles, en activit\u00e9 jusqu&rsquo;en 2000, nous a aid\u00e9s \u00e0 comprendre les propri\u00e9t\u00e9s mat\u00e9rielles des syst\u00e8mes organiques vivants. <\/p>\r\n<p>Pendant 22 ans, le programme \u00c9volution du syst\u00e8me terrestre \u00e9tudie les influences globales de l&rsquo;\u00e9volution de la Terre au fil de ses 4,5 milliards d&rsquo;ann\u00e9es. <\/p>\r\n<p>Les membres du programme D\u00e9veloppement humain cherchent \u00e0 comprendre l&rsquo;effet des influences sociales sur le d\u00e9veloppement humain et la fa\u00e7on dont les soci\u00e9t\u00e9s acqui\u00e8rent les comp\u00e9tences n\u00e9cessaires pour s&rsquo;adapter aux changements technologiques, \u00e9conomiques et sociaux; le programme prend fin en 2003.<\/p>\r\n\t\t\t\t<img loading=\"lazy\" decoding=\"async\" src=\"https:\/\/cifar.ca\/wp-content\/uploads\/2020\/09\/lines-for-web-2.0-small-03.png\" alt=\"smaller line_one\" itemprop=\"image\" height=\"34\" width=\"34\" title=\"lines for web 2.0 small -03\" onerror=\"this.style.display='none'\"  \/>\t\t\t\t\t\r\n\t<h2>1999<\/h2>\r\n<h3>Lancement du programme Nano\u00e9lectronique<\/h3>\r\n<p>Le programme vise \u00e0 d\u00e9couvrir de nouvelles technologies non bas\u00e9es sur le silicium qui peuvent surmonter les limites d&rsquo;\u00e9chelle auxquelles sont confront\u00e9es les industries \u00e9tablies des semi-conducteurs. Les membres collaborent avec succ\u00e8s et r\u00e9alisent plusieurs perc\u00e9es au cours des 15 ann\u00e9es suivantes, notamment en manipulant pour la premi\u00e8re fois les \u00e9tats de spin de trois \u00e9lectrons en interaction et en cr\u00e9ant l&rsquo;un des plus petits circuits \u00e9lectroniques du monde.<\/p>\r\n\t\t\t\t<img loading=\"lazy\" decoding=\"async\" src=\"https:\/\/cifar.ca\/wp-content\/uploads\/2020\/09\/lines-for-web-2.0-small-01.png\" alt=\"smaller line_two\" itemprop=\"image\" height=\"34\" width=\"34\" title=\"lines for web 2.0 small -01\" onerror=\"this.style.display='none'\"  \/>\t\t\t\t\t\r\n\t<h2>2002<\/h2>\r\n<h3>Lancement des programmes Bien-\u00eatre collectif et Informatique quantique<\/h3>\r\n<p>Le programme <a href=\"https:\/\/cifar.ca\/fr\/programmes-de-recherche\/bien-etre-collectif\/\" target=\"_blank\" rel=\"noopener\">Bien-\u00eatre collectif<\/a> vise \u00e0 comprendre, \u00e0 partir de multiples perspectives, les influences qui favorisent le bien-\u00eatre d&rsquo;une soci\u00e9t\u00e9. Les membres se penchent sur des questions comme l&rsquo;in\u00e9galit\u00e9 durable, les identit\u00e9s collectives et leurs effets sur le bien-\u00eatre, l&rsquo;int\u00e9gration multiculturelle et le r\u00f4le des institutions en tant que ressources sociales.<\/p>\r\n<p>Le programme <a href=\"https:\/\/cifar.ca\/fr\/programmes-de-recherche\/informatique-quantique\/\" target=\"_blank\" rel=\"noopener\">Informatique quantique<\/a> r\u00e9unit des scientifiques ayant un parcours th\u00e9orique ou exp\u00e9rimental afin d&rsquo;exploiter le comportement inhabituel de la m\u00e9canique quantique et d&rsquo;am\u00e9liorer notre compr\u00e9hension de l&rsquo;informatique quantique.<\/p>\r\n\t\t\t\t<img loading=\"lazy\" decoding=\"async\" src=\"https:\/\/cifar.ca\/wp-content\/uploads\/2022\/06\/E6-6_Lamont__Hall.jpg\" alt=\"E6-6_Lamont__Hall\" itemprop=\"image\" height=\"392\" width=\"600\" title=\"E6-6_Lamont__Hall\" onerror=\"this.style.display='none'\"  \/>\t\t\t\t\t\r\n\t<p>Mich\u00e8le Lamont, coresponsable du programme Bien-\u00eatre collectif, et Peter A. Hall, membre.<\/p>\r\n\t\t\t\t<img loading=\"lazy\" decoding=\"async\" src=\"https:\/\/cifar.ca\/wp-content\/uploads\/2020\/09\/lines-for-web-2.0-small-01.png\" alt=\"smaller line_two\" itemprop=\"image\" height=\"34\" width=\"34\" title=\"lines for web 2.0 small -01\" onerror=\"this.style.display='none'\"  \/>\t\t\t\t\t\r\n\t<h2>2003<\/h2>\r\n<h3>Lancement du programme D\u00e9veloppement c\u00e9r\u00e9bral et biologique fond\u00e9 sur l&rsquo;exp\u00e9rience (qui devient plus tard le programme D\u00e9veloppement du cerveau et de l&rsquo;enfant)<\/h3>\r\n<p>Le CIFAR lance le programme D\u00e9veloppement c\u00e9r\u00e9bral et biologique fond\u00e9 sur l&rsquo;exp\u00e9rience en se basant sur des questions soulev\u00e9es par les programmes Sant\u00e9 des populations et D\u00e9veloppement humain du CIFAR. Le programme vise \u00e0 comprendre comment les premi\u00e8res exp\u00e9riences sociales influencent la sant\u00e9 mentale et physique tout au long de la vie. Sans se limiter \u00e0 l&rsquo;un ou l&rsquo;autre camp du d\u00e9bat \u00ab inn\u00e9 ou acquis \u00bb, les membres cherchent \u00e0 comprendre les interactions entre les deux.<\/p>\r\n\t\t\t\t<img loading=\"lazy\" decoding=\"async\" src=\"https:\/\/cifar.ca\/wp-content\/uploads\/2022\/06\/CBD_history.jpg\" alt=\"CBD_history\" itemprop=\"image\" height=\"654\" width=\"1000\" title=\"CBD_history\" onerror=\"this.style.display='none'\"  \/>\t\t\t\t\t\r\n\t<p>Les membres du programme D\u00e9veloppement du cerveau et de l&rsquo;enfant, Charles Nelson et Michael Kobor, et Megan Gunnar, membre auxiliaire, ont discut\u00e9 de la fa\u00e7on dont la recherche pouvait aider les enfants \u00e0 surmonter l&rsquo;adversit\u00e9 et \u00e0 r\u00e9aliser leur plein potentiel dans le <a href=\"https:\/\/cifar.ca\/wp-content\/uploads\/2020\/05\/CIFAR_Reach-digital-2016-FR.pdf\" target=\"_blank\" rel=\"noopener\">num\u00e9ro du printemps 2016 de REACH<\/a>.<\/p>\r\n\t\t\t\t<img loading=\"lazy\" decoding=\"async\" src=\"https:\/\/cifar.ca\/wp-content\/uploads\/2020\/09\/lines-for-web-2.0-small-03.png\" alt=\"smaller line_one\" itemprop=\"image\" height=\"34\" width=\"34\" title=\"lines for web 2.0 small -03\" onerror=\"this.style.display='none'\"  \/>\t\t\t\t\t\r\n\t<h2>2004<\/h2>\r\n<h3>Lancement des programmes Institutions, organisations et croissance et Calcul neuronal et perception adaptative<\/h3>\r\n<p>Le programme <a href=\"https:\/\/cifar.ca\/fr\/programmes-de-recherche\/institutions-organisations-et-croissance\/\" target=\"_blank\" rel=\"noopener\">Institutions, organisations et croissance<\/a> \u00e9tudie les facteurs qui conduisent aux in\u00e9galit\u00e9s \u00e9conomiques \u00e0 travers le monde. Les membres se concentrent sur les interactions complexes entre la croissance \u00e9conomique, les organisations et les institutions comme les syst\u00e8mes de gouvernement, les lois ou les valeurs communautaires. Les r\u00e9sultats que continuent \u00e0 obtenir les membres du programme contribuent \u00e0 l&rsquo;\u00e9laboration de politiques dans le monde entier sur des sujets tels que le commerce et les droits des femmes.<\/p>\r\n<p>Le programme Calcul neuronal et perception adaptative, d\u00e9sormais appel\u00e9 <a href=\"https:\/\/cifar.ca\/fr\/programmes-de-recherche\/apprentissage-automatique-apprentissage-biologiques\/\" target=\"_blank\" rel=\"noopener\">Apprentissage automatique, apprentissage biologique<\/a>, cherche \u00e0 comprendre l&rsquo;architecture et les m\u00e9canismes du cerveau, ainsi que la mani\u00e8re dont certaines de ses capacit\u00e9s de traitement pourraient \u00eatre reproduites dans des syst\u00e8mes num\u00e9riques.<\/p>\r\n\t\t\t\t<img loading=\"lazy\" decoding=\"async\" src=\"https:\/\/cifar.ca\/wp-content\/uploads\/2020\/09\/lines-for-web-2.0-small-01.png\" alt=\"smaller line_two\" itemprop=\"image\" height=\"34\" width=\"34\" title=\"lines for web 2.0 small -01\" onerror=\"this.style.display='none'\"  \/>\t\t\t\t\t\r\n\t<h2>2005<\/h2>\r\n<h3>Lancement des programmes Interactions sociales, identit\u00e9 et bien-\u00eatre et R\u00e9seaux g\u00e9n\u00e9tiques<\/h3>\r\n<p>Le programme Interactions sociales, identit\u00e9 et bien-\u00eatre comble le foss\u00e9 entre la recherche th\u00e9orique sur l&rsquo;identit\u00e9 et les \u00e9tudes empiriques sur le bien-\u00eatre. Il r\u00e9unit des sp\u00e9cialistes de l&rsquo;\u00e9conomie, des politiques publiques, de la psychologie sociale et de la sociologie, et int\u00e8gre dans la recherche \u00e9conomique des facteurs non financiers qui se r\u00e9v\u00e8lent importants pour les d\u00e9cisions et le bien-\u00eatre des individus.<\/p>\r\n<p>Le programme <a href=\"https:\/\/cifar.ca\/fr\/programmes-de-recherche\/reseaux-genetiques\/\" target=\"_blank\" rel=\"noopener\">R\u00e9seaux g\u00e9n\u00e9tiques<\/a> \u00e9tudie le fonctionnement des g\u00e8nes dans les cellules normales et anormales de syst\u00e8mes mod\u00e8les simples comme la levure et les vers. Les membres du programme \u00e9tudient les interactions entre les g\u00e8nes, leur degr\u00e9 de conservation d&rsquo;une esp\u00e8ce \u00e0 l&rsquo;autre et les r\u00e9percussions sur la pr\u00e9vention de l&rsquo;apparition de troubles ou de maladies chez l&rsquo;\u00eatre humain.<\/p>\r\n\t\t\t\t<img loading=\"lazy\" decoding=\"async\" src=\"https:\/\/cifar.ca\/wp-content\/uploads\/2022\/06\/GN-programhistory_FR.jpg\" alt=\"GN-programhistory_FR\" itemprop=\"image\" height=\"364\" width=\"600\" title=\"GN-programhistory_FR\" onerror=\"this.style.display='none'\"  \/>\t\t\t\t\t\r\n\t<p>La premi\u00e8re carte \u00e0 pleine \u00e9chelle des relations g\u00e9n\u00e9tiques dans une cellule eucaryote.<\/p>\r\n\t\t\t\t<img loading=\"lazy\" decoding=\"async\" src=\"https:\/\/cifar.ca\/wp-content\/uploads\/2020\/09\/lines-for-web-2.0-small-01.png\" alt=\"smaller line_two\" itemprop=\"image\" height=\"34\" width=\"34\" title=\"lines for web 2.0 small -01\" onerror=\"this.style.display='none'\"  \/>\t\t\t\t\t\r\n\t<h2>2007<\/h2>\r\n<h3>Lancement du programme Biodiversit\u00e9 microbienne int\u00e9gr\u00e9e<\/h3>\r\n<p>Le programme Biodiversit\u00e9 microbienne int\u00e9gr\u00e9e met \u00e0 profit de nouvelles techniques pour isoler, cultiver et \u00e9tudier les microorganismes pr\u00e9sents dans l&rsquo;air, l&rsquo;eau et le sol de la Terre. Les membres du programme tirent parti des progr\u00e8s de la biologie mol\u00e9culaire et computationnelle pour apprendre comment ces cr\u00e9atures prolif\u00e8rent dans des environnements radicalement diff\u00e9rents et en \u00e9volution dans le monde entier, et entra\u00eenent des r\u00e9percussions sur l&rsquo;industrie, le climat et la m\u00e9decine.<\/p>\r\n\t\t\t\t<img loading=\"lazy\" decoding=\"async\" src=\"https:\/\/cifar.ca\/wp-content\/uploads\/2020\/01\/reach2016_healthyoceans.png\" alt=\"post_content\" itemprop=\"image\" height=\"605\" width=\"1280\" title=\"reach2016_healthyoceans\" onerror=\"this.style.display='none'\"  \/>\t\t\t\t\t\r\n\t<p>Les membres du programme Biodiversit\u00e9 microbienne int\u00e9gr\u00e9e \u00e9tudient les protistes, un groupe de microorganismes d&rsquo;une grande importance pour la sant\u00e9 des r\u00e9cifs coralliens et des oc\u00e9ans en g\u00e9n\u00e9ral. <a href=\"https:\/\/cifar.ca\/fr\/cifarnews\/2016\/06\/17\/oc-ans-en-sant\/\" target=\"_blank\" rel=\"noopener\">Pour en savoir plus<\/a> sur leurs recherches, lisez l&rsquo;article de REACH 2016 intitul\u00e9 \u00ab Oc\u00e9ans en bonne sant\u00e9 \u00bb. <\/p>\r\n                        \r\n                <!--[if IE 9]><video style=\"display: none;><![endif]-->\r\n                <source data-src=\"https:\/\/cifar.ca\/wp-content\/uploads\/2022\/06\/Mel-Adrian_BMC-430x450.jpg\"\r\n                    media=\"--media-collage-small\" \/>\r\n                <source data-src=\"https:\/\/cifar.ca\/wp-content\/uploads\/2022\/06\/Mel-Adrian_BMC-780x450.jpg\"\r\n                    media=\"--media-collage-medium\" \/>\r\n                <source data-src=\"https:\/\/cifar.ca\/wp-content\/uploads\/2022\/06\/Mel-Adrian_BMC.jpg \/>\u00a0\u00bb\r\n                <!--[if IE 9]><\/video><![endif]-->\r\n                <img data-src=\"https:\/\/cifar.ca\/wp-content\/uploads\/2022\/06\/Mel-Adrian_BMC.jpg\"\r\n                                        alt=\"\" \/>\r\n            \r\n                        \r\n                <!--[if IE 9]><video style=\"display: none;><![endif]-->\r\n                <source data-src=\"https:\/\/cifar.ca\/wp-content\/uploads\/2022\/06\/AlanAspuru_Guzik_program-430x450.jpg\"\r\n                    media=\"--media-collage-small\" \/>\r\n                <source data-src=\"https:\/\/cifar.ca\/wp-content\/uploads\/2022\/06\/AlanAspuru_Guzik_program-480x450.jpg\"\r\n                    media=\"--media-collage-medium\" \/>\r\n                <source data-src=\"https:\/\/cifar.ca\/wp-content\/uploads\/2022\/06\/AlanAspuru_Guzik_program-480x450.jpg \/>\u00a0\u00bb\r\n                <!--[if IE 9]><\/video><![endif]-->\r\n                <img data-src=\"https:\/\/cifar.ca\/wp-content\/uploads\/2022\/06\/AlanAspuru_Guzik_program-480x450.jpg\"\r\n                                        alt=\"\" \/>\r\n            \r\n                        \r\n                <!--[if IE 9]><video style=\"display: none;><![endif]-->\r\n                <source data-src=\"https:\/\/cifar.ca\/wp-content\/uploads\/2022\/06\/HMB_JanetRossant-430x450.jpg\"\r\n                    media=\"--media-collage-small\" \/>\r\n                <source data-src=\"https:\/\/cifar.ca\/wp-content\/uploads\/2022\/06\/HMB_JanetRossant-480x450.jpg\"\r\n                    media=\"--media-collage-medium\" \/>\r\n                <source data-src=\"https:\/\/cifar.ca\/wp-content\/uploads\/2022\/06\/HMB_JanetRossant-480x450.jpg \/>\u00a0\u00bb\r\n                <!--[if IE 9]><\/video><![endif]-->\r\n                <img data-src=\"https:\/\/cifar.ca\/wp-content\/uploads\/2022\/06\/HMB_JanetRossant-480x450.jpg\"\r\n                                        alt=\"\" \/>\r\n            \r\n\t\t\t\t<img loading=\"lazy\" decoding=\"async\" src=\"https:\/\/cifar.ca\/wp-content\/uploads\/2020\/09\/lines-for-web-2.0-small-01.png\" alt=\"smaller line_two\" itemprop=\"image\" height=\"34\" width=\"34\" title=\"lines for web 2.0 small -01\" onerror=\"this.style.display='none'\"  \/>\t\t\t\t\t\r\n\t<h2>2015<\/h2>\r\n<h3>Lancement des programmes \u00c9nergie solaire bio-inspir\u00e9e, Cerveau, esprit et conscience, Microbiome humain et Architecture mol\u00e9culaire de la vie<\/h3>\r\n\t<p>Le programme <a href=\"https:\/\/cifar.ca\/fr\/programmes-de-recherche\/cerveau-esprit-et-conscience\/\" target=\"_blank\" rel=\"noopener\">Cerveau, esprit et conscience<\/a> r\u00e9unit des sp\u00e9cialistes de la philosophie, du droit et de la biologie pour \u00e9tudier la conscience &#8211; sa nature, sa manifestation et le r\u00f4le qu&rsquo;y joue le cerveau. Ces recherches ont des r\u00e9percussions sur notre compr\u00e9hension de l&rsquo;exp\u00e9rience humaine, de la technologie et de troubles comme la schizophr\u00e9nie.<\/p>\r\n\t<p>Le programme <a href=\"https:\/\/cifar.ca\/fr\/programmes-de-recherche\/energie-solaire-bio-inspiree\/\" target=\"_blank\" rel=\"noopener\">\u00c9nergie solaire bio-inspir\u00e9e<\/a> prend mod\u00e8le sur la biologie pour trouver de meilleures fa\u00e7ons d&rsquo;exploiter et de stocker l&rsquo;\u00e9nergie du soleil. Gr\u00e2ce \u00e0 ces connaissances, les membres du programme esp\u00e8rent reproduire le processus pour obtenir une \u00e9nergie moins co\u00fbteuse, plus efficace et plus fiable.<\/p>\r\n\t<p>Le programme <a href=\"https:\/\/cifar.ca\/fr\/programmes-de-recherche\/microbiome-humain\/\" target=\"_blank\" rel=\"noopener\">Microbiome humain<\/a> adopte une approche int\u00e9gr\u00e9e \u00e0 l&rsquo;\u00e9tude de la relation entre l&rsquo;\u00eatre humain et les diverses esp\u00e8ces microbiennes qui l&rsquo;habitent. En r\u00e9unissant des sp\u00e9cialistes de diff\u00e9rents domaines, le programme vise \u00e0 mieux comprendre le r\u00f4le des bact\u00e9ries et autres microbiotes dans l&rsquo;\u00e9volution, les comportements et la sant\u00e9 de l&rsquo;\u00eatre humain.<\/p>\r\n\t<p>Le programme <a href=\"https:\/\/cifar.ca\/fr\/programmes-de-recherche\/architecture-moleculaire-de-la-vie\/\" target=\"_blank\" rel=\"noopener\">Architecture mol\u00e9culaire de la vie<\/a> s&rsquo;attaque au d\u00e9fi de brosser le tableau des \u00e9tapes individuelles qui conduisent aux processus biologiques que nous appelons la vie. De nouvelles d\u00e9couvertes en la mati\u00e8re pourraient am\u00e9liorer les diagnostics, l&rsquo;administration de m\u00e9dicaments et la compr\u00e9hension de la vie sur Terre.<\/p>\r\n\t<p>Photos ci-dessus : Les coresponsables fondateurs du programme Cerveau, esprit et conscience, Adrian Owen et Melvyn Goodale; le coresponsable du programme \u00c9nergie solaire bio-inspir\u00e9e, Al\u00e1n Aspuru-Guzik; et la coresponsable fondatrice du programme Microbiome humain, Janet Rossant.<\/p>\r\n                        \r\n                <!--[if IE 9]><video style=\"display: none;><![endif]-->\r\n                <source data-src=\"https:\/\/cifar.ca\/wp-content\/uploads\/2022\/06\/GlobalCallGala_Irene2-430x450.jpg\"\r\n                    media=\"--media-collage-small\" \/>\r\n                <source data-src=\"https:\/\/cifar.ca\/wp-content\/uploads\/2022\/06\/GlobalCallGala_Irene2-780x450.jpg\"\r\n                    media=\"--media-collage-medium\" \/>\r\n                <source data-src=\"https:\/\/cifar.ca\/wp-content\/uploads\/2022\/06\/GlobalCallGala_Irene2.jpg \/>\u00a0\u00bb\r\n                <!--[if IE 9]><\/video><![endif]-->\r\n                <img data-src=\"https:\/\/cifar.ca\/wp-content\/uploads\/2022\/06\/GlobalCallGala_Irene2.jpg\"\r\n                                        alt=\"\" \/>\r\n            \r\n                        \r\n                <!--[if IE 9]><video style=\"display: none;><![endif]-->\r\n                <source data-src=\"https:\/\/cifar.ca\/wp-content\/uploads\/2022\/06\/Barbara-Sherwood-Lollar2-430x451.jpg\"\r\n                    media=\"--media-collage-small\" \/>\r\n                <source data-src=\"https:\/\/cifar.ca\/wp-content\/uploads\/2022\/06\/Barbara-Sherwood-Lollar2.jpg\"\r\n                    media=\"--media-collage-medium\" \/>\r\n                <source data-src=\"https:\/\/cifar.ca\/wp-content\/uploads\/2022\/06\/Barbara-Sherwood-Lollar2.jpg \/>\u00a0\u00bb\r\n                <!--[if IE 9]><\/video><![endif]-->\r\n                <img data-src=\"https:\/\/cifar.ca\/wp-content\/uploads\/2022\/06\/Barbara-Sherwood-Lollar2.jpg\"\r\n                                        alt=\"\" \/>\r\n            \r\n                        \r\n                <!--[if IE 9]><video style=\"display: none;><![endif]-->\r\n                <source data-src=\"https:\/\/cifar.ca\/wp-content\/uploads\/2022\/06\/IPE_programpage-430x450.jpg\"\r\n                    media=\"--media-collage-small\" \/>\r\n                <source data-src=\"https:\/\/cifar.ca\/wp-content\/uploads\/2022\/06\/IPE_programpage-480x450.jpg\"\r\n                    media=\"--media-collage-medium\" \/>\r\n                <source data-src=\"https:\/\/cifar.ca\/wp-content\/uploads\/2022\/06\/IPE_programpage-480x450.jpg \/>\u00a0\u00bb\r\n                <!--[if IE 9]><\/video><![endif]-->\r\n                <img data-src=\"https:\/\/cifar.ca\/wp-content\/uploads\/2022\/06\/IPE_programpage-480x450.jpg\"\r\n                                        alt=\"\" \/>\r\n            \r\n\t\t\t\t<img loading=\"lazy\" decoding=\"async\" src=\"https:\/\/cifar.ca\/wp-content\/uploads\/2020\/09\/lines-for-web-2.0-small-01.png\" alt=\"smaller line_two\" itemprop=\"image\" height=\"34\" width=\"34\" title=\"lines for web 2.0 small -01\" onerror=\"this.style.display='none'\"  \/>\t\t\t\t\t\r\n\t<h2>2019<\/h2>\r\n<h3>Lancement des programmes Fronti\u00e8res, groupes et appartenance, Terre 4D : science et exploration du sous-sol, R\u00e8gne fongique : menaces et possibilit\u00e9s et Innovation, \u00e9quit\u00e9 et avenir de la prosp\u00e9rit\u00e9<\/h3>\r\n\t<p><strong><a href=\"https:\/\/cifar.ca\/fr\/programmes-de-recherche\/frontieres-groupes-et-appartenance\/\" target=\"_blank\" rel=\"noopener\">Fronti\u00e8res, groupes et appartenance<\/a> : <\/strong>Toutes les soci\u00e9t\u00e9s font une distinction entre les membres et les non-membres. Le programme Fronti\u00e8res, groupes et appartenance explore comment cr\u00e9er et habiliter des groupes sans renforcer des id\u00e9es qui produisent divisions et hi\u00e9rarchies pernicieuses. Le programme r\u00e9unit des sp\u00e9cialistes de premier plan des sciences sociales et des th\u00e9oriciens politiques et juridiques qui \u0153uvrent en collaboration pour donner un sens \u00e0 la politique de l&rsquo;appartenance.<\/p>\r\n\t<p><a href=\"https:\/\/cifar.ca\/fr\/programmes-de-recherche\/terre-4d-science-et-exploration-du-sous-sol\/\" target=\"_blank\" rel=\"noopener\"><strong>Terre 4D<\/strong><\/a> : Sous nos pieds se trouve un vaste monde inexplor\u00e9 compos\u00e9 de dizaines de kilom\u00e8tres de cro\u00fbte \u00e9paisse renfermant de l&rsquo;eau, des gaz, des nutriments, des ressources et diverses formes de vie. L&rsquo;\u00e9quipe multidisciplinaire du programme Terre 4D fait appel \u00e0 la g\u00e9ologie, \u00e0 la chimie, aux sciences plan\u00e9taires et au g\u00e9nie pour \u00e9tudier les interactions entre le sous-sol et la surface de la Terre. Elle cherche \u00e0 approfondir notre compr\u00e9hension de l&rsquo;\u00e9volution plan\u00e9taire et \u00e0 accro\u00eetre la possibilit\u00e9 de trouver de la vie ailleurs.<\/p>\r\n\t<p><strong><a href=\"https:\/\/cifar.ca\/fr\/programmes-de-recherche\/innovation-equite-et-avenir-de-la-prosperite\/\" target=\"_blank\" rel=\"noopener\">Innovation, \u00e9quit\u00e9 et avenir de la prosp\u00e9rit\u00e9<\/a> :<\/strong> Les avantages associ\u00e9s \u00e0 l&rsquo;innovation ont tendance \u00e0 profiter \u00e0 un nombre limit\u00e9 d&rsquo;industries, de r\u00e9gions et de personnes. L&rsquo;innovation qui exacerbe les in\u00e9galit\u00e9s peut miner le soutien du public pour la science et l&rsquo;innovation et contribuer \u00e0 une ali\u00e9nation politique plus large. Le programme Innovation, \u00e9quit\u00e9 et avenir de la prosp\u00e9rit\u00e9 rassemble des \u00e9conomistes, des politologues, des ing\u00e9nieurs et des historiens pour examiner comment les politiques utilis\u00e9es pour g\u00e9n\u00e9rer et diffuser l&rsquo;innovation influencent la r\u00e9partition des chances et des r\u00e9sultats dans la soci\u00e9t\u00e9.<\/p>\r\n\t<p><strong><a href=\"https:\/\/cifar.ca\/fr\/programmes-de-recherche\/regne-fongique-menaces-et-possibilites\/\" target=\"_blank\" rel=\"noopener\">R\u00e8gne fongique<\/a> :<\/strong> En tant que producteurs d&rsquo;antibiotiques et de pathog\u00e8nes mortels, membres essentiels des \u00e9cosyst\u00e8mes et esp\u00e8ces envahissantes, les organismes fongiques sont complexes. Pour comprendre leur complexit\u00e9, il faut recourir \u00e0 une approche multidisciplinaire. Cette \u00e9quipe du CIFAR r\u00e9unit des scientifiques de divers horizons qui examinent les facettes particuli\u00e8res de la biologie fongique pour att\u00e9nuer les menaces que posent les organismes fongiques et exploiter leur formidable potentiel.<\/p>\r\n\t<p>Photos ci-dessus : Irene Bloemraad, coresponsable du programme Fronti\u00e8res, groupes et appartenance, lors des c\u00e9l\u00e9brations de l&rsquo;Appel mondial du CIFAR, et Barbara Sherwood Lollar, coresponsable du programme Terre 4D.<\/p>\r\n<h2>\r\n\t\tSoutenez-nous\r\n\t<\/h2>\r\n\t<p>L&rsquo;Institut canadien de recherches avanc\u00e9es (CIFAR) est une organisation de recherche d&rsquo;influence mondiale fi\u00e8rement bas\u00e9e au Canada. Nous mobilisons les plus brillants personnes du monde, dans toutes les disciplines et \u00e0 tous les stades de carri\u00e8re, pour faire progresser les connaissances transformatrices et r\u00e9soudre ensemble les plus grands probl\u00e8mes de l&rsquo;humanit\u00e9. Nous recevons l&rsquo;appui des gouvernements du Canada, de l&rsquo;Alberta et du Qu\u00e9bec, ainsi que de fondations, de particuliers, d&rsquo;entreprises et d&rsquo;organisations partenaires du Canada et du monde entier.<\/p>\r\n   <!-- Mandeep add class on anchor -->\r\n\t<a href=\"https:\/\/cifar.ca\/fr\/dons\/\" target=\"_self\" rel=\"noopener\">\r\n\t\t\t\t\tDons\t\t\t\t\t\t\t\r\n\t\t\t\t\t\t<\/a>\r\n\r\n","protected":false},"excerpt":{"rendered":"<p>Suivez-nous FaceBook Twitter YouTube LinkedIn Instagram 1983 Lancement du premier programme du CIFAR : Intelligence artificielle, robotique et soci\u00e9t\u00e9. Au cours de la d\u00e9cennie qui [&hellip;]<\/p>\n","protected":false},"author":65,"featured_media":36963,"parent":39247,"menu_order":0,"comment_status":"closed","ping_status":"closed","template":"","meta":{"_acf_changed":false,"footnotes":""},"class_list":["post-52803","page","type-page","status-publish","has-post-thumbnail","hentry"],"acf":[],"yoast_head":"<!-- This site is optimized with the Yoast SEO plugin v27.2 - https:\/\/yoast.com\/product\/yoast-seo-wordpress\/ -->\n<title>CIFAR<\/title>\n<meta name=\"description\" content=\"How CIFAR research programs evolved over the last 40 years.\" \/>\n<meta name=\"robots\" content=\"index, follow, max-snippet:-1, max-image-preview:large, max-video-preview:-1\" \/>\n<link rel=\"canonical\" href=\"https:\/\/cifar.ca\/fr\/notre-histoire\/les-programmes-du-cifar-au-fil-des-ans\/\" \/>\n<meta property=\"og:locale\" content=\"fr_FR\" \/>\n<meta property=\"og:type\" content=\"article\" \/>\n<meta property=\"og:title\" content=\"Les programmes du CIFAR au fil des ans - CIFAR\" \/>\n<meta property=\"og:description\" content=\"How CIFAR research programs evolved over the last 40 years.\" \/>\n<meta property=\"og:url\" content=\"https:\/\/cifar.ca\/fr\/notre-histoire\/les-programmes-du-cifar-au-fil-des-ans\/\" \/>\n<meta property=\"og:site_name\" content=\"CIFAR\" \/>\n<meta property=\"article:modified_time\" content=\"2025-12-17T11:56:50+00:00\" \/>\n<meta property=\"og:image\" content=\"https:\/\/cifar.ca\/wp-content\/uploads\/2020\/10\/iStock-1263661386-2-scaled.jpg\" \/>\n\t<meta property=\"og:image:width\" content=\"2560\" \/>\n\t<meta property=\"og:image:height\" content=\"852\" \/>\n\t<meta property=\"og:image:type\" content=\"image\/jpeg\" \/>\n<meta name=\"twitter:card\" content=\"summary_large_image\" \/>\n<meta name=\"twitter:label1\" content=\"Dur\u00e9e de lecture estim\u00e9e\" \/>\n\t<meta name=\"twitter:data1\" content=\"15 minutes\" \/>\n<script type=\"application\/ld+json\" class=\"yoast-schema-graph\">{\"@context\":\"https:\/\/schema.org\",\"@graph\":[{\"@type\":\"WebPage\",\"@id\":\"https:\/\/cifar.ca\/fr\/notre-histoire\/les-programmes-du-cifar-au-fil-des-ans\/\",\"url\":\"https:\/\/cifar.ca\/fr\/notre-histoire\/les-programmes-du-cifar-au-fil-des-ans\/\",\"name\":\"Les programmes du CIFAR au fil des ans - CIFAR\",\"isPartOf\":{\"@id\":\"https:\/\/cifar.ca\/fr\/#website\"},\"primaryImageOfPage\":{\"@id\":\"https:\/\/cifar.ca\/fr\/notre-histoire\/les-programmes-du-cifar-au-fil-des-ans\/#primaryimage\"},\"image\":{\"@id\":\"https:\/\/cifar.ca\/fr\/notre-histoire\/les-programmes-du-cifar-au-fil-des-ans\/#primaryimage\"},\"thumbnailUrl\":\"https:\/\/cifar.ca\/wp-content\/uploads\/2020\/10\/iStock-1263661386-2-scaled.jpg\",\"datePublished\":\"2022-06-09T17:19:16+00:00\",\"dateModified\":\"2025-12-17T11:56:50+00:00\",\"description\":\"How CIFAR research programs evolved over the last 40 years.\",\"breadcrumb\":{\"@id\":\"https:\/\/cifar.ca\/fr\/notre-histoire\/les-programmes-du-cifar-au-fil-des-ans\/#breadcrumb\"},\"inLanguage\":\"fr-FR\",\"potentialAction\":[{\"@type\":\"ReadAction\",\"target\":[\"https:\/\/cifar.ca\/fr\/notre-histoire\/les-programmes-du-cifar-au-fil-des-ans\/\"]}]},{\"@type\":\"ImageObject\",\"inLanguage\":\"fr-FR\",\"@id\":\"https:\/\/cifar.ca\/fr\/notre-histoire\/les-programmes-du-cifar-au-fil-des-ans\/#primaryimage\",\"url\":\"https:\/\/cifar.ca\/wp-content\/uploads\/2020\/10\/iStock-1263661386-2-scaled.jpg\",\"contentUrl\":\"https:\/\/cifar.ca\/wp-content\/uploads\/2020\/10\/iStock-1263661386-2-scaled.jpg\",\"width\":2560,\"height\":852,\"caption\":\"Waves elements gray background, abstract\"},{\"@type\":\"BreadcrumbList\",\"@id\":\"https:\/\/cifar.ca\/fr\/notre-histoire\/les-programmes-du-cifar-au-fil-des-ans\/#breadcrumb\",\"itemListElement\":[{\"@type\":\"ListItem\",\"position\":1,\"name\":\"Acceuil\",\"item\":\"https:\/\/cifar.ca\/fr\/\"},{\"@type\":\"ListItem\",\"position\":2,\"name\":\"Notre histoire\",\"item\":\"https:\/\/cifar.ca\/fr\/notre-histoire\/\"},{\"@type\":\"ListItem\",\"position\":3,\"name\":\"Les programmes du CIFAR au fil des ans\"}]},{\"@type\":\"WebSite\",\"@id\":\"https:\/\/cifar.ca\/fr\/#website\",\"url\":\"https:\/\/cifar.ca\/fr\/\",\"name\":\"CIFAR\",\"description\":\"Convoquer des esprits extraordinaires pour r\u00e9pondre aux questions les plus importantes auxquelles la science et l'humanit\u00e9 sont confront\u00e9es.\",\"publisher\":{\"@id\":\"https:\/\/cifar.ca\/fr\/#organization\"},\"potentialAction\":[{\"@type\":\"SearchAction\",\"target\":{\"@type\":\"EntryPoint\",\"urlTemplate\":\"https:\/\/cifar.ca\/fr\/?s={search_term_string}\"},\"query-input\":{\"@type\":\"PropertyValueSpecification\",\"valueRequired\":true,\"valueName\":\"search_term_string\"}}],\"inLanguage\":\"fr-FR\"},{\"@type\":\"Organization\",\"@id\":\"https:\/\/cifar.ca\/fr\/#organization\",\"name\":\"CIFAR\",\"url\":\"https:\/\/cifar.ca\/fr\/\",\"logo\":{\"@type\":\"ImageObject\",\"inLanguage\":\"fr-FR\",\"@id\":\"https:\/\/cifar.ca\/fr\/#\/schema\/logo\/image\/\",\"url\":\"https:\/\/cifar.ca\/wp-content\/uploads\/2020\/01\/cifar-logo-rgb-colour.png\",\"contentUrl\":\"https:\/\/cifar.ca\/wp-content\/uploads\/2020\/01\/cifar-logo-rgb-colour.png\",\"width\":1884,\"height\":681,\"caption\":\"CIFAR\"},\"image\":{\"@id\":\"https:\/\/cifar.ca\/fr\/#\/schema\/logo\/image\/\"}}]}<\/script>\n<!-- \/ Yoast SEO plugin. -->","yoast_head_json":{"title":"CIFAR","description":"How CIFAR research programs evolved over the last 40 years.","robots":{"index":"index","follow":"follow","max-snippet":"max-snippet:-1","max-image-preview":"max-image-preview:large","max-video-preview":"max-video-preview:-1"},"canonical":"https:\/\/cifar.ca\/fr\/notre-histoire\/les-programmes-du-cifar-au-fil-des-ans\/","og_locale":"fr_FR","og_type":"article","og_title":"Les programmes du CIFAR au fil des ans - CIFAR","og_description":"How CIFAR research programs evolved over the last 40 years.","og_url":"https:\/\/cifar.ca\/fr\/notre-histoire\/les-programmes-du-cifar-au-fil-des-ans\/","og_site_name":"CIFAR","article_modified_time":"2025-12-17T11:56:50+00:00","og_image":[{"width":2560,"height":852,"url":"https:\/\/cifar.ca\/wp-content\/uploads\/2020\/10\/iStock-1263661386-2-scaled.jpg","type":"image\/jpeg"}],"twitter_card":"summary_large_image","twitter_misc":{"Dur\u00e9e de lecture estim\u00e9e":"15 minutes"},"schema":{"@context":"https:\/\/schema.org","@graph":[{"@type":"WebPage","@id":"https:\/\/cifar.ca\/fr\/notre-histoire\/les-programmes-du-cifar-au-fil-des-ans\/","url":"https:\/\/cifar.ca\/fr\/notre-histoire\/les-programmes-du-cifar-au-fil-des-ans\/","name":"Les programmes du CIFAR au fil des ans - CIFAR","isPartOf":{"@id":"https:\/\/cifar.ca\/fr\/#website"},"primaryImageOfPage":{"@id":"https:\/\/cifar.ca\/fr\/notre-histoire\/les-programmes-du-cifar-au-fil-des-ans\/#primaryimage"},"image":{"@id":"https:\/\/cifar.ca\/fr\/notre-histoire\/les-programmes-du-cifar-au-fil-des-ans\/#primaryimage"},"thumbnailUrl":"https:\/\/cifar.ca\/wp-content\/uploads\/2020\/10\/iStock-1263661386-2-scaled.jpg","datePublished":"2022-06-09T17:19:16+00:00","dateModified":"2025-12-17T11:56:50+00:00","description":"How CIFAR research programs evolved over the last 40 years.","breadcrumb":{"@id":"https:\/\/cifar.ca\/fr\/notre-histoire\/les-programmes-du-cifar-au-fil-des-ans\/#breadcrumb"},"inLanguage":"fr-FR","potentialAction":[{"@type":"ReadAction","target":["https:\/\/cifar.ca\/fr\/notre-histoire\/les-programmes-du-cifar-au-fil-des-ans\/"]}]},{"@type":"ImageObject","inLanguage":"fr-FR","@id":"https:\/\/cifar.ca\/fr\/notre-histoire\/les-programmes-du-cifar-au-fil-des-ans\/#primaryimage","url":"https:\/\/cifar.ca\/wp-content\/uploads\/2020\/10\/iStock-1263661386-2-scaled.jpg","contentUrl":"https:\/\/cifar.ca\/wp-content\/uploads\/2020\/10\/iStock-1263661386-2-scaled.jpg","width":2560,"height":852,"caption":"Waves elements gray background, abstract"},{"@type":"BreadcrumbList","@id":"https:\/\/cifar.ca\/fr\/notre-histoire\/les-programmes-du-cifar-au-fil-des-ans\/#breadcrumb","itemListElement":[{"@type":"ListItem","position":1,"name":"Acceuil","item":"https:\/\/cifar.ca\/fr\/"},{"@type":"ListItem","position":2,"name":"Notre histoire","item":"https:\/\/cifar.ca\/fr\/notre-histoire\/"},{"@type":"ListItem","position":3,"name":"Les programmes du CIFAR au fil des ans"}]},{"@type":"WebSite","@id":"https:\/\/cifar.ca\/fr\/#website","url":"https:\/\/cifar.ca\/fr\/","name":"CIFAR","description":"Convoquer des esprits extraordinaires pour r\u00e9pondre aux questions les plus importantes auxquelles la science et l'humanit\u00e9 sont confront\u00e9es.","publisher":{"@id":"https:\/\/cifar.ca\/fr\/#organization"},"potentialAction":[{"@type":"SearchAction","target":{"@type":"EntryPoint","urlTemplate":"https:\/\/cifar.ca\/fr\/?s={search_term_string}"},"query-input":{"@type":"PropertyValueSpecification","valueRequired":true,"valueName":"search_term_string"}}],"inLanguage":"fr-FR"},{"@type":"Organization","@id":"https:\/\/cifar.ca\/fr\/#organization","name":"CIFAR","url":"https:\/\/cifar.ca\/fr\/","logo":{"@type":"ImageObject","inLanguage":"fr-FR","@id":"https:\/\/cifar.ca\/fr\/#\/schema\/logo\/image\/","url":"https:\/\/cifar.ca\/wp-content\/uploads\/2020\/01\/cifar-logo-rgb-colour.png","contentUrl":"https:\/\/cifar.ca\/wp-content\/uploads\/2020\/01\/cifar-logo-rgb-colour.png","width":1884,"height":681,"caption":"CIFAR"},"image":{"@id":"https:\/\/cifar.ca\/fr\/#\/schema\/logo\/image\/"}}]}},"_links":{"self":[{"href":"https:\/\/cifar.ca\/fr\/wp-json\/wp\/v2\/pages\/52803","targetHints":{"allow":["GET"]}}],"collection":[{"href":"https:\/\/cifar.ca\/fr\/wp-json\/wp\/v2\/pages"}],"about":[{"href":"https:\/\/cifar.ca\/fr\/wp-json\/wp\/v2\/types\/page"}],"author":[{"embeddable":true,"href":"https:\/\/cifar.ca\/fr\/wp-json\/wp\/v2\/users\/65"}],"replies":[{"embeddable":true,"href":"https:\/\/cifar.ca\/fr\/wp-json\/wp\/v2\/comments?post=52803"}],"version-history":[{"count":0,"href":"https:\/\/cifar.ca\/fr\/wp-json\/wp\/v2\/pages\/52803\/revisions"}],"up":[{"embeddable":true,"href":"https:\/\/cifar.ca\/fr\/wp-json\/wp\/v2\/pages\/39247"}],"wp:featuredmedia":[{"embeddable":true,"href":"https:\/\/cifar.ca\/fr\/wp-json\/wp\/v2\/media\/36963"}],"wp:attachment":[{"href":"https:\/\/cifar.ca\/fr\/wp-json\/wp\/v2\/media?parent=52803"}],"curies":[{"name":"wp","href":"https:\/\/api.w.org\/{rel}","templated":true}]}}