{"id":54987,"date":"2023-04-03T05:15:36","date_gmt":"2023-04-03T09:15:36","guid":{"rendered":"https:\/\/cifar.ca\/programmes-de-recherche\/humanitys-urban-future\/"},"modified":"2026-04-28T12:16:58","modified_gmt":"2026-04-28T16:16:58","slug":"avenir-urbain-de-lhumanite","status":"publish","type":"page","link":"https:\/\/cifar.ca\/fr\/programmes-de-recherche\/avenir-urbain-de-lhumanite\/","title":{"rendered":"Avenir urbain de l\u2019humanit\u00e9"},"content":{"rendered":"\n\n\t\t\t<h2>\n\t\t\tSuivez-nous\t\t<\/h2>\n\t\t<button class='connect square balloon white-transparent facebook left' data-url='https:\/\/www.facebook.com\/CIFAR\/' aria-haspopup=\"false\"   aria-label='Suis nous surFaceBook' data-balloon-pos='right'>\n\t\t\tFaceBook\n\t\t<\/button>\n\t\t<button class='connect square balloon white-transparent twitter' data-url='https:\/\/twitter.com\/cifar_news' aria-haspopup=\"false\"   aria-label='Suis nous surTwitter' data-balloon-pos='right'>\n\t\t\tTwitter\n\t\t<\/button>\n\t\t<button class='connect square balloon white-transparent youtube left' data-url='https:\/\/www.youtube.com\/channel\/UCZj1nnTIiutUjEg-22e8UTA' aria-haspopup=\"false\"   aria-label='Suis nous surYouTube' data-balloon-pos='right'>\n\t\t\tYouTube\n\t\t<\/button>\n\t\t<button class='connect square balloon white-transparent linkedin' data-url='https:\/\/ca.linkedin.com\/company\/canadian-institute-for-advanced-research' aria-haspopup=\"false\"   aria-label='Suis nous surLinkedIn' data-balloon-pos='right'>\n\t\t\tLinkedIn\n\t\t<\/button>\n\t\t<button class='connect square balloon white-transparent instagram left' data-url='https:\/\/www.instagram.com\/cifar.ca_fr\/' aria-haspopup=\"false\"   aria-label='Suis nous surInstagram' data-balloon-pos='right'>\n\t\t\tInstagram\n\t\t<\/button>\n\n\t\t\t\t<img loading=\"lazy\" decoding=\"async\" src=\"https:\/\/cifar.ca\/wp-content\/uploads\/2020\/09\/lines-for-web-2.0-small-01.png\" alt=\"smaller line_two\" itemprop=\"image\" height=\"34\" width=\"34\" title=\"lines for web 2.0 small -01\" onerror=\"this.style.display='none'\"  \/>\t\t\t\t\t\n\t<h3>Quelles sont les caract\u00e9ristiques d&rsquo;une bonne ville de l&rsquo;avenir?<\/h3>\n<p>L&rsquo;avenir de l&rsquo;\u00eatre humain est intimement li\u00e9 aux villes : d&rsquo;ici 2050, plus de 70 % de la population mondiale vivra en zone urbaine. D\u00e8s lors, comment planifier avec succ\u00e8s un avenir urbain, sachant que la ville se d\u00e9veloppera au-del\u00e0 de tout plan actuel &#8211; et \u00e0 grande vitesse?<\/p>\n<p>Les membres du nouveau programme Avenir urbain de l&rsquo;humanit\u00e9 du CIFAR se demandent ce que nous pouvons apprendre du pass\u00e9 urbain et ce que nous pouvons imaginer pour son avenir. Le programme examinera de nombreux facteurs importants, notamment l&rsquo;infrastructure (mat\u00e9rielle et institutionnelle), les divisions politiques, les questions d&rsquo;\u00e9chelle, les changements climatiques et autres crises \u00e9ventuelles. Pour trouver r\u00e9ponse \u00e0 ces questions pressantes d&rsquo;ordre g\u00e9n\u00e9ral, le programme adoptera six villes comme banc d&rsquo;essai : Kolkata, Toronto, Shanghai, Naples, Mexico et Kinshasa.<\/p>\n<p>Par l&rsquo;\u00e9tude des caract\u00e9ristiques d&rsquo;une bonne ville de l&rsquo;avenir, les scientifiques comptent avoir un impact transformateur sur les politiques et la planification, la r\u00e9glementation et les infrastructures des villes, suscitant une r\u00e9flexion et un apprentissage collectifs sur la fa\u00e7on d&rsquo;\u0153uvrer \u00e0 un meilleur avenir urbain.<\/p>\n\t<h4>P\u00d4LES D&rsquo;IMPACT<\/h4>\n<p>Le programme Avenir urbain de l&rsquo;humanit\u00e9 fait partie des p\u00f4les d&rsquo;impact suivants du CIFAR\u00a0:\u00a0B\u00e2tir des soci\u00e9t\u00e9s florissantes et Favoriser la r\u00e9silience de la Terre.\u00a0Les programmes de recherche du CIFAR s&rsquo;articulent autour de cinq <a href=\"https:\/\/cifar.ca\/fr\/poles-dimpact\/\" target=\"_blank\" rel=\"noopener\">p\u00f4les d&rsquo;impact<\/a> distincts qui traitent de grandes questions d&rsquo;envergure mondiale et visent \u00e0 favoriser un environnement propice \u00e0 l&rsquo;\u00e9mergence de perc\u00e9es.<\/p>\n<hr \/>\n<h3>\n\t\t\tVoie menant \u00e0 l&rsquo;impact soci\u00e9tal\t<\/h3>\n\t<p><strong>Axes prioritaires :<\/strong><\/p>\n<ul>\n<li>Examiner six grands centres m\u00e9tropolitains, \u00e9tudier leur \u00e9volution dans le temps et dans l&rsquo;espace, et la mesure dans laquelle les conflits autour de ces diverses conceptions des \u00ab\u2009caract\u00e9ristiques d&rsquo;une bonne ville\u2009\u00bb ont influenc\u00e9 les r\u00e9sultats de la planification;<\/li>\n<li>Publier des travaux de recherche qui permettront de modifier le discours sur la planification et la compr\u00e9hension des villes;<\/li>\n<li>Mobiliser les responsables des politiques, les sp\u00e9cialistes-conseils politiques et les parties prenantes de la soci\u00e9t\u00e9 civile.<\/li>\n<\/ul>\n\n    Fondation\n<p>2023<\/p>\nnumber_of_members\nrenewal_dates\npartners\nsupporters\ninterdisciplinary_collaboration\n\n    Personne-ressource\n<p><a href=\"mailto:danielle.taschereau@cifar.ca\">Danielle Taschereau Mamers<\/a><\/p>\n<h3>\n\t\t\tMembres et sp\u00e9cialistes-conseils\t<\/h3>\n<h4>\n\t\t\tResponsables de programme\t<\/h4>\n\t\t\t\t\t\t\t<a href=\"https:\/\/cifar.ca\/fr\/biographie\/julie-anne-boudreau\/\" aria-label=\"Julie-Anne Boudreau. Voir le profil\">\n\t\t\t\t\t\t\t\t<img loading=\"lazy\" decoding=\"async\" width=\"160\" height=\"160\" src=\"https:\/\/cifar.ca\/wp-content\/uploads\/2023\/03\/Julie-Anne-Boudreau_bw-190x190.jpg\"\n\t\t\t\t\t\t\t\t\talt=\"Julie-Anne Boudreau\" itemprop=\"image\"\n\t\t\t\t\t\t\t\t\tsrcset=\"https:\/\/cifar.ca\/wp-content\/uploads\/2023\/03\/Julie-Anne-Boudreau_bw-190x190.jpg 160w, https:\/\/cifar.ca\/wp-content\/uploads\/2023\/03\/Julie-Anne-Boudreau_bw-125x125.jpg  125w\"\n\t\t\t\t\t\t\t\t\tsizes=\"auto, (max-width: 160px) 100vw, 160px\"\/>\t\t\n\t\t\t\t\t\t\t<\/a>\n\t\t\t\t\t\t    <h2>Julie-Anne Boudreau<\/h2>\n\t\t\t\t\t\t\t\t\t\t\t\t\t\t<h3>Coresponsable de programme<\/h3>\n\t\t\t\t\t\t\t\t\t\t\t\t\t\t\t\t\t\t\t\t\t\t\t\t\t\t\t\tAvenir urbain de l&rsquo;humanit\u00e9\n\t\t\t\t\t\t\t\tUniversidad Nacional Autonoma de Mexico\t\t\t\t\t\t\t\n\t\t\t\t\t\t\t\tMexique\t\t\t\t\t\t\t\n\t\t\t\t\t\t\t<a href=\"https:\/\/cifar.ca\/fr\/biographie\/diane-e-davis\/\" aria-label=\"Diane E. Davis. Voir le profil\">\n\t\t\t\t\t\t\t\t<img loading=\"lazy\" decoding=\"async\" width=\"160\" height=\"160\" src=\"https:\/\/cifar.ca\/wp-content\/uploads\/2023\/03\/Diane-E-Davis_bw-190x190.jpg\"\n\t\t\t\t\t\t\t\t\talt=\"Diane E. Davis\" itemprop=\"image\"\n\t\t\t\t\t\t\t\t\tsrcset=\"https:\/\/cifar.ca\/wp-content\/uploads\/2023\/03\/Diane-E-Davis_bw-190x190.jpg 160w, https:\/\/cifar.ca\/wp-content\/uploads\/2023\/03\/Diane-E-Davis_bw-125x125.jpg  125w\"\n\t\t\t\t\t\t\t\t\tsizes=\"auto, (max-width: 160px) 100vw, 160px\"\/>\t\t\n\t\t\t\t\t\t\t<\/a>\n\t\t\t\t\t\t    <h2>Diane E. Davis<\/h2>\n\t\t\t\t\t\t\t\t\t\t\t\t\t\t<h3>Coresponsable de programme<\/h3>\n\t\t\t\t\t\t\t\t\t\t\t\t\t\t\t\t\t\t\t\t\t\t\t\t\t\t\t\tAvenir urbain de l&rsquo;humanit\u00e9\n\t\t\t\t\t\t\t\tUniversit\u00e9 Harvard\t\t\t\t\t\t\t\n\t\t\t\t\t\t\t\t\u00c9tats Unis\t\t\t\t\t\t\t\n\t\t\t\t\t\t\t<a href=\"https:\/\/cifar.ca\/fr\/biographie\/simon-goldhill\/\" aria-label=\"Simon Goldhill (en cong\u00e9). Voir le profil\">\n\t\t\t\t\t\t\t\t<img loading=\"lazy\" decoding=\"async\" width=\"160\" height=\"160\" src=\"https:\/\/cifar.ca\/wp-content\/uploads\/2023\/03\/Simon-Goldhill_bw-190x190.jpg\"\n\t\t\t\t\t\t\t\t\talt=\"Simon Goldhill (en cong\u00e9)\" itemprop=\"image\"\n\t\t\t\t\t\t\t\t\tsrcset=\"https:\/\/cifar.ca\/wp-content\/uploads\/2023\/03\/Simon-Goldhill_bw-190x190.jpg 160w, https:\/\/cifar.ca\/wp-content\/uploads\/2023\/03\/Simon-Goldhill_bw-125x125.jpg  125w\"\n\t\t\t\t\t\t\t\t\tsizes=\"auto, (max-width: 160px) 100vw, 160px\"\/>\t\t\n\t\t\t\t\t\t\t<\/a>\n\t\t\t\t\t\t    <h2>Simon Goldhill (en cong\u00e9)<\/h2>\n\t\t\t\t\t\t\t\t\t\t\t\t\t\t<h3>Coresponsable de programme<\/h3>\n\t\t\t\t\t\t\t\t\t\t\t\t\t\t\t\t\t\t\t\t\t\t\t\t\t\t\t\tAvenir urbain de l&rsquo;humanit\u00e9\n\t\t\t\t\t\t\t\tUniversit\u00e9 de Cambridge\t\t\t\t\t\t\t\n\t\t\t\t\t\t\t\tRoyaume-Uni\t\t\t\t\t\t\t\n<h4>\n\t\t\tMembres\t<\/h4>\n\t\t\t\t\t\t\t<a href=\"https:\/\/cifar.ca\/fr\/biographie\/ash-amin\/\" aria-label=\"Ash Amin. Voir le profil\">\n\t\t\t\t\t\t\t\t<img loading=\"lazy\" decoding=\"async\" width=\"160\" height=\"160\" src=\"https:\/\/cifar.ca\/wp-content\/uploads\/2023\/04\/Ash-Amin-190x190.png\"\n\t\t\t\t\t\t\t\t\talt=\"Ash Amin\" itemprop=\"image\"\n\t\t\t\t\t\t\t\t\tsrcset=\"https:\/\/cifar.ca\/wp-content\/uploads\/2023\/04\/Ash-Amin-190x190.png 160w, https:\/\/cifar.ca\/wp-content\/uploads\/2023\/04\/Ash-Amin-125x125.png  125w\"\n\t\t\t\t\t\t\t\t\tsizes=\"auto, (max-width: 160px) 100vw, 160px\"\/>\t\t\n\t\t\t\t\t\t\t<\/a>\n\t\t\t\t\t\t    <h2>Ash Amin<\/h2>\n\t\t\t\t\t\t\t\t\t\t\t\t\t\t<h3>Membre<\/h3>\n\t\t\t\t\t\t\t\t\t\t\t\t\t\t\t\t\t\t\t\t\t\t\t\t\t\t\t\tAvenir urbain de l&rsquo;humanit\u00e9\n\t\t\t\t\t\t\t\tFondation Nuffield<br \/>Universit\u00e9 de Cambridge\t\t\t\t\t\t\t\n\t\t\t\t\t\t\t\tRoyaume-Uni\t\t\t\t\t\t\t\n\t\t\t\t\t\t\t<a href=\"https:\/\/cifar.ca\/fr\/biographie\/filip-de-boeck\/\" aria-label=\"Filip De Boeck. Voir le profil\">\n\t\t\t\t\t\t\t\t<img loading=\"lazy\" decoding=\"async\" width=\"160\" height=\"160\" src=\"https:\/\/cifar.ca\/wp-content\/uploads\/2023\/03\/Filip-De-Boeck_bw-190x190.jpg\"\n\t\t\t\t\t\t\t\t\talt=\"Filip De Boeck\" itemprop=\"image\"\n\t\t\t\t\t\t\t\t\tsrcset=\"https:\/\/cifar.ca\/wp-content\/uploads\/2023\/03\/Filip-De-Boeck_bw-190x190.jpg 160w, https:\/\/cifar.ca\/wp-content\/uploads\/2023\/03\/Filip-De-Boeck_bw-125x125.jpg  125w\"\n\t\t\t\t\t\t\t\t\tsizes=\"auto, (max-width: 160px) 100vw, 160px\"\/>\t\t\n\t\t\t\t\t\t\t<\/a>\n\t\t\t\t\t\t    <h2>Filip De Boeck<\/h2>\n\t\t\t\t\t\t\t\t\t\t\t\t\t\t<h3>Membre<\/h3>\n\t\t\t\t\t\t\t\t\t\t\t\t\t\t\t\t\t\t\t\t\t\t\t\t\t\t\t\tAvenir urbain de l&rsquo;humanit\u00e9\n\t\t\t\t\t\t\t\tUniversit\u00e9 de Louvain\t\t\t\t\t\t\t\n\t\t\t\t\t\t\t\tBelgique\t\t\t\t\t\t\t\n\t\t\t\t\t\t\t<a href=\"https:\/\/cifar.ca\/fr\/biographie\/kian-goh\/\" aria-label=\"Kian Goh. Voir le profil\">\n\t\t\t\t\t\t\t\t<img loading=\"lazy\" decoding=\"async\" width=\"160\" height=\"160\" src=\"https:\/\/cifar.ca\/wp-content\/uploads\/2023\/03\/Kian-Goh_bw-190x190.jpg\"\n\t\t\t\t\t\t\t\t\talt=\"Kian Goh\" itemprop=\"image\"\n\t\t\t\t\t\t\t\t\tsrcset=\"https:\/\/cifar.ca\/wp-content\/uploads\/2023\/03\/Kian-Goh_bw-190x190.jpg 160w, https:\/\/cifar.ca\/wp-content\/uploads\/2023\/03\/Kian-Goh_bw-125x125.jpg  125w\"\n\t\t\t\t\t\t\t\t\tsizes=\"auto, (max-width: 160px) 100vw, 160px\"\/>\t\t\n\t\t\t\t\t\t\t<\/a>\n\t\t\t\t\t\t    <h2>Kian Goh<\/h2>\n\t\t\t\t\t\t\t\t\t\t\t\t\t\t<h3>Membre<\/h3>\n\t\t\t\t\t\t\t\t\t\t\t\t\t\t\t\t\t\t\t\t\t\t\t\t\t\t\t\tAvenir urbain de l&rsquo;humanit\u00e9\n\t\t\t\t\t\t\t\tUniversit\u00e9 de Californie \u00e0 Los Angeles\t\t\t\t\t\t\t\n\t\t\t\t\t\t\t\t\u00c9tats Unis\t\t\t\t\t\t\t\n\t\t\t\t\t\t\t<a href=\"https:\/\/cifar.ca\/fr\/biographie\/roger-keil\/\" aria-label=\"Roger Keil. Voir le profil\">\n\t\t\t\t\t\t\t\t<img loading=\"lazy\" decoding=\"async\" width=\"160\" height=\"160\" src=\"https:\/\/cifar.ca\/wp-content\/uploads\/2023\/03\/Roger-Keil_bw-190x190.jpg\"\n\t\t\t\t\t\t\t\t\talt=\"Roger Keil\" itemprop=\"image\"\n\t\t\t\t\t\t\t\t\tsrcset=\"https:\/\/cifar.ca\/wp-content\/uploads\/2023\/03\/Roger-Keil_bw-190x190.jpg 160w, https:\/\/cifar.ca\/wp-content\/uploads\/2023\/03\/Roger-Keil_bw-125x125.jpg  125w\"\n\t\t\t\t\t\t\t\t\tsizes=\"auto, (max-width: 160px) 100vw, 160px\"\/>\t\t\n\t\t\t\t\t\t\t<\/a>\n\t\t\t\t\t\t    <h2>Roger Keil<\/h2>\n\t\t\t\t\t\t\t\t\t\t\t\t\t\t<h3>Membre<\/h3>\n\t\t\t\t\t\t\t\t\t\t\t\t\t\t\t\t\t\t\t\t\t\t\t\t\t\t\t\tAvenir urbain de l&rsquo;humanit\u00e9\n\t\t\t\t\t\t\t\tUniversit\u00e9 York\t\t\t\t\t\t\t\n\t\t\t\t\t\t\t\tCanada<br \/>Canada\t\t\t\t\t\t\t\n\t\t\t\t\t\t\t<a href=\"https:\/\/cifar.ca\/fr\/biographie\/enrica-morlicchio\/\" aria-label=\"Enrica Morlicchio. Voir le profil\">\n\t\t\t\t\t\t\t\t<img loading=\"lazy\" decoding=\"async\" width=\"160\" height=\"160\" src=\"https:\/\/cifar.ca\/wp-content\/uploads\/2023\/03\/Enrica-Morlicchio_bw-190x190.jpg\"\n\t\t\t\t\t\t\t\t\talt=\"Enrica Morlicchio\" itemprop=\"image\"\n\t\t\t\t\t\t\t\t\tsrcset=\"https:\/\/cifar.ca\/wp-content\/uploads\/2023\/03\/Enrica-Morlicchio_bw-190x190.jpg 160w, https:\/\/cifar.ca\/wp-content\/uploads\/2023\/03\/Enrica-Morlicchio_bw-125x125.jpg  125w\"\n\t\t\t\t\t\t\t\t\tsizes=\"auto, (max-width: 160px) 100vw, 160px\"\/>\t\t\n\t\t\t\t\t\t\t<\/a>\n\t\t\t\t\t\t    <h2>Enrica Morlicchio<\/h2>\n\t\t\t\t\t\t\t\t\t\t\t\t\t\t<h3>Membre<\/h3>\n\t\t\t\t\t\t\t\t\t\t\t\t\t\t\t\t\t\t\t\t\t\t\t\t\t\t\t\tAvenir urbain de l&rsquo;humanit\u00e9\n\t\t\t\t\t\t\t\tUniversit\u00e9 de Naples Federico II\t\t\t\t\t\t\t\n\t\t\t\t\t\t\t\tItalie\t\t\t\t\t\t\t\n\t\t\t\t\t\t\t<a href=\"https:\/\/cifar.ca\/fr\/biographie\/xuefei-ren\/\" aria-label=\"Xuefei Ren. Voir le profil\">\n\t\t\t\t\t\t\t\t<img loading=\"lazy\" decoding=\"async\" width=\"160\" height=\"160\" src=\"https:\/\/cifar.ca\/wp-content\/uploads\/2023\/03\/Xuefei-Ren_bw-190x190.jpg\"\n\t\t\t\t\t\t\t\t\talt=\"Xuefei Ren\" itemprop=\"image\"\n\t\t\t\t\t\t\t\t\tsrcset=\"https:\/\/cifar.ca\/wp-content\/uploads\/2023\/03\/Xuefei-Ren_bw-190x190.jpg 160w, https:\/\/cifar.ca\/wp-content\/uploads\/2023\/03\/Xuefei-Ren_bw-125x125.jpg  125w\"\n\t\t\t\t\t\t\t\t\tsizes=\"auto, (max-width: 160px) 100vw, 160px\"\/>\t\t\n\t\t\t\t\t\t\t<\/a>\n\t\t\t\t\t\t    <h2>Xuefei Ren<\/h2>\n\t\t\t\t\t\t\t\t\t\t\t\t\t\t<h3>Membre<\/h3>\n\t\t\t\t\t\t\t\t\t\t\t\t\t\t\t\t\t\t\t\t\t\t\t\t\t\t\t\tAvenir urbain de l&rsquo;humanit\u00e9\n\t\t\t\t\t\t\t\tMichigan State University<br \/>Universit\u00e9 d&rsquo;\u00e9tat du Michigan\t\t\t\t\t\t\t\n\t\t\t\t\t\t\t\t\u00c9tats Unis\t\t\t\t\t\t\t\n\t\t\t\t\t\t\t<a href=\"https:\/\/cifar.ca\/fr\/biographie\/ranabir-samaddar\/\" aria-label=\"Ranabir Samaddar. Voir le profil\">\n\t\t\t\t\t\t\t\t<img loading=\"lazy\" decoding=\"async\" width=\"160\" height=\"160\" src=\"https:\/\/cifar.ca\/wp-content\/uploads\/2023\/03\/Ranabir-Samaddar_bw-190x190.jpg\"\n\t\t\t\t\t\t\t\t\talt=\"Ranabir Samaddar\" itemprop=\"image\"\n\t\t\t\t\t\t\t\t\tsrcset=\"https:\/\/cifar.ca\/wp-content\/uploads\/2023\/03\/Ranabir-Samaddar_bw-190x190.jpg 160w, https:\/\/cifar.ca\/wp-content\/uploads\/2023\/03\/Ranabir-Samaddar_bw-125x125.jpg  125w\"\n\t\t\t\t\t\t\t\t\tsizes=\"auto, (max-width: 160px) 100vw, 160px\"\/>\t\t\n\t\t\t\t\t\t\t<\/a>\n\t\t\t\t\t\t    <h2>Ranabir Samaddar<\/h2>\n\t\t\t\t\t\t\t\t\t\t\t\t\t\t<h3>Membre<\/h3>\n\t\t\t\t\t\t\t\t\t\t\t\t\t\t\t\t\t\t\t\t\t\t\t\t\t\t\t\tAvenir urbain de l&rsquo;humanit\u00e9\n\t\t\t\t\t\t\t\tGroupe de recherche Mahanirban de Calcutta\t\t\t\t\t\t\t\n\t\t\t\t\t\t\t\tInde\t\t\t\t\t\t\t\n\t\t\t\t\t\t\t<a href=\"https:\/\/cifar.ca\/fr\/biographie\/abdoumaliq-simone\/\" aria-label=\"AbdouMaliq Simone. Voir le profil\">\n\t\t\t\t\t\t\t\t<img loading=\"lazy\" decoding=\"async\" width=\"160\" height=\"160\" src=\"https:\/\/cifar.ca\/wp-content\/uploads\/2023\/04\/AbdouMaliq-Simone_-190x190.png\"\n\t\t\t\t\t\t\t\t\talt=\"AbdouMaliq Simone\" itemprop=\"image\"\n\t\t\t\t\t\t\t\t\tsrcset=\"https:\/\/cifar.ca\/wp-content\/uploads\/2023\/04\/AbdouMaliq-Simone_-190x190.png 160w, https:\/\/cifar.ca\/wp-content\/uploads\/2023\/04\/AbdouMaliq-Simone_-125x125.png  125w\"\n\t\t\t\t\t\t\t\t\tsizes=\"auto, (max-width: 160px) 100vw, 160px\"\/>\t\t\n\t\t\t\t\t\t\t<\/a>\n\t\t\t\t\t\t    <h2>AbdouMaliq Simone<\/h2>\n\t\t\t\t\t\t\t\t\t\t\t\t\t\t<h3>Membre<\/h3>\n\t\t\t\t\t\t\t\t\t\t\t\t\t\t\t\t\t\t\t\t\t\t\t\t\t\t\t\tAvenir urbain de l&rsquo;humanit\u00e9\n\t\t\t\t\t\t\t\tUniversit\u00e9 de Sheffield\t\t\t\t\t\t\t\n\t\t\t\t\t\t\t\tRoyaume-Uni\t\t\t\t\t\t\t\n<h4>\n\t\t\tSp\u00e9cialistes-conseils\t<\/h4>\n\t\t\t\t\t\t\t<a href=\"https:\/\/cifar.ca\/fr\/biographie\/nausheen-hafeeza-anwar\/\" aria-label=\"Nausheen Hafeeza Anwar. Voir le profil\">\n\t\t\t\t\t\t\t\t<img loading=\"lazy\" decoding=\"async\" width=\"160\" height=\"160\" src=\"https:\/\/cifar.ca\/wp-content\/uploads\/2023\/10\/BW-Nausheen-H-Anwar_HUF-Advisor-Oct-2023-190x190.png\"\n\t\t\t\t\t\t\t\t\talt=\"Nausheen Hafeeza Anwar\" itemprop=\"image\"\n\t\t\t\t\t\t\t\t\tsrcset=\"https:\/\/cifar.ca\/wp-content\/uploads\/2023\/10\/BW-Nausheen-H-Anwar_HUF-Advisor-Oct-2023-190x190.png 160w, https:\/\/cifar.ca\/wp-content\/uploads\/2023\/10\/BW-Nausheen-H-Anwar_HUF-Advisor-Oct-2023-125x125.png  125w\"\n\t\t\t\t\t\t\t\t\tsizes=\"auto, (max-width: 160px) 100vw, 160px\"\/>\t\t\n\t\t\t\t\t\t\t<\/a>\n\t\t\t\t\t\t    <h2>Nausheen Hafeeza Anwar<\/h2>\n\t\t\t\t\t\t\t\t\t\t\t\t\t\t<h3>Sp\u00e9cialiste-conseil<\/h3>\n\t\t\t\t\t\t\t\t\t\t\t\t\t\t\t\t\t\t\t\t\t\t\t\t\t\t\t\tAvenir urbain de l&rsquo;humanit\u00e9\n\t\t\t\t\t\t\t\tInstitut d&rsquo;administration des affaires\t\t\t\t\t\t\t\n\t\t\t\t\t\t\t\tPakistan\t\t\t\t\t\t\t\n\t\t\t\t\t\t\t<a href=\"https:\/\/cifar.ca\/fr\/biographie\/eric-paul-mumford\/\" aria-label=\"Eric Paul Mumford. Voir le profil\">\n\t\t\t\t\t\t\t\t<img loading=\"lazy\" decoding=\"async\" width=\"160\" height=\"160\" src=\"https:\/\/cifar.ca\/wp-content\/uploads\/2023\/09\/Eric-Paul-Mumford_HUF-Advisor_bw-190x190.jpg\"\n\t\t\t\t\t\t\t\t\talt=\"Eric Paul Mumford\" itemprop=\"image\"\n\t\t\t\t\t\t\t\t\tsrcset=\"https:\/\/cifar.ca\/wp-content\/uploads\/2023\/09\/Eric-Paul-Mumford_HUF-Advisor_bw-190x190.jpg 160w, https:\/\/cifar.ca\/wp-content\/uploads\/2023\/09\/Eric-Paul-Mumford_HUF-Advisor_bw-125x125.jpg  125w\"\n\t\t\t\t\t\t\t\t\tsizes=\"auto, (max-width: 160px) 100vw, 160px\"\/>\t\t\n\t\t\t\t\t\t\t<\/a>\n\t\t\t\t\t\t    <h2>Eric Paul Mumford<\/h2>\n\t\t\t\t\t\t\t\t\t\t\t\t\t\t<h3>Sp\u00e9cialiste-conseil<\/h3>\n\t\t\t\t\t\t\t\t\t\t\t\t\t\t\t\t\t\t\t\t\t\t\t\t\t\t\t\tAvenir urbain de l&rsquo;humanit\u00e9\n\t\t\t\t\t\t\t\tUniversit\u00e9 de Washington \u00e0 St. Louis\t\t\t\t\t\t\t\n\t\t\t\t\t\t\t\t\u00c9tats Unis\t\t\t\t\t\t\t\n\t\t\t\t\t\t\t<a href=\"https:\/\/cifar.ca\/fr\/biographie\/shalini-randeria\/\" aria-label=\"Shalini Randeria. Voir le profil\">\n\t\t\t\t\t\t\t\t<img loading=\"lazy\" decoding=\"async\" width=\"160\" height=\"160\" src=\"https:\/\/cifar.ca\/wp-content\/uploads\/2023\/03\/Shalini-Randeria_bw-190x190.jpg\"\n\t\t\t\t\t\t\t\t\talt=\"Shalini Randeria\" itemprop=\"image\"\n\t\t\t\t\t\t\t\t\tsrcset=\"https:\/\/cifar.ca\/wp-content\/uploads\/2023\/03\/Shalini-Randeria_bw-190x190.jpg 160w, https:\/\/cifar.ca\/wp-content\/uploads\/2023\/03\/Shalini-Randeria_bw-125x125.jpg  125w\"\n\t\t\t\t\t\t\t\t\tsizes=\"auto, (max-width: 160px) 100vw, 160px\"\/>\t\t\n\t\t\t\t\t\t\t<\/a>\n\t\t\t\t\t\t    <h2>Shalini Randeria<\/h2>\n\t\t\t\t\t\t\t\t\t\t\t\t\t\t<h3>Sp\u00e9cialiste-conseil<\/h3>\n\t\t\t\t\t\t\t\t\t\t\t\t\t\t\t\t\t\t\t\t\t\t\t\t\t\t\t\tAvenir urbain de l&rsquo;humanit\u00e9\n\t\t\t\t\t\t\t\tUniversit\u00e9 d&rsquo;Europe centrale\t\t\t\t\t\t\t\n\t\t\t\t\t\t\t\tL&rsquo;Autriche\t\t\t\t\t\t\t\n\t\t\t\t\t\t\t<a href=\"https:\/\/cifar.ca\/fr\/biographie\/jennifer-robinson\/\" aria-label=\"Jennifer Robinson. Voir le profil\">\n\t\t\t\t\t\t\t\t<img loading=\"lazy\" decoding=\"async\" width=\"160\" height=\"160\" src=\"https:\/\/cifar.ca\/wp-content\/uploads\/2023\/08\/Jenny-Robinson_HUF-Advisor_bw-190x190.jpg\"\n\t\t\t\t\t\t\t\t\talt=\"Jennifer Robinson\" itemprop=\"image\"\n\t\t\t\t\t\t\t\t\tsrcset=\"https:\/\/cifar.ca\/wp-content\/uploads\/2023\/08\/Jenny-Robinson_HUF-Advisor_bw-190x190.jpg 160w, https:\/\/cifar.ca\/wp-content\/uploads\/2023\/08\/Jenny-Robinson_HUF-Advisor_bw-125x125.jpg  125w\"\n\t\t\t\t\t\t\t\t\tsizes=\"auto, (max-width: 160px) 100vw, 160px\"\/>\t\t\n\t\t\t\t\t\t\t<\/a>\n\t\t\t\t\t\t    <h2>Jennifer Robinson<\/h2>\n\t\t\t\t\t\t\t\t\t\t\t\t\t\t<h3>Sp\u00e9cialiste-conseil<\/h3>\n\t\t\t\t\t\t\t\t\t\t\t\t\t\t\t\t\t\t\t\t\t\t\t\t\t\t\t\tAvenir urbain de l&rsquo;humanit\u00e9\n\t\t\t\t\t\t\t\tUniversity College de Londres\t\t\t\t\t\t\t\n\t\t\t\t\t\t\t\tRoyaume-Uni\t\t\t\t\t\t\t\n\t\t\t\t\t\t\t<a href=\"https:\/\/cifar.ca\/fr\/biographie\/thomas-j-sugrue\/\" aria-label=\"Thomas J. Sugrue. Voir le profil\">\n\t\t\t\t\t\t\t\t<img loading=\"lazy\" decoding=\"async\" width=\"160\" height=\"160\" src=\"https:\/\/cifar.ca\/wp-content\/uploads\/2023\/08\/Thomas-Sugrue_HUF-Advisor-bw-190x190.jpg\"\n\t\t\t\t\t\t\t\t\talt=\"Thomas J. Sugrue\" itemprop=\"image\"\n\t\t\t\t\t\t\t\t\tsrcset=\"https:\/\/cifar.ca\/wp-content\/uploads\/2023\/08\/Thomas-Sugrue_HUF-Advisor-bw-190x190.jpg 160w, https:\/\/cifar.ca\/wp-content\/uploads\/2023\/08\/Thomas-Sugrue_HUF-Advisor-bw-125x125.jpg  125w\"\n\t\t\t\t\t\t\t\t\tsizes=\"auto, (max-width: 160px) 100vw, 160px\"\/>\t\t\n\t\t\t\t\t\t\t<\/a>\n\t\t\t\t\t\t    <h2>Thomas J. Sugrue<\/h2>\n\t\t\t\t\t\t\t\t\t\t\t\t\t\t<h3>Responsable de comit\u00e9 consultatif<\/h3>\n\t\t\t\t\t\t\t\t\t\t\t\t\t\t\t\t\t\t\t\t\t\t\t\t\t\t\t\tAvenir urbain de l&rsquo;humanit\u00e9\n\t\t\t\t\t\t\t\tUniversit\u00e9 de New York\t\t\t\t\t\t\t\n\t\t\t\t\t\t\t\t\u00c9tats Unis\t\t\t\t\t\t\t\n<h4>\n\t\t\tMembres du programme de chercheurs mondiaux CIFAR\t<\/h4>\n\t\t\t\t\t\t\t<a href=\"https:\/\/cifar.ca\/fr\/biographie\/daniel-e-agbiboa\/\" aria-label=\"Daniel E. Agbiboa. Voir le profil\">\n\t\t\t\t\t\t\t\t<img loading=\"lazy\" decoding=\"async\" width=\"160\" height=\"160\" src=\"https:\/\/cifar.ca\/wp-content\/uploads\/2024\/05\/Daniel-Agbiboa-190x190.jpg\"\n\t\t\t\t\t\t\t\t\talt=\"Daniel E. Agbiboa\" itemprop=\"image\"\n\t\t\t\t\t\t\t\t\tsrcset=\"https:\/\/cifar.ca\/wp-content\/uploads\/2024\/05\/Daniel-Agbiboa-190x190.jpg 160w, https:\/\/cifar.ca\/wp-content\/uploads\/2024\/05\/Daniel-Agbiboa-125x125.jpg  125w\"\n\t\t\t\t\t\t\t\t\tsizes=\"auto, (max-width: 160px) 100vw, 160px\"\/>\t\t\n\t\t\t\t\t\t\t<\/a>\n\t\t\t\t\t\t    <h2>Daniel E. Agbiboa<\/h2>\n\t\t\t\t\t\t\t\t\t\t\t\t\t\t<h3>Membre du programme des chercheurs mondiaux CIFAR-Azrieli 2024-2026<\/h3>\n\t\t\t\t\t\t\t\t\t\t\t\t\t\t\t\t\t\t\t\t\t\t\t\t\t\t\t\tAvenir urbain de l&rsquo;humanit\u00e9\n\t\t\t\t\t\t\t\tUniversit\u00e9 Harvard\t\t\t\t\t\t\t\n\t\t\t\t\t\t\t\t\u00c9tats Unis\t\t\t\t\t\t\t\n\t\t\t\t\t\t\t<a href=\"https:\/\/cifar.ca\/fr\/biographie\/benjamin-h-bradlow\/\" aria-label=\"Benjamin H. Bradlow. Voir le profil\">\n\t\t\t\t\t\t\t\t<img loading=\"lazy\" decoding=\"async\" width=\"160\" height=\"160\" src=\"https:\/\/cifar.ca\/wp-content\/uploads\/2024\/05\/Benjamin-Bradlow_HUF-GS_Aug-2025-190x190.png\"\n\t\t\t\t\t\t\t\t\talt=\"Benjamin H. Bradlow\" itemprop=\"image\"\n\t\t\t\t\t\t\t\t\tsrcset=\"https:\/\/cifar.ca\/wp-content\/uploads\/2024\/05\/Benjamin-Bradlow_HUF-GS_Aug-2025-190x190.png 160w, https:\/\/cifar.ca\/wp-content\/uploads\/2024\/05\/Benjamin-Bradlow_HUF-GS_Aug-2025-125x125.png  125w\"\n\t\t\t\t\t\t\t\t\tsizes=\"auto, (max-width: 160px) 100vw, 160px\"\/>\t\t\n\t\t\t\t\t\t\t<\/a>\n\t\t\t\t\t\t    <h2>Benjamin H. Bradlow<\/h2>\n\t\t\t\t\t\t\t\t\t\t\t\t\t\t<h3>Membre du programme des chercheurs mondiaux CIFAR-Azrieli 2024-2026<\/h3>\n\t\t\t\t\t\t\t\t\t\t\t\t\t\t\t\t\t\t\t\t\t\t\t\t\t\t\t\tAvenir urbain de l&rsquo;humanit\u00e9\n\t\t\t\t\t\t\t\tUniversit\u00e9 de Princeton\t\t\t\t\t\t\t\n\t\t\t\t\t\t\t\t\u00c9tats Unis\t\t\t\t\t\t\t\n            <h2>Nouvelles<\/h2>\n                            <!-- ARIA LABEL added -->\n                            <a tabindex=\"-1\"  href=\"https:\/\/cifar.ca\/fr\/cifarnews\/2026\/04\/16\/lexposition-the-house-that-pigs-built-des-membres-du-cifar-revelent-comment-les-materiaux-dorigine-porcine-influencent-notre-quotidien\/\" aria-label=\"cliquez pour ouvrir. L'exposition \u00ab\u2009the House that Pigs built\u2009\u00bb : des membres du CIFAR r\u00e9v\u00e8lent comment les mat\u00e9riaux d'origine porcine influencent notre quotidien\">\n                                                                                                                                                            <img width=\"400\" height=\"250\" data-src=\"https:\/\/cifar.ca\/wp-content\/uploads\/2026\/04\/FFP_Banner_Socialpost_StoryBanner-400x250.png\" alt=\"\" data-original=\"https:\/\/cifar.ca\/wp-content\/uploads\/2026\/04\/FFP_Banner_Socialpost_StoryBanner.png\" decoding=\"async\" loading=\"lazy\" data-srcset=\"https:\/\/cifar.ca\/wp-content\/uploads\/2026\/04\/FFP_Banner_Socialpost_StoryBanner-400x250.png 400w, https:\/\/cifar.ca\/wp-content\/uploads\/2026\/04\/FFP_Banner_Socialpost_StoryBanner-295x185.png 295w\" data-sizes=\"auto, (max-width: 400px) 100vw, 400px\" \/>                                                                                                             <\/a> \n                                                            <p>Nouvelles<\/p>\n                                                            <!-- ARIA LABEL added -->\n                                <h3><a  href=\"https:\/\/cifar.ca\/fr\/cifarnews\/2026\/04\/16\/lexposition-the-house-that-pigs-built-des-membres-du-cifar-revelent-comment-les-materiaux-dorigine-porcine-influencent-notre-quotidien\/\" aria-label=\"Lire la suite. L'exposition \u00ab\u2009the House that Pigs built\u2009\u00bb : des membres du CIFAR r\u00e9v\u00e8lent comment les mat\u00e9riaux d'origine porcine influencent notre quotidien\">L&rsquo;exposition \u00ab\u2009the House that Pigs built\u2009\u00bb : des membres du CIFAR r\u00e9v\u00e8lent comment les mat\u00e9riaux d&rsquo;origine porcine influencent notre quotidien<\/a><\/h3>\n                                                            Une nouvelle exposition organis&eacute;e par les membres du programme Avenir et &eacute;panouissement explore l\n                                                        <small>16 avril 2026<\/small>\n                            <!-- ARIA LABEL added -->\n                            <!-- ARIA LABEL added -->\n                            <a tabindex=\"-1\"  href=\"https:\/\/cifar.ca\/fr\/cifarnews\/2026\/03\/28\/ia-et-neurologie-les-nouveaux-horizons-de-la-recherche\/\" aria-label=\"cliquez pour ouvrir. IA et neurologie : les nouveaux horizons de la recherche\">\n                                                                                                                                                            <img width=\"400\" height=\"250\" data-src=\"https:\/\/cifar.ca\/wp-content\/uploads\/2026\/03\/article-1920x1080-1-400x250.jpg\" alt=\"Tal Arbel - woman&#039;s face\" data-original=\"https:\/\/cifar.ca\/wp-content\/uploads\/2026\/03\/article-1920x1080-1.jpg\" decoding=\"async\" loading=\"lazy\" data-srcset=\"https:\/\/cifar.ca\/wp-content\/uploads\/2026\/03\/article-1920x1080-1-400x250.jpg 400w, https:\/\/cifar.ca\/wp-content\/uploads\/2026\/03\/article-1920x1080-1-295x185.jpg 295w\" data-sizes=\"auto, (max-width: 400px) 100vw, 400px\" \/>                                                                                                             <\/a> \n                                                            <p>Chaire en IA Canada-CIFAR<\/p>\n                                                            <!-- ARIA LABEL added -->\n                                <h3><a  href=\"https:\/\/cifar.ca\/fr\/cifarnews\/2026\/03\/28\/ia-et-neurologie-les-nouveaux-horizons-de-la-recherche\/\" aria-label=\"Lire la suite. IA et neurologie : les nouveaux horizons de la recherche\">IA et neurologie : les nouveaux horizons de la recherche<\/a><\/h3>\n                                                            Utiliser l&#039;IA pour pr&eacute;dire et traiter des probl&egrave;mes de sant&eacute;\n                                                        <small>28 mars 2026<\/small>\n                            <!-- ARIA LABEL added -->\n                            <!-- ARIA LABEL added -->\n                            <a tabindex=\"-1\"  href=\"https:\/\/cifar.ca\/fr\/cifarnews\/2026\/03\/28\/le-cifar-octroie-plus-dun-million-de-dollars-pour-soutenir-la-recherche-sur-les-defis-sociotechniques-de-lia\/\" aria-label=\"cliquez pour ouvrir. Le CIFAR octroie plus d'un million de dollars pour soutenir la recherche sur les d\u00e9fis sociotechniques de l'IA\">\n                                                                                                                                                            <img width=\"400\" height=\"250\" data-src=\"https:\/\/cifar.ca\/wp-content\/uploads\/2026\/03\/CAISI-AICan-1200x675-no-text-400x250.jpg\" alt=\"\" data-original=\"https:\/\/cifar.ca\/wp-content\/uploads\/2026\/03\/CAISI-AICan-1200x675-no-text.jpg\" decoding=\"async\" loading=\"lazy\" data-srcset=\"https:\/\/cifar.ca\/wp-content\/uploads\/2026\/03\/CAISI-AICan-1200x675-no-text-400x250.jpg 400w, https:\/\/cifar.ca\/wp-content\/uploads\/2026\/03\/CAISI-AICan-1200x675-no-text-295x185.jpg 295w\" data-sizes=\"auto, (max-width: 400px) 100vw, 400px\" \/>                                                                                                             <\/a> \n                                                            <p>Annonce<\/p>\n                                                            <!-- ARIA LABEL added -->\n                                <h3><a  href=\"https:\/\/cifar.ca\/fr\/cifarnews\/2026\/03\/28\/le-cifar-octroie-plus-dun-million-de-dollars-pour-soutenir-la-recherche-sur-les-defis-sociotechniques-de-lia\/\" aria-label=\"Lire la suite. Le CIFAR octroie plus d'un million de dollars pour soutenir la recherche sur les d\u00e9fis sociotechniques de l'IA\">Le CIFAR octroie plus d&rsquo;un million de dollars pour soutenir la recherche sur les d\u00e9fis sociotechniques de l&rsquo;IA<\/a><\/h3>\n                                                            Les huit projets retenus examineront la s&eacute;curit&eacute; de l&rsquo;IA sous l&rsquo;angle des sciences humaines et\n                                                        <small>28 mars 2026<\/small>\n                            <!-- ARIA LABEL added -->\n                            <!-- ARIA LABEL added -->\n                            <a tabindex=\"-1\"  href=\"https:\/\/cifar.ca\/fr\/cifarnews\/2026\/03\/24\/promouvoir-la-sante-tout-au-long-de-la-vie-le-partenariat-entre-le-cifar-et-manuvie-propulse-la-recherche-de-pointe\/\" aria-label=\"cliquez pour ouvrir. Promouvoir la sant\u00e9 tout au long de la vie : le partenariat entre le CIFAR et Manuvie propulse la recherche de pointe\">\n                                                                                                                                                            <img width=\"400\" height=\"250\" data-src=\"https:\/\/cifar.ca\/wp-content\/uploads\/2026\/03\/Story-Banner-400x250.png\" alt=\"Close-up of a person holding a clear capsule with colorful microbes inside. The person wears a mask, conveying a scientific or medical tone.\" data-original=\"https:\/\/cifar.ca\/wp-content\/uploads\/2026\/03\/Story-Banner.png\" decoding=\"async\" loading=\"lazy\" data-srcset=\"https:\/\/cifar.ca\/wp-content\/uploads\/2026\/03\/Story-Banner-400x250.png 400w, https:\/\/cifar.ca\/wp-content\/uploads\/2026\/03\/Story-Banner-295x185.png 295w\" data-sizes=\"auto, (max-width: 400px) 100vw, 400px\" \/>                                                                                                             <\/a> \n                                                            <p>Nouvelles<\/p>\n                                                            <!-- ARIA LABEL added -->\n                                <h3><a  href=\"https:\/\/cifar.ca\/fr\/cifarnews\/2026\/03\/24\/promouvoir-la-sante-tout-au-long-de-la-vie-le-partenariat-entre-le-cifar-et-manuvie-propulse-la-recherche-de-pointe\/\" aria-label=\"Lire la suite. Promouvoir la sant\u00e9 tout au long de la vie : le partenariat entre le CIFAR et Manuvie propulse la recherche de pointe\">Promouvoir la sant\u00e9 tout au long de la vie : le partenariat entre le CIFAR et Manuvie propulse la recherche de pointe<\/a><\/h3>\n                                                            Les recherches men&eacute;es dans le cadre de ce partenariat permettent d&rsquo;&eacute;lucider comment l&rsquo;environn\n                                                        <small>24 mars 2026<\/small>\n                            <!-- ARIA LABEL added -->\n                            <!-- ARIA LABEL added -->\n                            <a tabindex=\"-1\"  href=\"https:\/\/cifar.ca\/fr\/cifarnews\/2026\/03\/19\/gilles-brassard-et-charles-h-bennett-du-cifar-recoivent-le-prix-a-m-turing-2026-de-lacm-pour-leurs-travaux-revolutionnaires-qui-ont-etabli-le-domaine-de-linformatique-quantique\/\" aria-label=\"cliquez pour ouvrir. Gilles Brassard et Charles H. Bennett du CIFAR re\u00e7oivent le prix A.M. Turing 2025 de l'ACM pour leurs travaux r\u00e9volutionnaires qui ont \u00e9tabli le domaine de l'informatique quantique\">\n                                                                                                                                                            <img width=\"400\" height=\"250\" data-src=\"https:\/\/cifar.ca\/wp-content\/uploads\/2026\/03\/TurningAward_StoryBanner_2026-12-Richard-Sutton-FN-400x250.png\" alt=\"\" data-original=\"https:\/\/cifar.ca\/wp-content\/uploads\/2026\/03\/TurningAward_StoryBanner_2026-12-Richard-Sutton-FN.png\" decoding=\"async\" loading=\"lazy\" data-srcset=\"https:\/\/cifar.ca\/wp-content\/uploads\/2026\/03\/TurningAward_StoryBanner_2026-12-Richard-Sutton-FN-400x250.png 400w, https:\/\/cifar.ca\/wp-content\/uploads\/2026\/03\/TurningAward_StoryBanner_2026-12-Richard-Sutton-FN-295x185.png 295w\" data-sizes=\"auto, (max-width: 400px) 100vw, 400px\" \/>                                                                                                             <\/a> \n                                                            <p>Non classifi\u00e9(e)<\/p>\n                                                            <!-- ARIA LABEL added -->\n                                <h3><a  href=\"https:\/\/cifar.ca\/fr\/cifarnews\/2026\/03\/19\/gilles-brassard-et-charles-h-bennett-du-cifar-recoivent-le-prix-a-m-turing-2026-de-lacm-pour-leurs-travaux-revolutionnaires-qui-ont-etabli-le-domaine-de-linformatique-quantique\/\" aria-label=\"Lire la suite. Gilles Brassard et Charles H. Bennett du CIFAR re\u00e7oivent le prix A.M. Turing 2025 de l'ACM pour leurs travaux r\u00e9volutionnaires qui ont \u00e9tabli le domaine de l'informatique quantique\">Gilles Brassard et Charles H. Bennett du CIFAR re\u00e7oivent le prix A.M. Turing 2025 de l&rsquo;ACM pour leurs travaux r\u00e9volutionnaires qui ont \u00e9tabli le domaine de l&rsquo;informatique quantique<\/a><\/h3>\n                                                            Brassard et Bennett sont honor&eacute;s pour leur r&ocirc;le dans l&rsquo;&eacute;tablissement des bases du chiffrement e\n                                                        <small>19 mars 2026<\/small>\n                            <!-- ARIA LABEL added -->\n                            <!-- ARIA LABEL added -->\n                            <a tabindex=\"-1\"  href=\"https:\/\/cifar.ca\/fr\/cifarnews\/2026\/03\/05\/confidentiel-par-defaut\/\" aria-label=\"cliquez pour ouvrir. Confidentiel par d\u00e9faut\">\n                                                                                                                                                            <img width=\"400\" height=\"250\" data-src=\"https:\/\/cifar.ca\/wp-content\/uploads\/2026\/03\/article-1920x1080-eng-2-400x250.jpg\" alt=\"Mi Jung Park\" data-original=\"https:\/\/cifar.ca\/wp-content\/uploads\/2026\/03\/article-1920x1080-eng-2.jpg\" decoding=\"async\" loading=\"lazy\" data-srcset=\"https:\/\/cifar.ca\/wp-content\/uploads\/2026\/03\/article-1920x1080-eng-2-400x250.jpg 400w, https:\/\/cifar.ca\/wp-content\/uploads\/2026\/03\/article-1920x1080-eng-2-295x185.jpg 295w\" data-sizes=\"auto, (max-width: 400px) 100vw, 400px\" \/>                                                                                                             <\/a> \n                                                            <p>Chaire en IA Canada-CIFAR<\/p>\n                                                            <!-- ARIA LABEL added -->\n                                <h3><a  href=\"https:\/\/cifar.ca\/fr\/cifarnews\/2026\/03\/05\/confidentiel-par-defaut\/\" aria-label=\"Lire la suite. Confidentiel par d\u00e9faut\">Confidentiel par d\u00e9faut<\/a><\/h3>\n                                                            Comment Mi Jung Park r&eacute;volutionne la protection des renseignements m&eacute;dicaux\n                                                        <small>05 mars 2026<\/small>\n                            <!-- ARIA LABEL added -->\n                            <!-- ARIA LABEL added -->\n                            <a tabindex=\"-1\"  href=\"https:\/\/cifar.ca\/fr\/cifarnews\/2026\/03\/04\/le-cifar-annonce-les-resultats-de-lexamen-de-ses-programmes-de-recherche-pour-2025-2026\/\" aria-label=\"cliquez pour ouvrir. Le CIFAR annonce les r\u00e9sultats de l'examen de ses programmes de recherche pour 2025-2026\">\n                                                                                                                                                            <img width=\"400\" height=\"250\" data-src=\"https:\/\/cifar.ca\/wp-content\/uploads\/2026\/03\/6-Programs-Hompage-Banner-400x250.png\" alt=\"\" data-original=\"https:\/\/cifar.ca\/wp-content\/uploads\/2026\/03\/6-Programs-Hompage-Banner.png\" decoding=\"async\" loading=\"lazy\" data-srcset=\"https:\/\/cifar.ca\/wp-content\/uploads\/2026\/03\/6-Programs-Hompage-Banner-400x250.png 400w, https:\/\/cifar.ca\/wp-content\/uploads\/2026\/03\/6-Programs-Hompage-Banner-295x185.png 295w\" data-sizes=\"auto, (max-width: 400px) 100vw, 400px\" \/>                                                                                                             <\/a> \n                                                            <p>Annonce<\/p>\n                                                            <!-- ARIA LABEL added -->\n                                <h3><a  href=\"https:\/\/cifar.ca\/fr\/cifarnews\/2026\/03\/04\/le-cifar-annonce-les-resultats-de-lexamen-de-ses-programmes-de-recherche-pour-2025-2026\/\" aria-label=\"Lire la suite. Le CIFAR annonce les r\u00e9sultats de l'examen de ses programmes de recherche pour 2025-2026\">Le CIFAR annonce les r\u00e9sultats de l&rsquo;examen de ses programmes de recherche pour 2025-2026<\/a><\/h3>\n                                                            Dans le cadre d&rsquo;une orientation plus cibl&eacute;e de son portefeuille de recherche mondial, le CIFAR renouvelle six program&#8230;\n                                                        <small>04 mars 2026<\/small>\n                            <!-- ARIA LABEL added -->\n                            <!-- ARIA LABEL added -->\n                            <a tabindex=\"-1\"  href=\"https:\/\/cifar.ca\/fr\/cifarnews\/2026\/03\/02\/le-cifar-et-mitacs-sassocient-pour-attirer-les-plus-grands-talents-de-la-prochaine-generation-au-canada\/\" aria-label=\"cliquez pour ouvrir. Le CIFAR et Mitacs s'associent pour attirer les plus grands talents de la prochaine g\u00e9n\u00e9ration au Canada\">\n                                                                                                                                                            <img width=\"400\" height=\"250\" data-src=\"https:\/\/cifar.ca\/wp-content\/uploads\/2026\/03\/CIFARMitacs-Story-Banner-1-400x250.png\" alt=\"\" data-original=\"https:\/\/cifar.ca\/wp-content\/uploads\/2026\/03\/CIFARMitacs-Story-Banner-1.png\" decoding=\"async\" loading=\"lazy\" data-srcset=\"https:\/\/cifar.ca\/wp-content\/uploads\/2026\/03\/CIFARMitacs-Story-Banner-1-400x250.png 400w, https:\/\/cifar.ca\/wp-content\/uploads\/2026\/03\/CIFARMitacs-Story-Banner-1-295x185.png 295w\" data-sizes=\"auto, (max-width: 400px) 100vw, 400px\" \/>                                                                                                             <\/a> \n                                                            <p>Annonce<\/p>\n                                                            <!-- ARIA LABEL added -->\n                                <h3><a  href=\"https:\/\/cifar.ca\/fr\/cifarnews\/2026\/03\/02\/le-cifar-et-mitacs-sassocient-pour-attirer-les-plus-grands-talents-de-la-prochaine-generation-au-canada\/\" aria-label=\"Lire la suite. Le CIFAR et Mitacs s'associent pour attirer les plus grands talents de la prochaine g\u00e9n\u00e9ration au Canada\">Le CIFAR et Mitacs s&rsquo;associent pour attirer les plus grands talents de la prochaine g\u00e9n\u00e9ration au Canada<\/a><\/h3>\n                                                            Le nouveau volet Subventions d&rsquo;excellence internationale Mitacs-CIFAR financera des stages postdoc\n                                                        <small>02 mars 2026<\/small>\n                            <!-- ARIA LABEL added -->\n                            <!-- ARIA LABEL added -->\n                            <a tabindex=\"-1\"  href=\"https:\/\/cifar.ca\/fr\/cifarnews\/2026\/02\/19\/le-cifar-sengage-a-verser-1-m-a-une-initiative-mondiale-en-securite-de-lia\/\" aria-label=\"cliquez pour ouvrir. Le CIFAR s'engage \u00e0 verser 1 M$ \u00e0 une initiative mondiale en s\u00e9curit\u00e9 de l'IA\">\n                                                                                                                                                            <img width=\"400\" height=\"250\" data-src=\"https:\/\/cifar.ca\/wp-content\/uploads\/2026\/02\/article-1920x1080-fr-1-400x250.jpg\" alt=\"Le CIFAR s'engage \u00e0 verser 1 M$ \u00e0 une initiative mondiale en s\u00e9curit\u00e9 de l'IA\" data-original=\"https:\/\/cifar.ca\/wp-content\/uploads\/2026\/02\/article-1920x1080-fr-1.jpg\" decoding=\"async\" loading=\"lazy\" data-srcset=\"https:\/\/cifar.ca\/wp-content\/uploads\/2026\/02\/article-1920x1080-fr-1-400x250.jpg 400w, https:\/\/cifar.ca\/wp-content\/uploads\/2026\/02\/article-1920x1080-fr-1-295x185.jpg 295w\" data-sizes=\"auto, (max-width: 400px) 100vw, 400px\" \/>                                                                                                             <\/a> \n                                                            <p>Annonce<\/p>\n                                                            <!-- ARIA LABEL added -->\n                                <h3><a  href=\"https:\/\/cifar.ca\/fr\/cifarnews\/2026\/02\/19\/le-cifar-sengage-a-verser-1-m-a-une-initiative-mondiale-en-securite-de-lia\/\" aria-label=\"Lire la suite. Le CIFAR s'engage \u00e0 verser 1 M$ \u00e0 une initiative mondiale en s\u00e9curit\u00e9 de l'IA\">Le CIFAR s&rsquo;engage \u00e0 verser 1 M$ \u00e0 une initiative mondiale en s\u00e9curit\u00e9 de l&rsquo;IA<\/a><\/h3>\n                                                            Quatre nouveaux projets de recherche canadiens rejoignent l&rsquo;Alignment Project, une initiative internationale men&eacute;e pa&#8230;\n                                                        <small>19 f\u00e9vrier 2026<\/small>\n                            <!-- ARIA LABEL added -->\n                            <!-- ARIA LABEL added -->\n                            <a tabindex=\"-1\"  href=\"https:\/\/cifar.ca\/fr\/cifarnews\/2026\/02\/17\/le-programme-regne-fongique-du-cifar-suscite-un-nouveau-partenariat-consacre-aux-antifongiques\/\" aria-label=\"cliquez pour ouvrir. Le programme R\u00e8gne fongique du CIFAR suscite un nouveau partenariat consacr\u00e9 aux antifongiques\">\n                                                                                                                                                            <img width=\"400\" height=\"250\" data-src=\"https:\/\/cifar.ca\/wp-content\/uploads\/2026\/02\/FKG_LeahCowen_StoryBannerFKG_LeahCowe-version2-400x250.png\" alt=\"\" data-original=\"https:\/\/cifar.ca\/wp-content\/uploads\/2026\/02\/FKG_LeahCowen_StoryBannerFKG_LeahCowe-version2.png\" decoding=\"async\" loading=\"lazy\" data-srcset=\"https:\/\/cifar.ca\/wp-content\/uploads\/2026\/02\/FKG_LeahCowen_StoryBannerFKG_LeahCowe-version2-400x250.png 400w, https:\/\/cifar.ca\/wp-content\/uploads\/2026\/02\/FKG_LeahCowen_StoryBannerFKG_LeahCowe-version2-295x185.png 295w\" data-sizes=\"auto, (max-width: 400px) 100vw, 400px\" \/>                                                                                                             <\/a> \n                                                            <p>Nouvelles<\/p>\n                                                            <!-- ARIA LABEL added -->\n                                <h3><a  href=\"https:\/\/cifar.ca\/fr\/cifarnews\/2026\/02\/17\/le-programme-regne-fongique-du-cifar-suscite-un-nouveau-partenariat-consacre-aux-antifongiques\/\" aria-label=\"Lire la suite. Le programme R\u00e8gne fongique du CIFAR suscite un nouveau partenariat consacr\u00e9 aux antifongiques\">Le programme R\u00e8gne fongique du CIFAR suscite un nouveau partenariat consacr\u00e9 aux antifongiques<\/a><\/h3>\n                                                            Une nouvelle collaboration pharmaceutique souligne le r&ocirc;le du programme R&egrave;gne fongique : Menaces e\n                                                        <small>17 f\u00e9vrier 2026<\/small>\n                            <!-- ARIA LABEL added -->\n                <button data-target=\"#fcsSlider-bb11f703aba67d253dabb09ed4af44b0\" title=\"Scroll Left\">\n                    Previous\n                <\/button><button  data-target=\"#fcsSlider-bb11f703aba67d253dabb09ed4af44b0\"\n                title=\"Scroll Right\"\n                 data-page='1' [fcs-load-more] data-thumb_size='box_400' data-q=\"waDJgYuv2ZS2hZNfxqjZn8DG8qqv5reGZ1Topc2wk6a+Z01ruqzY3cDP2JHJTbi4ccritdyen5hw3Kqhp6zHyKvwuJCFsdqUtnaYbXhliHqznMWSibKQw393yYWwl36Sq5dqa4RfwZjHzbtQhleg0bDS0rPd4bTlcKa2UKWe1Lm658iORoSXwc525Gl4qNiPxsWgg121ibdwVKRS2raOmMinmmuEX9XY1M++hcWf4397fOOx2\/Chy7zbr42cp4qSoduFQpGr3uDbxdyiyLLFkcrF8b2a4aXLkpHhlN5mZI6MelZ7fmmbnpGTk02aYK6VhIapd5iweZiEoWteZGWejH+zjUxafq6kroCdcY9rnleXh7KCa516mGJqsI3o\" data-l=\"fr\">\n                    Next\n                <\/button>\n\t<ul>\n\t\t<li>\n\t\t\t<button>\n\t\t\t\tImprimer\n\t\t\t<\/button>\n\t\t<\/li>\n\t\t<li>\n\t\t\t<button>\n\t\t\t\tCopier le lien\n\t\t\t<\/button>\n\t\t\t<label for=\"singleShareHiddenInput\">single share hidden input<\/label>\n\t\t\t<input id=\"singleShareHiddenInput\" tabindex=\"-1\" type=\"text\"\/>\n\t\t<\/li>\n\t\t\t\t<li>\n\t\t\t<button aria-controls=\"singleSharePlatforms-b07a4d1117c9ccb16b83985d941f8b80\">\n\t\t\t\tPartager\n\t\t\t<\/button>\n\t\t<\/li>\n\t\t\t<\/ul>\n<h2>\n\t\t\tSoutenez-nous\t<\/h2>\n\t<p>L&rsquo;Institut canadien de recherches avanc\u00e9es (CIFAR) est une organisation de recherche d&rsquo;influence mondiale fi\u00e8rement bas\u00e9e au Canada. Nous mobilisons les plus brillants personnes du monde, dans toutes les disciplines et \u00e0 tous les stades de carri\u00e8re, pour faire progresser les connaissances transformatrices et r\u00e9soudre ensemble les plus grands probl\u00e8mes de l&rsquo;humanit\u00e9. Nous recevons l&rsquo;appui des gouvernements du Canada, de l&rsquo;Alberta et du Qu\u00e9bec, ainsi que de fondations, de particuliers, d&rsquo;entreprises et d&rsquo;organisations partenaires du Canada et du monde entier.<\/p>\n   <!-- Mandeep add class on anchor -->\n\t<a href=\"\/fr\/dons\/\" target=\"_self\">\n\t\t\t\t\tDons\t\t\t\t\t\t\t\n\t\t\t\t\t\t<\/a>\n\n","protected":false},"excerpt":{"rendered":"<p>Quelles sont les caract\u00e9ristiques d\u2019une bonne ville de l\u2019avenir?<\/p>\n","protected":false},"author":65,"featured_media":54985,"parent":39570,"menu_order":0,"comment_status":"open","ping_status":"closed","template":"templates\/template-with-sidebar.php","meta":{"_acf_changed":false,"footnotes":""},"class_list":["post-54987","page","type-page","status-publish","has-post-thumbnail","hentry"],"acf":[],"yoast_head":"<!-- This site is optimized with the Yoast SEO plugin v27.2 - https:\/\/yoast.com\/product\/yoast-seo-wordpress\/ -->\n<title>CIFAR<\/title>\n<meta name=\"description\" content=\"Quelles sont les caract\u00e9ristiques d\u2019une bonne ville de l\u2019avenir?\" \/>\n<meta name=\"robots\" content=\"index, follow, max-snippet:-1, max-image-preview:large, max-video-preview:-1\" \/>\n<link rel=\"canonical\" href=\"https:\/\/cifar.ca\/fr\/programmes-de-recherche\/avenir-urbain-de-lhumanite\/\" \/>\n<meta property=\"og:locale\" content=\"fr_FR\" \/>\n<meta property=\"og:type\" content=\"article\" \/>\n<meta property=\"og:title\" content=\"Avenir urbain de l\u2019humanit\u00e9 - CIFAR\" \/>\n<meta property=\"og:description\" content=\"Quelles sont les caract\u00e9ristiques d\u2019une bonne ville de l\u2019avenir?\" \/>\n<meta property=\"og:url\" content=\"https:\/\/cifar.ca\/fr\/programmes-de-recherche\/avenir-urbain-de-lhumanite\/\" \/>\n<meta property=\"og:site_name\" content=\"CIFAR\" \/>\n<meta property=\"article:modified_time\" content=\"2026-04-28T16:16:58+00:00\" \/>\n<meta property=\"og:image\" content=\"https:\/\/cifar.ca\/wp-content\/uploads\/2023\/03\/Urban-Future_textured-webbanner.jpg\" \/>\n\t<meta property=\"og:image:width\" content=\"2000\" \/>\n\t<meta property=\"og:image:height\" content=\"446\" \/>\n\t<meta property=\"og:image:type\" content=\"image\/jpeg\" \/>\n<meta name=\"twitter:card\" content=\"summary_large_image\" \/>\n<meta name=\"twitter:label1\" content=\"Dur\u00e9e de lecture estim\u00e9e\" \/>\n\t<meta name=\"twitter:data1\" content=\"12 minutes\" \/>\n<script type=\"application\/ld+json\" class=\"yoast-schema-graph\">{\"@context\":\"https:\/\/schema.org\",\"@graph\":[{\"@type\":\"WebPage\",\"@id\":\"https:\/\/cifar.ca\/fr\/programmes-de-recherche\/avenir-urbain-de-lhumanite\/\",\"url\":\"https:\/\/cifar.ca\/fr\/programmes-de-recherche\/avenir-urbain-de-lhumanite\/\",\"name\":\"Avenir urbain de l\u2019humanit\u00e9 - CIFAR\",\"isPartOf\":{\"@id\":\"https:\/\/cifar.ca\/fr\/#website\"},\"primaryImageOfPage\":{\"@id\":\"https:\/\/cifar.ca\/fr\/programmes-de-recherche\/avenir-urbain-de-lhumanite\/#primaryimage\"},\"image\":{\"@id\":\"https:\/\/cifar.ca\/fr\/programmes-de-recherche\/avenir-urbain-de-lhumanite\/#primaryimage\"},\"thumbnailUrl\":\"https:\/\/cifar.ca\/wp-content\/uploads\/2023\/03\/Urban-Future_textured-webbanner.jpg\",\"datePublished\":\"2023-04-03T09:15:36+00:00\",\"dateModified\":\"2026-04-28T16:16:58+00:00\",\"description\":\"Quelles sont les caract\u00e9ristiques d\u2019une bonne ville de l\u2019avenir?\",\"breadcrumb\":{\"@id\":\"https:\/\/cifar.ca\/fr\/programmes-de-recherche\/avenir-urbain-de-lhumanite\/#breadcrumb\"},\"inLanguage\":\"fr-FR\",\"potentialAction\":[{\"@type\":\"ReadAction\",\"target\":[\"https:\/\/cifar.ca\/fr\/programmes-de-recherche\/avenir-urbain-de-lhumanite\/\"]}]},{\"@type\":\"ImageObject\",\"inLanguage\":\"fr-FR\",\"@id\":\"https:\/\/cifar.ca\/fr\/programmes-de-recherche\/avenir-urbain-de-lhumanite\/#primaryimage\",\"url\":\"https:\/\/cifar.ca\/wp-content\/uploads\/2023\/03\/Urban-Future_textured-webbanner.jpg\",\"contentUrl\":\"https:\/\/cifar.ca\/wp-content\/uploads\/2023\/03\/Urban-Future_textured-webbanner.jpg\",\"width\":2000,\"height\":446},{\"@type\":\"BreadcrumbList\",\"@id\":\"https:\/\/cifar.ca\/fr\/programmes-de-recherche\/avenir-urbain-de-lhumanite\/#breadcrumb\",\"itemListElement\":[{\"@type\":\"ListItem\",\"position\":1,\"name\":\"Acceuil\",\"item\":\"https:\/\/cifar.ca\/fr\/\"},{\"@type\":\"ListItem\",\"position\":2,\"name\":\"Programmes de recherche\",\"item\":\"https:\/\/cifar.ca\/fr\/programmes-de-recherche\/\"},{\"@type\":\"ListItem\",\"position\":3,\"name\":\"Avenir urbain de l\u2019humanit\u00e9\"}]},{\"@type\":\"WebSite\",\"@id\":\"https:\/\/cifar.ca\/fr\/#website\",\"url\":\"https:\/\/cifar.ca\/fr\/\",\"name\":\"CIFAR\",\"description\":\"Convoquer des esprits extraordinaires pour r\u00e9pondre aux questions les plus importantes auxquelles la science et l'humanit\u00e9 sont confront\u00e9es.\",\"publisher\":{\"@id\":\"https:\/\/cifar.ca\/fr\/#organization\"},\"potentialAction\":[{\"@type\":\"SearchAction\",\"target\":{\"@type\":\"EntryPoint\",\"urlTemplate\":\"https:\/\/cifar.ca\/fr\/?s={search_term_string}\"},\"query-input\":{\"@type\":\"PropertyValueSpecification\",\"valueRequired\":true,\"valueName\":\"search_term_string\"}}],\"inLanguage\":\"fr-FR\"},{\"@type\":\"Organization\",\"@id\":\"https:\/\/cifar.ca\/fr\/#organization\",\"name\":\"CIFAR\",\"url\":\"https:\/\/cifar.ca\/fr\/\",\"logo\":{\"@type\":\"ImageObject\",\"inLanguage\":\"fr-FR\",\"@id\":\"https:\/\/cifar.ca\/fr\/#\/schema\/logo\/image\/\",\"url\":\"https:\/\/cifar.ca\/wp-content\/uploads\/2020\/01\/cifar-logo-rgb-colour.png\",\"contentUrl\":\"https:\/\/cifar.ca\/wp-content\/uploads\/2020\/01\/cifar-logo-rgb-colour.png\",\"width\":1884,\"height\":681,\"caption\":\"CIFAR\"},\"image\":{\"@id\":\"https:\/\/cifar.ca\/fr\/#\/schema\/logo\/image\/\"}}]}<\/script>\n<!-- \/ Yoast SEO plugin. -->","yoast_head_json":{"title":"CIFAR","description":"Quelles sont les caract\u00e9ristiques d\u2019une bonne ville de l\u2019avenir?","robots":{"index":"index","follow":"follow","max-snippet":"max-snippet:-1","max-image-preview":"max-image-preview:large","max-video-preview":"max-video-preview:-1"},"canonical":"https:\/\/cifar.ca\/fr\/programmes-de-recherche\/avenir-urbain-de-lhumanite\/","og_locale":"fr_FR","og_type":"article","og_title":"Avenir urbain de l\u2019humanit\u00e9 - CIFAR","og_description":"Quelles sont les caract\u00e9ristiques d\u2019une bonne ville de l\u2019avenir?","og_url":"https:\/\/cifar.ca\/fr\/programmes-de-recherche\/avenir-urbain-de-lhumanite\/","og_site_name":"CIFAR","article_modified_time":"2026-04-28T16:16:58+00:00","og_image":[{"width":2000,"height":446,"url":"https:\/\/cifar.ca\/wp-content\/uploads\/2023\/03\/Urban-Future_textured-webbanner.jpg","type":"image\/jpeg"}],"twitter_card":"summary_large_image","twitter_misc":{"Dur\u00e9e de lecture estim\u00e9e":"12 minutes"},"schema":{"@context":"https:\/\/schema.org","@graph":[{"@type":"WebPage","@id":"https:\/\/cifar.ca\/fr\/programmes-de-recherche\/avenir-urbain-de-lhumanite\/","url":"https:\/\/cifar.ca\/fr\/programmes-de-recherche\/avenir-urbain-de-lhumanite\/","name":"Avenir urbain de l\u2019humanit\u00e9 - CIFAR","isPartOf":{"@id":"https:\/\/cifar.ca\/fr\/#website"},"primaryImageOfPage":{"@id":"https:\/\/cifar.ca\/fr\/programmes-de-recherche\/avenir-urbain-de-lhumanite\/#primaryimage"},"image":{"@id":"https:\/\/cifar.ca\/fr\/programmes-de-recherche\/avenir-urbain-de-lhumanite\/#primaryimage"},"thumbnailUrl":"https:\/\/cifar.ca\/wp-content\/uploads\/2023\/03\/Urban-Future_textured-webbanner.jpg","datePublished":"2023-04-03T09:15:36+00:00","dateModified":"2026-04-28T16:16:58+00:00","description":"Quelles sont les caract\u00e9ristiques d\u2019une bonne ville de l\u2019avenir?","breadcrumb":{"@id":"https:\/\/cifar.ca\/fr\/programmes-de-recherche\/avenir-urbain-de-lhumanite\/#breadcrumb"},"inLanguage":"fr-FR","potentialAction":[{"@type":"ReadAction","target":["https:\/\/cifar.ca\/fr\/programmes-de-recherche\/avenir-urbain-de-lhumanite\/"]}]},{"@type":"ImageObject","inLanguage":"fr-FR","@id":"https:\/\/cifar.ca\/fr\/programmes-de-recherche\/avenir-urbain-de-lhumanite\/#primaryimage","url":"https:\/\/cifar.ca\/wp-content\/uploads\/2023\/03\/Urban-Future_textured-webbanner.jpg","contentUrl":"https:\/\/cifar.ca\/wp-content\/uploads\/2023\/03\/Urban-Future_textured-webbanner.jpg","width":2000,"height":446},{"@type":"BreadcrumbList","@id":"https:\/\/cifar.ca\/fr\/programmes-de-recherche\/avenir-urbain-de-lhumanite\/#breadcrumb","itemListElement":[{"@type":"ListItem","position":1,"name":"Acceuil","item":"https:\/\/cifar.ca\/fr\/"},{"@type":"ListItem","position":2,"name":"Programmes de recherche","item":"https:\/\/cifar.ca\/fr\/programmes-de-recherche\/"},{"@type":"ListItem","position":3,"name":"Avenir urbain de l\u2019humanit\u00e9"}]},{"@type":"WebSite","@id":"https:\/\/cifar.ca\/fr\/#website","url":"https:\/\/cifar.ca\/fr\/","name":"CIFAR","description":"Convoquer des esprits extraordinaires pour r\u00e9pondre aux questions les plus importantes auxquelles la science et l'humanit\u00e9 sont confront\u00e9es.","publisher":{"@id":"https:\/\/cifar.ca\/fr\/#organization"},"potentialAction":[{"@type":"SearchAction","target":{"@type":"EntryPoint","urlTemplate":"https:\/\/cifar.ca\/fr\/?s={search_term_string}"},"query-input":{"@type":"PropertyValueSpecification","valueRequired":true,"valueName":"search_term_string"}}],"inLanguage":"fr-FR"},{"@type":"Organization","@id":"https:\/\/cifar.ca\/fr\/#organization","name":"CIFAR","url":"https:\/\/cifar.ca\/fr\/","logo":{"@type":"ImageObject","inLanguage":"fr-FR","@id":"https:\/\/cifar.ca\/fr\/#\/schema\/logo\/image\/","url":"https:\/\/cifar.ca\/wp-content\/uploads\/2020\/01\/cifar-logo-rgb-colour.png","contentUrl":"https:\/\/cifar.ca\/wp-content\/uploads\/2020\/01\/cifar-logo-rgb-colour.png","width":1884,"height":681,"caption":"CIFAR"},"image":{"@id":"https:\/\/cifar.ca\/fr\/#\/schema\/logo\/image\/"}}]}},"_links":{"self":[{"href":"https:\/\/cifar.ca\/fr\/wp-json\/wp\/v2\/pages\/54987","targetHints":{"allow":["GET"]}}],"collection":[{"href":"https:\/\/cifar.ca\/fr\/wp-json\/wp\/v2\/pages"}],"about":[{"href":"https:\/\/cifar.ca\/fr\/wp-json\/wp\/v2\/types\/page"}],"author":[{"embeddable":true,"href":"https:\/\/cifar.ca\/fr\/wp-json\/wp\/v2\/users\/65"}],"replies":[{"embeddable":true,"href":"https:\/\/cifar.ca\/fr\/wp-json\/wp\/v2\/comments?post=54987"}],"version-history":[{"count":0,"href":"https:\/\/cifar.ca\/fr\/wp-json\/wp\/v2\/pages\/54987\/revisions"}],"up":[{"embeddable":true,"href":"https:\/\/cifar.ca\/fr\/wp-json\/wp\/v2\/pages\/39570"}],"wp:featuredmedia":[{"embeddable":true,"href":"https:\/\/cifar.ca\/fr\/wp-json\/wp\/v2\/media\/54985"}],"wp:attachment":[{"href":"https:\/\/cifar.ca\/fr\/wp-json\/wp\/v2\/media?parent=54987"}],"curies":[{"name":"wp","href":"https:\/\/api.w.org\/{rel}","templated":true}]}}